{"id":52,"date":"2017-05-31T05:00:25","date_gmt":"2017-05-31T05:00:25","guid":{"rendered":"http:\/\/import.themovation.com\/embark\/wine-beer-tours\/?page_id=163"},"modified":"2022-01-05T14:50:03","modified_gmt":"2022-01-05T14:50:03","slug":"blog-azores-wild-adventures","status":"publish","type":"page","link":"https:\/\/picosdeaventura.com\/pt\/blog-azores-wild-adventures\/","title":{"rendered":"Blog &#8211; Azores Wild Adventures"},"content":{"rendered":"\t\t<div data-elementor-type=\"wp-post\" data-elementor-id=\"52\" class=\"elementor elementor-52\">\n\t\t\t\t\t\t<div class=\"elementor-inner\">\n\t\t\t\t<div class=\"elementor-section-wrap\">\n\t\t\t\t\t\t\t\t\t<section class=\"elementor-section elementor-top-section elementor-element elementor-element-axm2p4l elementor-section-height-min-height elementor-section-boxed elementor-section-height-default elementor-section-items-middle\" data-id=\"axm2p4l\" data-element_type=\"section\" data-settings=\"{&quot;background_background&quot;:&quot;classic&quot;}\">\n\t\t\t\t\t\t\t<div class=\"elementor-background-overlay\"><\/div>\n\t\t\t\t\t\t\t<div class=\"elementor-container elementor-column-gap-default\">\n\t\t\t\t\t\t\t<div class=\"elementor-row\">\n\t\t\t\t\t<div class=\"elementor-column elementor-col-100 elementor-top-column elementor-element elementor-element-eg989yn\" data-id=\"eg989yn\" data-element_type=\"column\">\n\t\t\t<div class=\"elementor-column-wrap elementor-element-populated\">\n\t\t\t\t\t\t\t<div class=\"elementor-widget-wrap\">\n\t\t\t\t\t\t<div class=\"elementor-element elementor-element-dy8ht18 elementor-widget elementor-widget-spacer\" data-id=\"dy8ht18\" data-element_type=\"widget\" data-widget_type=\"spacer.default\">\n\t\t\t\t<div class=\"elementor-widget-container\">\n\t\t\t\t\t<div class=\"elementor-spacer\">\n\t\t\t<div class=\"elementor-spacer-inner\"><\/div>\n\t\t<\/div>\n\t\t\t\t<\/div>\n\t\t\t\t<\/div>\n\t\t\t\t<div class=\"elementor-element elementor-element-6e0rano elementor-view-default elementor-position-top elementor-widget elementor-widget-themo-header\" data-id=\"6e0rano\" data-element_type=\"widget\" data-widget_type=\"themo-header.default\">\n\t\t\t\t<div class=\"elementor-widget-container\">\n\t\t\t\t\t<div class=\"th-header-wrap\">\n        <div class=\"elementor-icon-box-wrapper \">\n                            <div class=\"elementor-icon-box-content\">\n                    <h1 class=\"elementor-icon-box-title\">\n                        Azores Wild Adventures                    <\/h1>\n                                        <p class=\"elementor-icon-box-description\"><\/p>\n\n                                    <\/div>\n            <\/div>\n\n        <\/div>\n\n\t\t\t\t<\/div>\n\t\t\t\t<\/div>\n\t\t\t\t\t\t<\/div>\n\t\t\t\t\t<\/div>\n\t\t<\/div>\n\t\t\t\t\t\t\t\t<\/div>\n\t\t\t\t\t<\/div>\n\t\t<\/section>\n\t\t\t\t<section class=\"elementor-section elementor-top-section elementor-element elementor-element-vkt1dv8 elementor-section-boxed elementor-section-height-default elementor-section-height-default\" data-id=\"vkt1dv8\" data-element_type=\"section\">\n\t\t\t\t\t\t<div class=\"elementor-container elementor-column-gap-default\">\n\t\t\t\t\t\t\t<div class=\"elementor-row\">\n\t\t\t\t\t<div class=\"elementor-column elementor-col-100 elementor-top-column elementor-element elementor-element-xo5h9bj\" data-id=\"xo5h9bj\" data-element_type=\"column\">\n\t\t\t<div class=\"elementor-column-wrap elementor-element-populated\">\n\t\t\t\t\t\t\t<div class=\"elementor-widget-wrap\">\n\t\t\t\t\t\t<div class=\"elementor-element elementor-element-h6bnfn5 elementor-widget elementor-widget-spacer\" data-id=\"h6bnfn5\" data-element_type=\"widget\" data-widget_type=\"spacer.default\">\n\t\t\t\t<div class=\"elementor-widget-container\">\n\t\t\t\t\t<div class=\"elementor-spacer\">\n\t\t\t<div class=\"elementor-spacer-inner\"><\/div>\n\t\t<\/div>\n\t\t\t\t<\/div>\n\t\t\t\t<\/div>\n\t\t\t\t<div class=\"elementor-element elementor-element-j81sio5 elementor-widget elementor-widget-themo-blog\" data-id=\"j81sio5\" data-element_type=\"widget\" data-widget_type=\"themo-blog.default\">\n\t\t\t\t<div class=\"elementor-widget-container\">\n\t\t\t\n\t\t\t<section class=\"th-masonry-blog th-blog-3-col\">\n\n                <div class=\"mas-blog row\">\n                    <div class=\"mas-blog-post-sizer col-sm-6 col-md-4\"><\/div>\n\t\t\t\t\t\n\t\t\t\t\t\t\n\t\t\t\t\t\t<div class=\"mas-blog-post col-sm-6 col-md-4 post-7584 post type-post status-publish format-standard has-post-thumbnail sticky hentry category-sem-categoria tag-acores tag-terra tag-tradicoes-acorianas\">\n\t\t\t\t\t\t\t    \t\t<a href=\"https:\/\/picosdeaventura.com\/pt\/2026\/04\/29\/festa-do-senhor-santo-cristo-dos-milagres\/\">\n\t\t\t<img loading=\"lazy\" decoding=\"async\" width=\"394\" height=\"222\" src=\"https:\/\/picosdeaventura.com\/wp-content\/uploads\/2026\/04\/blog-picos-de-aventura-festa-do-senhor-santo-cristo-dos-milagres-394x222.jpg\" class=\"img-responsive wp-post-image\" alt=\"festa do senhor santo cristo dos milagres\" srcset=\"https:\/\/picosdeaventura.com\/wp-content\/uploads\/2026\/04\/blog-picos-de-aventura-festa-do-senhor-santo-cristo-dos-milagres-394x222.jpg 394w, https:\/\/picosdeaventura.com\/wp-content\/uploads\/2026\/04\/blog-picos-de-aventura-festa-do-senhor-santo-cristo-dos-milagres-300x169.jpg 300w, https:\/\/picosdeaventura.com\/wp-content\/uploads\/2026\/04\/blog-picos-de-aventura-festa-do-senhor-santo-cristo-dos-milagres-1024x576.jpg 1024w, https:\/\/picosdeaventura.com\/wp-content\/uploads\/2026\/04\/blog-picos-de-aventura-festa-do-senhor-santo-cristo-dos-milagres-768x432.jpg 768w, https:\/\/picosdeaventura.com\/wp-content\/uploads\/2026\/04\/blog-picos-de-aventura-festa-do-senhor-santo-cristo-dos-milagres-18x10.jpg 18w, https:\/\/picosdeaventura.com\/wp-content\/uploads\/2026\/04\/blog-picos-de-aventura-festa-do-senhor-santo-cristo-dos-milagres-71x40.jpg 71w, https:\/\/picosdeaventura.com\/wp-content\/uploads\/2026\/04\/blog-picos-de-aventura-festa-do-senhor-santo-cristo-dos-milagres-142x80.jpg 142w, https:\/\/picosdeaventura.com\/wp-content\/uploads\/2026\/04\/blog-picos-de-aventura-festa-do-senhor-santo-cristo-dos-milagres-915x515.jpg 915w, https:\/\/picosdeaventura.com\/wp-content\/uploads\/2026\/04\/blog-picos-de-aventura-festa-do-senhor-santo-cristo-dos-milagres.jpg 1200w\" sizes=\"auto, (max-width: 394px) 100vw, 394px\" title=\"\">    \t<\/a>\n    <div class=\"post-inner\">\n\n        <h3 class=\"post-title\"><a href=\"https:\/\/picosdeaventura.com\/pt\/2026\/04\/29\/festa-do-senhor-santo-cristo-dos-milagres\/\">Festa do Senhor Santo Cristo dos Milagres<\/a><\/h3>\n    \t<div class=\"post-meta\">\n\t<span class=\"show-author\">Posted by <a href=\"https:\/\/picosdeaventura.com\/pt\/author\/admin\/\" title=\"Artigos de admin\" rel=\"author\">admin<\/a><\/span> <span class=\"show-comments\"><\/span>\n<\/div>\n\t            \t<div class=\"entry-content post-excerpt\">\n\t\t\t\t\t<p>A Festa do Senhor Santo Cristo dos Milagres \u00e9 a maior manifesta\u00e7\u00e3o religiosa do arquip\u00e9lago dos A\u00e7ores, reunindo f\u00e9, tradi\u00e7\u00e3o e cultura no cora\u00e7\u00e3o da ilha de S\u00e3o Miguel. &hellip; <a href=\"https:\/\/picosdeaventura.com\/pt\/2026\/04\/29\/festa-do-senhor-santo-cristo-dos-milagres\/\">Read More<\/a><\/p>\n                <\/div>\n\t\t\t\t<div class=\"date-meta\">\n    <i class=\"xs-icon fa fa-calendar-o\"><\/i>\n    <time class=\"published\" datetime=\"2026-04-29T09:49:41+00:00\">29 de Abril, 2026<\/time>\n    <span class=\"is-sticky\">Featured Post<\/span>\n<\/div><\/div>\n\t\t\t\t\t\t<\/div>\n\n\t\t\t\t\t\n\t\t\t\t\t\t\n\t\t\t\t\t\t<div class=\"mas-blog-post col-sm-6 col-md-4 post-7550 post type-post status-publish format-standard has-post-thumbnail sticky hentry category-sem-categoria tag-acores tag-natureza tag-terra\">\n\t\t\t\t\t\t\t    \t\t<a href=\"https:\/\/picosdeaventura.com\/pt\/2026\/04\/22\/primavera-sao-miguel-sentir-a-natureza-a-despertar\/\">\n\t\t\t<img loading=\"lazy\" decoding=\"async\" width=\"394\" height=\"222\" src=\"https:\/\/picosdeaventura.com\/wp-content\/uploads\/2026\/04\/blog-picos-de-aventura-primavera-6-394x222.jpg\" class=\"img-responsive wp-post-image\" alt=\"primavera em s\u00e3o miguel\" srcset=\"https:\/\/picosdeaventura.com\/wp-content\/uploads\/2026\/04\/blog-picos-de-aventura-primavera-6-394x222.jpg 394w, https:\/\/picosdeaventura.com\/wp-content\/uploads\/2026\/04\/blog-picos-de-aventura-primavera-6-300x169.jpg 300w, https:\/\/picosdeaventura.com\/wp-content\/uploads\/2026\/04\/blog-picos-de-aventura-primavera-6-1024x576.jpg 1024w, https:\/\/picosdeaventura.com\/wp-content\/uploads\/2026\/04\/blog-picos-de-aventura-primavera-6-768x432.jpg 768w, https:\/\/picosdeaventura.com\/wp-content\/uploads\/2026\/04\/blog-picos-de-aventura-primavera-6-18x10.jpg 18w, https:\/\/picosdeaventura.com\/wp-content\/uploads\/2026\/04\/blog-picos-de-aventura-primavera-6-71x40.jpg 71w, https:\/\/picosdeaventura.com\/wp-content\/uploads\/2026\/04\/blog-picos-de-aventura-primavera-6-142x80.jpg 142w, https:\/\/picosdeaventura.com\/wp-content\/uploads\/2026\/04\/blog-picos-de-aventura-primavera-6-915x515.jpg 915w, https:\/\/picosdeaventura.com\/wp-content\/uploads\/2026\/04\/blog-picos-de-aventura-primavera-6.jpg 1200w\" sizes=\"auto, (max-width: 394px) 100vw, 394px\" title=\"\">    \t<\/a>\n    <div class=\"post-inner\">\n\n        <h3 class=\"post-title\"><a href=\"https:\/\/picosdeaventura.com\/pt\/2026\/04\/22\/primavera-sao-miguel-sentir-a-natureza-a-despertar\/\">Primavera em S\u00e3o Miguel: Sentir a natureza a despertar<\/a><\/h3>\n    \t<div class=\"post-meta\">\n\t<span class=\"show-author\">Posted by <a href=\"https:\/\/picosdeaventura.com\/pt\/author\/admin\/\" title=\"Artigos de admin\" rel=\"author\">admin<\/a><\/span> <span class=\"show-comments\"><\/span>\n<\/div>\n\t            \t<div class=\"entry-content post-excerpt\">\n\t\t\t\t\t<p>A primavera em S\u00e3o Miguel traz paisagens mais verdes, cascatas no seu auge e trilhos ideais para explorar a natureza de forma tranquila e aut\u00eantica. &hellip; <a href=\"https:\/\/picosdeaventura.com\/pt\/2026\/04\/22\/primavera-sao-miguel-sentir-a-natureza-a-despertar\/\">Read More<\/a><\/p>\n                <\/div>\n\t\t\t\t<div class=\"date-meta\">\n    <i class=\"xs-icon fa fa-calendar-o\"><\/i>\n    <time class=\"published\" datetime=\"2026-04-22T12:01:34+00:00\">22 de Abril, 2026<\/time>\n    <span class=\"is-sticky\">Featured Post<\/span>\n<\/div><\/div>\n\t\t\t\t\t\t<\/div>\n\n\t\t\t\t\t\n\t\t\t\t\t\t\n\t\t\t\t\t\t<div class=\"mas-blog-post col-sm-6 col-md-4 post-7519 post type-post status-publish format-standard has-post-thumbnail sticky hentry category-blog-mar category-blog-terra tag-acores tag-gastronomia-acoriana tag-mar tag-terra\">\n\t\t\t\t\t\t\t    \t\t<a href=\"https:\/\/picosdeaventura.com\/pt\/2026\/03\/31\/os-sabores-de-sao-miguel\/\">\n\t\t\t<img loading=\"lazy\" decoding=\"async\" width=\"394\" height=\"222\" src=\"https:\/\/picosdeaventura.com\/wp-content\/uploads\/2026\/03\/blog-picos-de-aventura-sabores-7-394x222.jpg\" class=\"img-responsive wp-post-image\" alt=\"Os sabores de S\u00e3o Miguel\" srcset=\"https:\/\/picosdeaventura.com\/wp-content\/uploads\/2026\/03\/blog-picos-de-aventura-sabores-7-394x222.jpg 394w, https:\/\/picosdeaventura.com\/wp-content\/uploads\/2026\/03\/blog-picos-de-aventura-sabores-7-300x169.jpg 300w, https:\/\/picosdeaventura.com\/wp-content\/uploads\/2026\/03\/blog-picos-de-aventura-sabores-7-1024x576.jpg 1024w, https:\/\/picosdeaventura.com\/wp-content\/uploads\/2026\/03\/blog-picos-de-aventura-sabores-7-768x432.jpg 768w, https:\/\/picosdeaventura.com\/wp-content\/uploads\/2026\/03\/blog-picos-de-aventura-sabores-7-18x10.jpg 18w, https:\/\/picosdeaventura.com\/wp-content\/uploads\/2026\/03\/blog-picos-de-aventura-sabores-7-71x40.jpg 71w, https:\/\/picosdeaventura.com\/wp-content\/uploads\/2026\/03\/blog-picos-de-aventura-sabores-7-142x80.jpg 142w, https:\/\/picosdeaventura.com\/wp-content\/uploads\/2026\/03\/blog-picos-de-aventura-sabores-7-915x515.jpg 915w, https:\/\/picosdeaventura.com\/wp-content\/uploads\/2026\/03\/blog-picos-de-aventura-sabores-7.jpg 1200w\" sizes=\"auto, (max-width: 394px) 100vw, 394px\" title=\"\">    \t<\/a>\n    <div class=\"post-inner\">\n\n        <h3 class=\"post-title\"><a href=\"https:\/\/picosdeaventura.com\/pt\/2026\/03\/31\/os-sabores-de-sao-miguel\/\">Os sabores de S\u00e3o Miguel<\/a><\/h3>\n    \t<div class=\"post-meta\">\n\t<span class=\"show-author\">Posted by <a href=\"https:\/\/picosdeaventura.com\/pt\/author\/admin\/\" title=\"Artigos de admin\" rel=\"author\">admin<\/a><\/span> <span class=\"show-comments\"><\/span>\n<\/div>\n\t            \t<div class=\"entry-content post-excerpt\">\n\t\t\t\t\t<p>Descubra os sabores de S\u00e3o Miguel, os pratos t\u00edpicos, produtos locais e doces que tornam a gastronomia da ilha uma experi\u00eancia inesquec\u00edvel. &hellip; <a href=\"https:\/\/picosdeaventura.com\/pt\/2026\/03\/31\/os-sabores-de-sao-miguel\/\">Read More<\/a><\/p>\n                <\/div>\n\t\t\t\t<div class=\"date-meta\">\n    <i class=\"xs-icon fa fa-calendar-o\"><\/i>\n    <time class=\"published\" datetime=\"2026-03-31T13:24:34+00:00\">31 de Mar\u00e7o, 2026<\/time>\n    <span class=\"is-sticky\">Featured Post<\/span>\n<\/div><\/div>\n\t\t\t\t\t\t<\/div>\n\n\t\t\t\t\t\n\t\t\t\t\t\t\n\t\t\t\t\t\t<div class=\"mas-blog-post col-sm-6 col-md-4 post-7501 post type-post status-publish format-standard has-post-thumbnail sticky hentry category-sem-categoria\">\n\t\t\t\t\t\t\t    \t\t<a href=\"https:\/\/picosdeaventura.com\/pt\/2026\/03\/24\/picoslogia\/\">\n\t\t\t<img loading=\"lazy\" decoding=\"async\" width=\"394\" height=\"222\" src=\"https:\/\/picosdeaventura.com\/wp-content\/uploads\/2026\/03\/blog-picosdeaventura-picoslogia-394x222.jpg\" class=\"img-responsive wp-post-image\" alt=\"Picoslogia\" srcset=\"https:\/\/picosdeaventura.com\/wp-content\/uploads\/2026\/03\/blog-picosdeaventura-picoslogia-394x222.jpg 394w, https:\/\/picosdeaventura.com\/wp-content\/uploads\/2026\/03\/blog-picosdeaventura-picoslogia-300x169.jpg 300w, https:\/\/picosdeaventura.com\/wp-content\/uploads\/2026\/03\/blog-picosdeaventura-picoslogia-1024x576.jpg 1024w, https:\/\/picosdeaventura.com\/wp-content\/uploads\/2026\/03\/blog-picosdeaventura-picoslogia-768x432.jpg 768w, https:\/\/picosdeaventura.com\/wp-content\/uploads\/2026\/03\/blog-picosdeaventura-picoslogia-18x10.jpg 18w, https:\/\/picosdeaventura.com\/wp-content\/uploads\/2026\/03\/blog-picosdeaventura-picoslogia-71x40.jpg 71w, https:\/\/picosdeaventura.com\/wp-content\/uploads\/2026\/03\/blog-picosdeaventura-picoslogia-142x80.jpg 142w, https:\/\/picosdeaventura.com\/wp-content\/uploads\/2026\/03\/blog-picosdeaventura-picoslogia-915x515.jpg 915w, https:\/\/picosdeaventura.com\/wp-content\/uploads\/2026\/03\/blog-picosdeaventura-picoslogia.jpg 1200w\" sizes=\"auto, (max-width: 394px) 100vw, 394px\" title=\"\">    \t<\/a>\n    <div class=\"post-inner\">\n\n        <h3 class=\"post-title\"><a href=\"https:\/\/picosdeaventura.com\/pt\/2026\/03\/24\/picoslogia\/\">Picoslogia<\/a><\/h3>\n    \t<div class=\"post-meta\">\n\t<span class=\"show-author\">Posted by <a href=\"https:\/\/picosdeaventura.com\/pt\/author\/biologomar\/\" title=\"Artigos de Bi\u00f3logo\" rel=\"author\">Bi\u00f3logo<\/a><\/span> <span class=\"show-comments\"><\/span>\n<\/div>\n\t            \t<div class=\"entry-content post-excerpt\">\n\t\t\t\t\t<p>\u00c9 f\u00e1cil esquecermo-nos do papel fundamental que as novas gera\u00e7\u00f5es t\u00eam, e ter\u00e3o, no futuro do nosso planeta. As crian\u00e7as de hoje ser\u00e3o os adultos de amanh\u00e3 e ocupar\u00e3o o lugar que atualmente \u00e9 nosso. Por isso, \u00e9 de extrema &hellip; <a href=\"https:\/\/picosdeaventura.com\/pt\/2026\/03\/24\/picoslogia\/\">Read More<\/a><\/p>\n                <\/div>\n\t\t\t\t<div class=\"date-meta\">\n    <i class=\"xs-icon fa fa-calendar-o\"><\/i>\n    <time class=\"published\" datetime=\"2026-03-24T15:09:04+00:00\">24 de Mar\u00e7o, 2026<\/time>\n    <span class=\"is-sticky\">Featured Post<\/span>\n<\/div><\/div>\n\t\t\t\t\t\t<\/div>\n\n\t\t\t\t\t\n\t\t\t\t\t\t\n\t\t\t\t\t\t<div class=\"mas-blog-post col-sm-6 col-md-4 post-7473 post type-post status-publish format-standard has-post-thumbnail sticky hentry category-blog-terra tag-acores tag-natureza tag-terra\">\n\t\t\t\t\t\t\t    \t\t<a href=\"https:\/\/picosdeaventura.com\/pt\/2026\/02\/26\/canyoning\/\">\n\t\t\t<img loading=\"lazy\" decoding=\"async\" width=\"394\" height=\"222\" src=\"https:\/\/picosdeaventura.com\/wp-content\/uploads\/2026\/02\/blog-picos-de-aventura-canyoning-394x222.jpg\" class=\"img-responsive wp-post-image\" alt=\"Canyoning em S\u00e3o Miguel\" srcset=\"https:\/\/picosdeaventura.com\/wp-content\/uploads\/2026\/02\/blog-picos-de-aventura-canyoning-394x222.jpg 394w, https:\/\/picosdeaventura.com\/wp-content\/uploads\/2026\/02\/blog-picos-de-aventura-canyoning-300x169.jpg 300w, https:\/\/picosdeaventura.com\/wp-content\/uploads\/2026\/02\/blog-picos-de-aventura-canyoning-1024x576.jpg 1024w, https:\/\/picosdeaventura.com\/wp-content\/uploads\/2026\/02\/blog-picos-de-aventura-canyoning-768x432.jpg 768w, https:\/\/picosdeaventura.com\/wp-content\/uploads\/2026\/02\/blog-picos-de-aventura-canyoning-18x10.jpg 18w, https:\/\/picosdeaventura.com\/wp-content\/uploads\/2026\/02\/blog-picos-de-aventura-canyoning-71x40.jpg 71w, https:\/\/picosdeaventura.com\/wp-content\/uploads\/2026\/02\/blog-picos-de-aventura-canyoning-142x80.jpg 142w, https:\/\/picosdeaventura.com\/wp-content\/uploads\/2026\/02\/blog-picos-de-aventura-canyoning-915x515.jpg 915w, https:\/\/picosdeaventura.com\/wp-content\/uploads\/2026\/02\/blog-picos-de-aventura-canyoning.jpg 1200w\" sizes=\"auto, (max-width: 394px) 100vw, 394px\" title=\"\">    \t<\/a>\n    <div class=\"post-inner\">\n\n        <h3 class=\"post-title\"><a href=\"https:\/\/picosdeaventura.com\/pt\/2026\/02\/26\/canyoning\/\">Canyoning em S\u00e3o Miguel: Tudo sobre a atividade<\/a><\/h3>\n    \t<div class=\"post-meta\">\n\t<span class=\"show-author\">Posted by <a href=\"https:\/\/picosdeaventura.com\/pt\/author\/admin\/\" title=\"Artigos de admin\" rel=\"author\">admin<\/a><\/span> <span class=\"show-comments\"><\/span>\n<\/div>\n\t            \t<div class=\"entry-content post-excerpt\">\n\t\t\t\t\t<p>Descubra o canyoning e explore cascatas, paisagens e ribeiras na ilha de S\u00e3o Miguel, uma\u00a0aventura \u00fanica nos A\u00e7ores com a nossa equipa. A aventura para desfrutar na natureza a\u00e7oriana Se h\u00e1 atividade capaz de mostrar o lado mais puro da &hellip; <a href=\"https:\/\/picosdeaventura.com\/pt\/2026\/02\/26\/canyoning\/\">Read More<\/a><\/p>\n                <\/div>\n\t\t\t\t<div class=\"date-meta\">\n    <i class=\"xs-icon fa fa-calendar-o\"><\/i>\n    <time class=\"published\" datetime=\"2026-02-26T09:00:00+00:00\">26 de Fevereiro, 2026<\/time>\n    <span class=\"is-sticky\">Featured Post<\/span>\n<\/div><\/div>\n\t\t\t\t\t\t<\/div>\n\n\t\t\t\t\t\n\t\t\t\t\t\t\n\t\t\t\t\t\t<div class=\"mas-blog-post col-sm-6 col-md-4 post-7434 post type-post status-publish format-standard has-post-thumbnail sticky hentry category-blog-mar category-blog-terra tag-acores tag-mar tag-natureza tag-terra tag-trilhos tag-whale-watching tag-whale-watching-azores\">\n\t\t\t\t\t\t\t    \t\t<a href=\"https:\/\/picosdeaventura.com\/pt\/2026\/01\/27\/aventuras-em-sao-miguel\/\">\n\t\t\t<img loading=\"lazy\" decoding=\"async\" width=\"394\" height=\"222\" src=\"https:\/\/picosdeaventura.com\/wp-content\/uploads\/2026\/01\/blog-picos-de-aventura-aventuras-8-394x222.jpg\" class=\"img-responsive wp-post-image\" alt=\"Aventuras para 2026\" srcset=\"https:\/\/picosdeaventura.com\/wp-content\/uploads\/2026\/01\/blog-picos-de-aventura-aventuras-8-394x222.jpg 394w, https:\/\/picosdeaventura.com\/wp-content\/uploads\/2026\/01\/blog-picos-de-aventura-aventuras-8-300x169.jpg 300w, https:\/\/picosdeaventura.com\/wp-content\/uploads\/2026\/01\/blog-picos-de-aventura-aventuras-8-1024x576.jpg 1024w, https:\/\/picosdeaventura.com\/wp-content\/uploads\/2026\/01\/blog-picos-de-aventura-aventuras-8-768x432.jpg 768w, https:\/\/picosdeaventura.com\/wp-content\/uploads\/2026\/01\/blog-picos-de-aventura-aventuras-8-18x10.jpg 18w, https:\/\/picosdeaventura.com\/wp-content\/uploads\/2026\/01\/blog-picos-de-aventura-aventuras-8-71x40.jpg 71w, https:\/\/picosdeaventura.com\/wp-content\/uploads\/2026\/01\/blog-picos-de-aventura-aventuras-8-142x80.jpg 142w, https:\/\/picosdeaventura.com\/wp-content\/uploads\/2026\/01\/blog-picos-de-aventura-aventuras-8-915x515.jpg 915w, https:\/\/picosdeaventura.com\/wp-content\/uploads\/2026\/01\/blog-picos-de-aventura-aventuras-8.jpg 1200w\" sizes=\"auto, (max-width: 394px) 100vw, 394px\" title=\"\">    \t<\/a>\n    <div class=\"post-inner\">\n\n        <h3 class=\"post-title\"><a href=\"https:\/\/picosdeaventura.com\/pt\/2026\/01\/27\/aventuras-em-sao-miguel\/\">Aventuras em S\u00e3o Miguel para 2026<\/a><\/h3>\n    \t<div class=\"post-meta\">\n\t<span class=\"show-author\">Posted by <a href=\"https:\/\/picosdeaventura.com\/pt\/author\/marketing\/\" title=\"Artigos de Marketing Newtour\" rel=\"author\">Marketing Newtour<\/a><\/span> <span class=\"show-comments\"><\/span>\n<\/div>\n\t            \t<div class=\"entry-content post-excerpt\">\n\t\t\t\t\t<p>Entre o oceano e a terra, 2026 \u00e9 o ano para viver S\u00e3o Miguel com muita emo\u00e7\u00e3o com a Picos de Aventura. Eis as aventuras que n\u00e3o pode perder na Ilha Verde. &hellip; <a href=\"https:\/\/picosdeaventura.com\/pt\/2026\/01\/27\/aventuras-em-sao-miguel\/\">Read More<\/a><\/p>\n                <\/div>\n\t\t\t\t<div class=\"date-meta\">\n    <i class=\"xs-icon fa fa-calendar-o\"><\/i>\n    <time class=\"published\" datetime=\"2026-01-27T13:34:07+00:00\">27 de Janeiro, 2026<\/time>\n    <span class=\"is-sticky\">Featured Post<\/span>\n<\/div><\/div>\n\t\t\t\t\t\t<\/div>\n\n\t\t\t\t\t\n\t\t\t\t\t\t\n\t\t\t\t\t\t<div class=\"mas-blog-post col-sm-6 col-md-4 post-7396 post type-post status-publish format-standard has-post-thumbnail sticky hentry category-blog-mar tag-avistamentos tag-mar tag-sperm-whale tag-whale-watching tag-whale-watching-azores\">\n\t\t\t\t\t\t\t    \t\t<a href=\"https:\/\/picosdeaventura.com\/pt\/2026\/01\/22\/avistamentos-2025\/\">\n\t\t\t<img loading=\"lazy\" decoding=\"async\" width=\"394\" height=\"222\" src=\"https:\/\/picosdeaventura.com\/wp-content\/uploads\/2026\/01\/blog-picos-de-aventura-avistamentos-394x222.jpg\" class=\"img-responsive wp-post-image\" alt=\"Avistamentos 2025\" srcset=\"https:\/\/picosdeaventura.com\/wp-content\/uploads\/2026\/01\/blog-picos-de-aventura-avistamentos-394x222.jpg 394w, https:\/\/picosdeaventura.com\/wp-content\/uploads\/2026\/01\/blog-picos-de-aventura-avistamentos-300x169.jpg 300w, https:\/\/picosdeaventura.com\/wp-content\/uploads\/2026\/01\/blog-picos-de-aventura-avistamentos-1024x576.jpg 1024w, https:\/\/picosdeaventura.com\/wp-content\/uploads\/2026\/01\/blog-picos-de-aventura-avistamentos-768x432.jpg 768w, https:\/\/picosdeaventura.com\/wp-content\/uploads\/2026\/01\/blog-picos-de-aventura-avistamentos-18x10.jpg 18w, https:\/\/picosdeaventura.com\/wp-content\/uploads\/2026\/01\/blog-picos-de-aventura-avistamentos-71x40.jpg 71w, https:\/\/picosdeaventura.com\/wp-content\/uploads\/2026\/01\/blog-picos-de-aventura-avistamentos-142x80.jpg 142w, https:\/\/picosdeaventura.com\/wp-content\/uploads\/2026\/01\/blog-picos-de-aventura-avistamentos-915x515.jpg 915w, https:\/\/picosdeaventura.com\/wp-content\/uploads\/2026\/01\/blog-picos-de-aventura-avistamentos.jpg 1200w\" sizes=\"auto, (max-width: 394px) 100vw, 394px\" title=\"\">    \t<\/a>\n    <div class=\"post-inner\">\n\n        <h3 class=\"post-title\"><a href=\"https:\/\/picosdeaventura.com\/pt\/2026\/01\/22\/avistamentos-2025\/\">\u00a0Avistamentos de 2025<\/a><\/h3>\n    \t<div class=\"post-meta\">\n\t<span class=\"show-author\">Posted by <a href=\"https:\/\/picosdeaventura.com\/pt\/author\/biologomar\/\" title=\"Artigos de Bi\u00f3logo\" rel=\"author\">Bi\u00f3logo<\/a><\/span> <span class=\"show-comments\"><\/span>\n<\/div>\n\t            \t<div class=\"entry-content post-excerpt\">\n\t\t\t\t\t<p>O ano de 2025 chegou ao fim, tendo sido um per\u00edodo particularmente \u00fanico em termos de avistamentos de cet\u00e1ceos, com um n\u00famero elevado de baleias que permaneceram na ilha at\u00e9 bem depois do ver\u00e3o.  &hellip; <a href=\"https:\/\/picosdeaventura.com\/pt\/2026\/01\/22\/avistamentos-2025\/\">Read More<\/a><\/p>\n                <\/div>\n\t\t\t\t<div class=\"date-meta\">\n    <i class=\"xs-icon fa fa-calendar-o\"><\/i>\n    <time class=\"published\" datetime=\"2026-01-22T11:00:16+00:00\">22 de Janeiro, 2026<\/time>\n    <span class=\"is-sticky\">Featured Post<\/span>\n<\/div><\/div>\n\t\t\t\t\t\t<\/div>\n\n\t\t\t\t\t\n\t\t\t\t\t\t\n\t\t\t\t\t\t<div class=\"mas-blog-post col-sm-6 col-md-4 post-7368 post type-post status-publish format-standard has-post-thumbnail sticky hentry category-blog-mar tag-acores tag-avistamentos tag-mar tag-sperm-whale tag-whale-watching tag-whale-watching-azores\">\n\t\t\t\t\t\t\t    \t\t<a href=\"https:\/\/picosdeaventura.com\/pt\/2025\/12\/17\/observacao-de-cetaceos-2\/\">\n\t\t\t<img loading=\"lazy\" decoding=\"async\" width=\"394\" height=\"222\" src=\"https:\/\/picosdeaventura.com\/wp-content\/uploads\/2025\/12\/blog-picos-de-aventura-observacao-de-cetaceos-394x222.jpg\" class=\"img-responsive wp-post-image\" alt=\"Observa\u00e7\u00e3o de cet\u00e1ceos em S\u00e3o Miguel\" srcset=\"https:\/\/picosdeaventura.com\/wp-content\/uploads\/2025\/12\/blog-picos-de-aventura-observacao-de-cetaceos-394x222.jpg 394w, https:\/\/picosdeaventura.com\/wp-content\/uploads\/2025\/12\/blog-picos-de-aventura-observacao-de-cetaceos-300x169.jpg 300w, https:\/\/picosdeaventura.com\/wp-content\/uploads\/2025\/12\/blog-picos-de-aventura-observacao-de-cetaceos-1024x576.jpg 1024w, https:\/\/picosdeaventura.com\/wp-content\/uploads\/2025\/12\/blog-picos-de-aventura-observacao-de-cetaceos-768x432.jpg 768w, https:\/\/picosdeaventura.com\/wp-content\/uploads\/2025\/12\/blog-picos-de-aventura-observacao-de-cetaceos-18x10.jpg 18w, https:\/\/picosdeaventura.com\/wp-content\/uploads\/2025\/12\/blog-picos-de-aventura-observacao-de-cetaceos-71x40.jpg 71w, https:\/\/picosdeaventura.com\/wp-content\/uploads\/2025\/12\/blog-picos-de-aventura-observacao-de-cetaceos-142x80.jpg 142w, https:\/\/picosdeaventura.com\/wp-content\/uploads\/2025\/12\/blog-picos-de-aventura-observacao-de-cetaceos-915x515.jpg 915w, https:\/\/picosdeaventura.com\/wp-content\/uploads\/2025\/12\/blog-picos-de-aventura-observacao-de-cetaceos.jpg 1200w\" sizes=\"auto, (max-width: 394px) 100vw, 394px\" title=\"\">    \t<\/a>\n    <div class=\"post-inner\">\n\n        <h3 class=\"post-title\"><a href=\"https:\/\/picosdeaventura.com\/pt\/2025\/12\/17\/observacao-de-cetaceos-2\/\">Observa\u00e7\u00e3o de cet\u00e1ceos &#8211; Tudo o que precisa saber<\/a><\/h3>\n    \t<div class=\"post-meta\">\n\t<span class=\"show-author\">Posted by <a href=\"https:\/\/picosdeaventura.com\/pt\/author\/admin\/\" title=\"Artigos de admin\" rel=\"author\">admin<\/a><\/span> <span class=\"show-comments\"><\/span>\n<\/div>\n\t            \t<div class=\"entry-content post-excerpt\">\n\t\t\t\t\t<p>Viva a magia da observa\u00e7\u00e3o de cet\u00e1ceos nos A\u00e7ores com a Picos de Aventura e descubra como esta experi\u00eancia une natureza, ci\u00eancia e aventura. Um arquip\u00e9lago onde os cet\u00e1ceos reinam No cora\u00e7\u00e3o do Atl\u00e2ntico, os A\u00e7ores destacam-se como um dos &hellip; <a href=\"https:\/\/picosdeaventura.com\/pt\/2025\/12\/17\/observacao-de-cetaceos-2\/\">Read More<\/a><\/p>\n                <\/div>\n\t\t\t\t<div class=\"date-meta\">\n    <i class=\"xs-icon fa fa-calendar-o\"><\/i>\n    <time class=\"published\" datetime=\"2025-12-17T10:37:03+00:00\">17 de Dezembro, 2025<\/time>\n    <span class=\"is-sticky\">Featured Post<\/span>\n<\/div><\/div>\n\t\t\t\t\t\t<\/div>\n\n\t\t\t\t\t\n\t\t\t\t\t\t\n\t\t\t\t\t\t<div class=\"mas-blog-post col-sm-6 col-md-4 post-7335 post type-post status-publish format-standard has-post-thumbnail sticky hentry category-blog-terra\">\n\t\t\t\t\t\t\t    \t\t<a href=\"https:\/\/picosdeaventura.com\/pt\/2025\/11\/19\/caminhadas-sao-miguel-terceira\/\">\n\t\t\t<img loading=\"lazy\" decoding=\"async\" width=\"394\" height=\"222\" src=\"https:\/\/picosdeaventura.com\/wp-content\/uploads\/2025\/11\/blog-caminhadas-em-familia-sao-miguel-e-terceira-394x222.jpg\" class=\"img-responsive wp-post-image\" alt=\"Caminhadas em fam\u00edlia\" srcset=\"https:\/\/picosdeaventura.com\/wp-content\/uploads\/2025\/11\/blog-caminhadas-em-familia-sao-miguel-e-terceira-394x222.jpg 394w, https:\/\/picosdeaventura.com\/wp-content\/uploads\/2025\/11\/blog-caminhadas-em-familia-sao-miguel-e-terceira-300x169.jpg 300w, https:\/\/picosdeaventura.com\/wp-content\/uploads\/2025\/11\/blog-caminhadas-em-familia-sao-miguel-e-terceira-1024x576.jpg 1024w, https:\/\/picosdeaventura.com\/wp-content\/uploads\/2025\/11\/blog-caminhadas-em-familia-sao-miguel-e-terceira-768x432.jpg 768w, https:\/\/picosdeaventura.com\/wp-content\/uploads\/2025\/11\/blog-caminhadas-em-familia-sao-miguel-e-terceira-18x10.jpg 18w, https:\/\/picosdeaventura.com\/wp-content\/uploads\/2025\/11\/blog-caminhadas-em-familia-sao-miguel-e-terceira-71x40.jpg 71w, https:\/\/picosdeaventura.com\/wp-content\/uploads\/2025\/11\/blog-caminhadas-em-familia-sao-miguel-e-terceira-142x80.jpg 142w, https:\/\/picosdeaventura.com\/wp-content\/uploads\/2025\/11\/blog-caminhadas-em-familia-sao-miguel-e-terceira-915x515.jpg 915w, https:\/\/picosdeaventura.com\/wp-content\/uploads\/2025\/11\/blog-caminhadas-em-familia-sao-miguel-e-terceira.jpg 1200w\" sizes=\"auto, (max-width: 394px) 100vw, 394px\" title=\"\">    \t<\/a>\n    <div class=\"post-inner\">\n\n        <h3 class=\"post-title\"><a href=\"https:\/\/picosdeaventura.com\/pt\/2025\/11\/19\/caminhadas-sao-miguel-terceira\/\">Caminhadas em fam\u00edlia em S\u00e3o Miguel e Terceira<\/a><\/h3>\n    \t<div class=\"post-meta\">\n\t<span class=\"show-author\">Posted by <a href=\"https:\/\/picosdeaventura.com\/pt\/author\/admin\/\" title=\"Artigos de admin\" rel=\"author\">admin<\/a><\/span> <span class=\"show-comments\"><\/span>\n<\/div>\n\t            \t<div class=\"entry-content post-excerpt\">\n\t\t\t\t\t<p>Explorar S\u00e3o Miguel e Terceira a p\u00e9 \u00e9 uma das formas mais aut\u00eanticas de descobrir as suas paisagens. Descubra passeios pedestres para toda a fam\u00edlia connosco. &hellip; <a href=\"https:\/\/picosdeaventura.com\/pt\/2025\/11\/19\/caminhadas-sao-miguel-terceira\/\">Read More<\/a><\/p>\n                <\/div>\n\t\t\t\t<div class=\"date-meta\">\n    <i class=\"xs-icon fa fa-calendar-o\"><\/i>\n    <time class=\"published\" datetime=\"2025-11-19T10:37:33+00:00\">19 de Novembro, 2025<\/time>\n    <span class=\"is-sticky\">Featured Post<\/span>\n<\/div><\/div>\n\t\t\t\t\t\t<\/div>\n\n\t\t\t\t\t\n\t\t\t\t\t\t\n\t\t\t\t\t\t<div class=\"mas-blog-post col-sm-6 col-md-4 post-7310 post type-post status-publish format-standard has-post-thumbnail sticky hentry category-blog-mar category-blog-terra tag-acores tag-avistamentos tag-mar tag-natureza tag-terra tag-whale-watching tag-whale-watching-azores\">\n\t\t\t\t\t\t\t    \t\t<a href=\"https:\/\/picosdeaventura.com\/pt\/2025\/10\/22\/outono-em-sao-miguel\/\">\n\t\t\t<img loading=\"lazy\" decoding=\"async\" width=\"394\" height=\"222\" src=\"https:\/\/picosdeaventura.com\/wp-content\/uploads\/2025\/10\/blog-picos-de-aventura-outono-sao-miguel-394x222.png\" class=\"img-responsive wp-post-image\" alt=\"Outono em S\u00e3o Miguel\" srcset=\"https:\/\/picosdeaventura.com\/wp-content\/uploads\/2025\/10\/blog-picos-de-aventura-outono-sao-miguel-394x222.png 394w, https:\/\/picosdeaventura.com\/wp-content\/uploads\/2025\/10\/blog-picos-de-aventura-outono-sao-miguel-300x169.png 300w, https:\/\/picosdeaventura.com\/wp-content\/uploads\/2025\/10\/blog-picos-de-aventura-outono-sao-miguel-1024x576.png 1024w, https:\/\/picosdeaventura.com\/wp-content\/uploads\/2025\/10\/blog-picos-de-aventura-outono-sao-miguel-768x432.png 768w, https:\/\/picosdeaventura.com\/wp-content\/uploads\/2025\/10\/blog-picos-de-aventura-outono-sao-miguel-18x10.png 18w, https:\/\/picosdeaventura.com\/wp-content\/uploads\/2025\/10\/blog-picos-de-aventura-outono-sao-miguel-71x40.png 71w, https:\/\/picosdeaventura.com\/wp-content\/uploads\/2025\/10\/blog-picos-de-aventura-outono-sao-miguel-142x80.png 142w, https:\/\/picosdeaventura.com\/wp-content\/uploads\/2025\/10\/blog-picos-de-aventura-outono-sao-miguel-915x515.png 915w, https:\/\/picosdeaventura.com\/wp-content\/uploads\/2025\/10\/blog-picos-de-aventura-outono-sao-miguel.png 1200w\" sizes=\"auto, (max-width: 394px) 100vw, 394px\" title=\"\">    \t<\/a>\n    <div class=\"post-inner\">\n\n        <h3 class=\"post-title\"><a href=\"https:\/\/picosdeaventura.com\/pt\/2025\/10\/22\/outono-em-sao-miguel\/\">Outono em S\u00e3o Miguel: 5 experi\u00eancias para viver esta esta\u00e7\u00e3o<\/a><\/h3>\n    \t<div class=\"post-meta\">\n\t<span class=\"show-author\">Posted by <a href=\"https:\/\/picosdeaventura.com\/pt\/author\/marketing\/\" title=\"Artigos de Marketing Newtour\" rel=\"author\">Marketing Newtour<\/a><\/span> <span class=\"show-comments\"><\/span>\n<\/div>\n\t            \t<div class=\"entry-content post-excerpt\">\n\t\t\t\t\t<p>Descubra S\u00e3o Miguel no Outono: \u00c1guas termais, campos de ch\u00e1, sabores \u00fanicos e observa\u00e7\u00e3o de baleias tornam esta esta\u00e7\u00e3o perfeita para explorar a ilha.<br \/>\n &hellip; <a href=\"https:\/\/picosdeaventura.com\/pt\/2025\/10\/22\/outono-em-sao-miguel\/\">Read More<\/a><\/p>\n                <\/div>\n\t\t\t\t<div class=\"date-meta\">\n    <i class=\"xs-icon fa fa-calendar-o\"><\/i>\n    <time class=\"published\" datetime=\"2025-10-22T10:21:27+00:00\">22 de Outubro, 2025<\/time>\n    <span class=\"is-sticky\">Featured Post<\/span>\n<\/div><\/div>\n\t\t\t\t\t\t<\/div>\n\n\t\t\t\t\t\n\t\t\t\t\t\t\n\t\t\t\t\t\t<div class=\"mas-blog-post col-sm-6 col-md-4 post-7286 post type-post status-publish format-standard has-post-thumbnail sticky hentry category-blog-terra tag-acores tag-natureza tag-terra tag-trilhos\">\n\t\t\t\t\t\t\t    \t\t<a href=\"https:\/\/picosdeaventura.com\/pt\/2025\/09\/24\/faial-da-terra\/\">\n\t\t\t<img loading=\"lazy\" decoding=\"async\" width=\"394\" height=\"222\" src=\"https:\/\/picosdeaventura.com\/wp-content\/uploads\/2025\/09\/blog-picos-de-aventura-faial-da-terra-3-394x222.jpg\" class=\"img-responsive wp-post-image\" alt=\"faial da terra\" srcset=\"https:\/\/picosdeaventura.com\/wp-content\/uploads\/2025\/09\/blog-picos-de-aventura-faial-da-terra-3-394x222.jpg 394w, https:\/\/picosdeaventura.com\/wp-content\/uploads\/2025\/09\/blog-picos-de-aventura-faial-da-terra-3-300x169.jpg 300w, https:\/\/picosdeaventura.com\/wp-content\/uploads\/2025\/09\/blog-picos-de-aventura-faial-da-terra-3-1024x576.jpg 1024w, https:\/\/picosdeaventura.com\/wp-content\/uploads\/2025\/09\/blog-picos-de-aventura-faial-da-terra-3-768x432.jpg 768w, https:\/\/picosdeaventura.com\/wp-content\/uploads\/2025\/09\/blog-picos-de-aventura-faial-da-terra-3-18x10.jpg 18w, https:\/\/picosdeaventura.com\/wp-content\/uploads\/2025\/09\/blog-picos-de-aventura-faial-da-terra-3-71x40.jpg 71w, https:\/\/picosdeaventura.com\/wp-content\/uploads\/2025\/09\/blog-picos-de-aventura-faial-da-terra-3-142x80.jpg 142w, https:\/\/picosdeaventura.com\/wp-content\/uploads\/2025\/09\/blog-picos-de-aventura-faial-da-terra-3-915x515.jpg 915w, https:\/\/picosdeaventura.com\/wp-content\/uploads\/2025\/09\/blog-picos-de-aventura-faial-da-terra-3.jpg 1200w\" sizes=\"auto, (max-width: 394px) 100vw, 394px\" title=\"\">    \t<\/a>\n    <div class=\"post-inner\">\n\n        <h3 class=\"post-title\"><a href=\"https:\/\/picosdeaventura.com\/pt\/2025\/09\/24\/faial-da-terra\/\">Faial da Terra: Tradi\u00e7\u00e3o e Natureza em harmonia<\/a><\/h3>\n    \t<div class=\"post-meta\">\n\t<span class=\"show-author\">Posted by <a href=\"https:\/\/picosdeaventura.com\/pt\/author\/admin\/\" title=\"Artigos de admin\" rel=\"author\">admin<\/a><\/span> <span class=\"show-comments\"><\/span>\n<\/div>\n\t            \t<div class=\"entry-content post-excerpt\">\n\t\t\t\t\t<p>O Faial da Terra, no sudeste da ilha de S\u00e3o Miguel, \u00e9 uma pequena freguesia que encanta os visitantes pelas suas paisagens e natureza. &hellip; <a href=\"https:\/\/picosdeaventura.com\/pt\/2025\/09\/24\/faial-da-terra\/\">Read More<\/a><\/p>\n                <\/div>\n\t\t\t\t<div class=\"date-meta\">\n    <i class=\"xs-icon fa fa-calendar-o\"><\/i>\n    <time class=\"published\" datetime=\"2025-09-24T10:26:59+00:00\">24 de Setembro, 2025<\/time>\n    <span class=\"is-sticky\">Featured Post<\/span>\n<\/div><\/div>\n\t\t\t\t\t\t<\/div>\n\n\t\t\t\t\t\n\t\t\t\t\t\t\n\t\t\t\t\t\t<div class=\"mas-blog-post col-sm-6 col-md-4 post-7268 post type-post status-publish format-standard has-post-thumbnail sticky hentry category-blog-terra tag-acores tag-natureza tag-terra\">\n\t\t\t\t\t\t\t    \t\t<a href=\"https:\/\/picosdeaventura.com\/pt\/2025\/08\/27\/mosteiros\/\">\n\t\t\t<img loading=\"lazy\" decoding=\"async\" width=\"394\" height=\"222\" src=\"https:\/\/picosdeaventura.com\/wp-content\/uploads\/2025\/08\/blog-picos-de-aventura-mosteiros-4-394x222.jpg\" class=\"img-responsive wp-post-image\" alt=\"Mosteiros\" srcset=\"https:\/\/picosdeaventura.com\/wp-content\/uploads\/2025\/08\/blog-picos-de-aventura-mosteiros-4-394x222.jpg 394w, https:\/\/picosdeaventura.com\/wp-content\/uploads\/2025\/08\/blog-picos-de-aventura-mosteiros-4-300x169.jpg 300w, https:\/\/picosdeaventura.com\/wp-content\/uploads\/2025\/08\/blog-picos-de-aventura-mosteiros-4-1024x576.jpg 1024w, https:\/\/picosdeaventura.com\/wp-content\/uploads\/2025\/08\/blog-picos-de-aventura-mosteiros-4-768x432.jpg 768w, https:\/\/picosdeaventura.com\/wp-content\/uploads\/2025\/08\/blog-picos-de-aventura-mosteiros-4-18x10.jpg 18w, https:\/\/picosdeaventura.com\/wp-content\/uploads\/2025\/08\/blog-picos-de-aventura-mosteiros-4-71x40.jpg 71w, https:\/\/picosdeaventura.com\/wp-content\/uploads\/2025\/08\/blog-picos-de-aventura-mosteiros-4-142x80.jpg 142w, https:\/\/picosdeaventura.com\/wp-content\/uploads\/2025\/08\/blog-picos-de-aventura-mosteiros-4-915x515.jpg 915w, https:\/\/picosdeaventura.com\/wp-content\/uploads\/2025\/08\/blog-picos-de-aventura-mosteiros-4.jpg 1200w\" sizes=\"auto, (max-width: 394px) 100vw, 394px\" title=\"\">    \t<\/a>\n    <div class=\"post-inner\">\n\n        <h3 class=\"post-title\"><a href=\"https:\/\/picosdeaventura.com\/pt\/2025\/08\/27\/mosteiros\/\">Mosteiros: Um tesouro para conhecer<\/a><\/h3>\n    \t<div class=\"post-meta\">\n\t<span class=\"show-author\">Posted by <a href=\"https:\/\/picosdeaventura.com\/pt\/author\/admin\/\" title=\"Artigos de admin\" rel=\"author\">admin<\/a><\/span> <span class=\"show-comments\"><\/span>\n<\/div>\n\t            \t<div class=\"entry-content post-excerpt\">\n\t\t\t\t\t<p>Situada na costa oeste da ilha de S\u00e3o Miguel, a freguesia dos Mosteiros \u00e9 um verdadeiro ref\u00fagio de tranquilidade e beleza natural. Esta pitoresca freguesia, pertencente ao concelho de Ponta Delgada, encanta com as suas paisagens vulc\u00e2nicas. Um dos principais &hellip; <a href=\"https:\/\/picosdeaventura.com\/pt\/2025\/08\/27\/mosteiros\/\">Read More<\/a><\/p>\n                <\/div>\n\t\t\t\t<div class=\"date-meta\">\n    <i class=\"xs-icon fa fa-calendar-o\"><\/i>\n    <time class=\"published\" datetime=\"2025-08-27T11:11:39+00:00\">27 de Agosto, 2025<\/time>\n    <span class=\"is-sticky\">Featured Post<\/span>\n<\/div><\/div>\n\t\t\t\t\t\t<\/div>\n\n\t\t\t\t\t\n\t\t\t\t\t\t\n\t\t\t\t\t\t<div class=\"mas-blog-post col-sm-6 col-md-4 post-7222 post type-post status-publish format-standard has-post-thumbnail sticky hentry category-blog-mar category-blog-terra tag-acores tag-mar tag-natureza tag-praias tag-terra tag-verao\">\n\t\t\t\t\t\t\t    \t\t<a href=\"https:\/\/picosdeaventura.com\/pt\/2025\/07\/23\/sao-miguel-praias-de-sonho\/\">\n\t\t\t<img loading=\"lazy\" decoding=\"async\" width=\"394\" height=\"222\" src=\"https:\/\/picosdeaventura.com\/wp-content\/uploads\/2025\/07\/blog-picos-de-aventura-sao-miguel-praias-7-394x222.jpg\" class=\"img-responsive wp-post-image\" alt=\"S\u00e3o Miguel: Praias de Sonho\" srcset=\"https:\/\/picosdeaventura.com\/wp-content\/uploads\/2025\/07\/blog-picos-de-aventura-sao-miguel-praias-7-394x222.jpg 394w, https:\/\/picosdeaventura.com\/wp-content\/uploads\/2025\/07\/blog-picos-de-aventura-sao-miguel-praias-7-300x169.jpg 300w, https:\/\/picosdeaventura.com\/wp-content\/uploads\/2025\/07\/blog-picos-de-aventura-sao-miguel-praias-7-1024x576.jpg 1024w, https:\/\/picosdeaventura.com\/wp-content\/uploads\/2025\/07\/blog-picos-de-aventura-sao-miguel-praias-7-768x432.jpg 768w, https:\/\/picosdeaventura.com\/wp-content\/uploads\/2025\/07\/blog-picos-de-aventura-sao-miguel-praias-7-18x10.jpg 18w, https:\/\/picosdeaventura.com\/wp-content\/uploads\/2025\/07\/blog-picos-de-aventura-sao-miguel-praias-7-71x40.jpg 71w, https:\/\/picosdeaventura.com\/wp-content\/uploads\/2025\/07\/blog-picos-de-aventura-sao-miguel-praias-7-142x80.jpg 142w, https:\/\/picosdeaventura.com\/wp-content\/uploads\/2025\/07\/blog-picos-de-aventura-sao-miguel-praias-7-915x515.jpg 915w, https:\/\/picosdeaventura.com\/wp-content\/uploads\/2025\/07\/blog-picos-de-aventura-sao-miguel-praias-7.jpg 1200w\" sizes=\"auto, (max-width: 394px) 100vw, 394px\" title=\"\">    \t<\/a>\n    <div class=\"post-inner\">\n\n        <h3 class=\"post-title\"><a href=\"https:\/\/picosdeaventura.com\/pt\/2025\/07\/23\/sao-miguel-praias-de-sonho\/\">S\u00e3o Miguel: Praias de Sonho<\/a><\/h3>\n    \t<div class=\"post-meta\">\n\t<span class=\"show-author\">Posted by <a href=\"https:\/\/picosdeaventura.com\/pt\/author\/admin\/\" title=\"Artigos de admin\" rel=\"author\">admin<\/a><\/span> <span class=\"show-comments\"><\/span>\n<\/div>\n\t            \t<div class=\"entry-content post-excerpt\">\n\t\t\t\t\t<p>S\u00e3o Miguel, a maior ilha dos A\u00e7ores, oferece praias \u00fanicas, onde a areia negra e as \u00e1guas l\u00edmpidas s\u00e3o acompanhadas por paisagens naturais de tirar o f\u00f4lego. &hellip; <a href=\"https:\/\/picosdeaventura.com\/pt\/2025\/07\/23\/sao-miguel-praias-de-sonho\/\">Read More<\/a><\/p>\n                <\/div>\n\t\t\t\t<div class=\"date-meta\">\n    <i class=\"xs-icon fa fa-calendar-o\"><\/i>\n    <time class=\"published\" datetime=\"2025-07-23T10:30:33+00:00\">23 de Julho, 2025<\/time>\n    <span class=\"is-sticky\">Featured Post<\/span>\n<\/div><\/div>\n\t\t\t\t\t\t<\/div>\n\n\t\t\t\t\t\n\t\t\t\t\t\t\n\t\t\t\t\t\t<div class=\"mas-blog-post col-sm-6 col-md-4 post-7195 post type-post status-publish format-standard has-post-thumbnail sticky hentry category-blog-terra tag-acores tag-natureza tag-terra tag-trilhos\">\n\t\t\t\t\t\t\t    \t\t<a href=\"https:\/\/picosdeaventura.com\/pt\/2025\/06\/25\/sao-miguel-5-trilhos-imperdiveis\/\">\n\t\t\t<img loading=\"lazy\" decoding=\"async\" width=\"394\" height=\"222\" src=\"https:\/\/picosdeaventura.com\/wp-content\/uploads\/2025\/06\/blog-picos-de-aventura-sao-miguel-trilhos-7-394x222.jpg\" class=\"img-responsive wp-post-image\" alt=\"S\u00e3o Miguel: Trilhos imperd\u00edveis\" srcset=\"https:\/\/picosdeaventura.com\/wp-content\/uploads\/2025\/06\/blog-picos-de-aventura-sao-miguel-trilhos-7-394x222.jpg 394w, https:\/\/picosdeaventura.com\/wp-content\/uploads\/2025\/06\/blog-picos-de-aventura-sao-miguel-trilhos-7-300x169.jpg 300w, https:\/\/picosdeaventura.com\/wp-content\/uploads\/2025\/06\/blog-picos-de-aventura-sao-miguel-trilhos-7-1024x576.jpg 1024w, https:\/\/picosdeaventura.com\/wp-content\/uploads\/2025\/06\/blog-picos-de-aventura-sao-miguel-trilhos-7-768x432.jpg 768w, https:\/\/picosdeaventura.com\/wp-content\/uploads\/2025\/06\/blog-picos-de-aventura-sao-miguel-trilhos-7-18x10.jpg 18w, https:\/\/picosdeaventura.com\/wp-content\/uploads\/2025\/06\/blog-picos-de-aventura-sao-miguel-trilhos-7-71x40.jpg 71w, https:\/\/picosdeaventura.com\/wp-content\/uploads\/2025\/06\/blog-picos-de-aventura-sao-miguel-trilhos-7-142x80.jpg 142w, https:\/\/picosdeaventura.com\/wp-content\/uploads\/2025\/06\/blog-picos-de-aventura-sao-miguel-trilhos-7-915x515.jpg 915w, https:\/\/picosdeaventura.com\/wp-content\/uploads\/2025\/06\/blog-picos-de-aventura-sao-miguel-trilhos-7.jpg 1200w\" sizes=\"auto, (max-width: 394px) 100vw, 394px\" title=\"\">    \t<\/a>\n    <div class=\"post-inner\">\n\n        <h3 class=\"post-title\"><a href=\"https:\/\/picosdeaventura.com\/pt\/2025\/06\/25\/sao-miguel-5-trilhos-imperdiveis\/\">S\u00e3o Miguel: 5 trilhos imperd\u00edveis<\/a><\/h3>\n    \t<div class=\"post-meta\">\n\t<span class=\"show-author\">Posted by <a href=\"https:\/\/picosdeaventura.com\/pt\/author\/marketing\/\" title=\"Artigos de Marketing Newtour\" rel=\"author\">Marketing Newtour<\/a><\/span> <span class=\"show-comments\"><\/span>\n<\/div>\n\t            \t<div class=\"entry-content post-excerpt\">\n\t\t\t\t\t<p>A ilha de S\u00e3o Miguel \u00e9 um para\u00edso para os amantes da natureza e de caminhadas. Conhe\u00e7a 5 trilhos para explorar as paisagens deslumbrantes da Ilha Verde. &hellip; <a href=\"https:\/\/picosdeaventura.com\/pt\/2025\/06\/25\/sao-miguel-5-trilhos-imperdiveis\/\">Read More<\/a><\/p>\n                <\/div>\n\t\t\t\t<div class=\"date-meta\">\n    <i class=\"xs-icon fa fa-calendar-o\"><\/i>\n    <time class=\"published\" datetime=\"2025-06-25T10:39:09+00:00\">25 de Junho, 2025<\/time>\n    <span class=\"is-sticky\">Featured Post<\/span>\n<\/div><\/div>\n\t\t\t\t\t\t<\/div>\n\n\t\t\t\t\t\n\t\t\t\t\t\t\n\t\t\t\t\t\t<div class=\"mas-blog-post col-sm-6 col-md-4 post-7084 post type-post status-publish format-standard has-post-thumbnail sticky hentry category-blog-mar tag-acores tag-mar tag-natureza tag-sperm-whale tag-whale-watching tag-whale-watching-azores\">\n\t\t\t\t\t\t\t    \t\t<a href=\"https:\/\/picosdeaventura.com\/pt\/2025\/05\/28\/terceira-experiencias-de-mar\/\">\n\t\t\t<img loading=\"lazy\" decoding=\"async\" width=\"394\" height=\"222\" src=\"https:\/\/picosdeaventura.com\/wp-content\/uploads\/2025\/05\/blog-picos-de-aventura-terceira-experiencias-de-mar-394x222.png\" class=\"img-responsive wp-post-image\" alt=\"terceira\" srcset=\"https:\/\/picosdeaventura.com\/wp-content\/uploads\/2025\/05\/blog-picos-de-aventura-terceira-experiencias-de-mar-394x222.png 394w, https:\/\/picosdeaventura.com\/wp-content\/uploads\/2025\/05\/blog-picos-de-aventura-terceira-experiencias-de-mar-300x169.png 300w, https:\/\/picosdeaventura.com\/wp-content\/uploads\/2025\/05\/blog-picos-de-aventura-terceira-experiencias-de-mar-1024x576.png 1024w, https:\/\/picosdeaventura.com\/wp-content\/uploads\/2025\/05\/blog-picos-de-aventura-terceira-experiencias-de-mar-768x432.png 768w, https:\/\/picosdeaventura.com\/wp-content\/uploads\/2025\/05\/blog-picos-de-aventura-terceira-experiencias-de-mar-18x10.png 18w, https:\/\/picosdeaventura.com\/wp-content\/uploads\/2025\/05\/blog-picos-de-aventura-terceira-experiencias-de-mar-71x40.png 71w, https:\/\/picosdeaventura.com\/wp-content\/uploads\/2025\/05\/blog-picos-de-aventura-terceira-experiencias-de-mar-142x80.png 142w, https:\/\/picosdeaventura.com\/wp-content\/uploads\/2025\/05\/blog-picos-de-aventura-terceira-experiencias-de-mar-915x515.png 915w, https:\/\/picosdeaventura.com\/wp-content\/uploads\/2025\/05\/blog-picos-de-aventura-terceira-experiencias-de-mar.png 1200w\" sizes=\"auto, (max-width: 394px) 100vw, 394px\" title=\"\">    \t<\/a>\n    <div class=\"post-inner\">\n\n        <h3 class=\"post-title\"><a href=\"https:\/\/picosdeaventura.com\/pt\/2025\/05\/28\/terceira-experiencias-de-mar\/\">Terceira: As melhores experi\u00eancias de mar<\/a><\/h3>\n    \t<div class=\"post-meta\">\n\t<span class=\"show-author\">Posted by <a href=\"https:\/\/picosdeaventura.com\/pt\/author\/admin\/\" title=\"Artigos de admin\" rel=\"author\">admin<\/a><\/span> <span class=\"show-comments\"><\/span>\n<\/div>\n\t            \t<div class=\"entry-content post-excerpt\">\n\t\t\t\t\t<p>Descubra o que torna o mar da Ilha Terceira uma das joias mais fascinantes do Arquip\u00e9lago dos A\u00e7ores atrav\u00e9s de tr\u00eas atividades imperd\u00edveis. &hellip; <a href=\"https:\/\/picosdeaventura.com\/pt\/2025\/05\/28\/terceira-experiencias-de-mar\/\">Read More<\/a><\/p>\n                <\/div>\n\t\t\t\t<div class=\"date-meta\">\n    <i class=\"xs-icon fa fa-calendar-o\"><\/i>\n    <time class=\"published\" datetime=\"2025-05-28T14:15:28+00:00\">28 de Maio, 2025<\/time>\n    <span class=\"is-sticky\">Featured Post<\/span>\n<\/div><\/div>\n\t\t\t\t\t\t<\/div>\n\n\t\t\t\t\t\n\t\t\t\t\t\t\n\t\t\t\t\t\t<div class=\"mas-blog-post col-sm-6 col-md-4 post-6919 post type-post status-publish format-standard has-post-thumbnail sticky hentry category-blog-terra tag-acores tag-natureza tag-terra tag-trilhos\">\n\t\t\t\t\t\t\t    \t\t<a href=\"https:\/\/picosdeaventura.com\/pt\/2025\/04\/24\/caldeiras-das-furnas\/\">\n\t\t\t<img loading=\"lazy\" decoding=\"async\" width=\"394\" height=\"222\" src=\"https:\/\/picosdeaventura.com\/wp-content\/uploads\/2025\/04\/blog-picos-de-aventura-caldeiras-das-furnas-394x222.jpg\" class=\"img-responsive wp-post-image\" alt=\"Caldeiras das Furnas\" srcset=\"https:\/\/picosdeaventura.com\/wp-content\/uploads\/2025\/04\/blog-picos-de-aventura-caldeiras-das-furnas-394x222.jpg 394w, https:\/\/picosdeaventura.com\/wp-content\/uploads\/2025\/04\/blog-picos-de-aventura-caldeiras-das-furnas-300x169.jpg 300w, https:\/\/picosdeaventura.com\/wp-content\/uploads\/2025\/04\/blog-picos-de-aventura-caldeiras-das-furnas-1024x576.jpg 1024w, https:\/\/picosdeaventura.com\/wp-content\/uploads\/2025\/04\/blog-picos-de-aventura-caldeiras-das-furnas-768x432.jpg 768w, https:\/\/picosdeaventura.com\/wp-content\/uploads\/2025\/04\/blog-picos-de-aventura-caldeiras-das-furnas-18x10.jpg 18w, https:\/\/picosdeaventura.com\/wp-content\/uploads\/2025\/04\/blog-picos-de-aventura-caldeiras-das-furnas-71x40.jpg 71w, https:\/\/picosdeaventura.com\/wp-content\/uploads\/2025\/04\/blog-picos-de-aventura-caldeiras-das-furnas-142x80.jpg 142w, https:\/\/picosdeaventura.com\/wp-content\/uploads\/2025\/04\/blog-picos-de-aventura-caldeiras-das-furnas-915x515.jpg 915w, https:\/\/picosdeaventura.com\/wp-content\/uploads\/2025\/04\/blog-picos-de-aventura-caldeiras-das-furnas.jpg 1200w\" sizes=\"auto, (max-width: 394px) 100vw, 394px\" title=\"\">    \t<\/a>\n    <div class=\"post-inner\">\n\n        <h3 class=\"post-title\"><a href=\"https:\/\/picosdeaventura.com\/pt\/2025\/04\/24\/caldeiras-das-furnas\/\">Descubra as\u00a0Caldeiras das Furnas<\/a><\/h3>\n    \t<div class=\"post-meta\">\n\t<span class=\"show-author\">Posted by <a href=\"https:\/\/picosdeaventura.com\/pt\/author\/admin\/\" title=\"Artigos de admin\" rel=\"author\">admin<\/a><\/span> <span class=\"show-comments\"><\/span>\n<\/div>\n\t            \t<div class=\"entry-content post-excerpt\">\n\t\t\t\t\t<p>As Caldeiras das Furnas, localizadas na freguesia das Furnas, no concelho da Povoa\u00e7\u00e3o, s\u00e3o um dos ex-l\u00edbris tur\u00edsticos da bela ilha de S\u00e3o Miguel, nos A\u00e7ores. O que s\u00e3o as Caldeiras das Furnas? As Caldeiras das Furnas s\u00e3o uma das &hellip; <a href=\"https:\/\/picosdeaventura.com\/pt\/2025\/04\/24\/caldeiras-das-furnas\/\">Read More<\/a><\/p>\n                <\/div>\n\t\t\t\t<div class=\"date-meta\">\n    <i class=\"xs-icon fa fa-calendar-o\"><\/i>\n    <time class=\"published\" datetime=\"2025-04-24T10:28:51+00:00\">24 de Abril, 2025<\/time>\n    <span class=\"is-sticky\">Featured Post<\/span>\n<\/div><\/div>\n\t\t\t\t\t\t<\/div>\n\n\t\t\t\t\t\n\t\t\t\t\t\t\n\t\t\t\t\t\t<div class=\"mas-blog-post col-sm-6 col-md-4 post-6865 post type-post status-publish format-standard has-post-thumbnail sticky hentry category-blog-terra tag-acores tag-natureza tag-terra\">\n\t\t\t\t\t\t\t    \t\t<a href=\"https:\/\/picosdeaventura.com\/pt\/2025\/03\/26\/sao-miguel-natureza-e-bem-estar\/\">\n\t\t\t<img loading=\"lazy\" decoding=\"async\" width=\"394\" height=\"222\" src=\"https:\/\/picosdeaventura.com\/wp-content\/uploads\/2025\/03\/blog-picos-de-aventura-sao-miguel-7-394x222.jpg\" class=\"img-responsive wp-post-image\" alt=\"s\u00e3o miguel: natureza e bem estar\" srcset=\"https:\/\/picosdeaventura.com\/wp-content\/uploads\/2025\/03\/blog-picos-de-aventura-sao-miguel-7-394x222.jpg 394w, https:\/\/picosdeaventura.com\/wp-content\/uploads\/2025\/03\/blog-picos-de-aventura-sao-miguel-7-300x169.jpg 300w, https:\/\/picosdeaventura.com\/wp-content\/uploads\/2025\/03\/blog-picos-de-aventura-sao-miguel-7-1024x576.jpg 1024w, https:\/\/picosdeaventura.com\/wp-content\/uploads\/2025\/03\/blog-picos-de-aventura-sao-miguel-7-768x432.jpg 768w, https:\/\/picosdeaventura.com\/wp-content\/uploads\/2025\/03\/blog-picos-de-aventura-sao-miguel-7-18x10.jpg 18w, https:\/\/picosdeaventura.com\/wp-content\/uploads\/2025\/03\/blog-picos-de-aventura-sao-miguel-7-71x40.jpg 71w, https:\/\/picosdeaventura.com\/wp-content\/uploads\/2025\/03\/blog-picos-de-aventura-sao-miguel-7-142x80.jpg 142w, https:\/\/picosdeaventura.com\/wp-content\/uploads\/2025\/03\/blog-picos-de-aventura-sao-miguel-7-915x515.jpg 915w, https:\/\/picosdeaventura.com\/wp-content\/uploads\/2025\/03\/blog-picos-de-aventura-sao-miguel-7.jpg 1200w\" sizes=\"auto, (max-width: 394px) 100vw, 394px\" title=\"\">    \t<\/a>\n    <div class=\"post-inner\">\n\n        <h3 class=\"post-title\"><a href=\"https:\/\/picosdeaventura.com\/pt\/2025\/03\/26\/sao-miguel-natureza-e-bem-estar\/\">S\u00e3o Miguel: Combine natureza e bem-estar<\/a><\/h3>\n    \t<div class=\"post-meta\">\n\t<span class=\"show-author\">Posted by <a href=\"https:\/\/picosdeaventura.com\/pt\/author\/admin\/\" title=\"Artigos de admin\" rel=\"author\">admin<\/a><\/span> <span class=\"show-comments\"><\/span>\n<\/div>\n\t            \t<div class=\"entry-content post-excerpt\">\n\t\t\t\t\t<p>S\u00e3o Miguel, a maior das nove ilhas do arquip\u00e9lago dos A\u00e7ores, \u00e9 um destino que oferece uma experi\u00eancia \u00fanica de conex\u00e3o com a natureza e de relaxamento puro. &hellip; <a href=\"https:\/\/picosdeaventura.com\/pt\/2025\/03\/26\/sao-miguel-natureza-e-bem-estar\/\">Read More<\/a><\/p>\n                <\/div>\n\t\t\t\t<div class=\"date-meta\">\n    <i class=\"xs-icon fa fa-calendar-o\"><\/i>\n    <time class=\"published\" datetime=\"2025-03-26T16:09:49+00:00\">26 de Mar\u00e7o, 2025<\/time>\n    <span class=\"is-sticky\">Featured Post<\/span>\n<\/div><\/div>\n\t\t\t\t\t\t<\/div>\n\n\t\t\t\t\t\n\t\t\t\t\t\t\n\t\t\t\t\t\t<div class=\"mas-blog-post col-sm-6 col-md-4 post-6680 post type-post status-publish format-standard has-post-thumbnail sticky hentry category-blog-mar tag-acores tag-avistamentos tag-mar tag-natureza tag-sperm-whale tag-whale-watching tag-whale-watching-azores\">\n\t\t\t\t\t\t\t    \t\t<a href=\"https:\/\/picosdeaventura.com\/pt\/2025\/02\/13\/observacao-de-cetaceos\/\">\n\t\t\t<img loading=\"lazy\" decoding=\"async\" width=\"394\" height=\"222\" src=\"https:\/\/picosdeaventura.com\/wp-content\/uploads\/2025\/02\/blog-picos-de-aventura-observacao-de-cetaceos-4-394x222.jpg\" class=\"img-responsive wp-post-image\" alt=\"Observa\u00e7\u00e3o de cet\u00e1ceos\" srcset=\"https:\/\/picosdeaventura.com\/wp-content\/uploads\/2025\/02\/blog-picos-de-aventura-observacao-de-cetaceos-4-394x222.jpg 394w, https:\/\/picosdeaventura.com\/wp-content\/uploads\/2025\/02\/blog-picos-de-aventura-observacao-de-cetaceos-4-300x169.jpg 300w, https:\/\/picosdeaventura.com\/wp-content\/uploads\/2025\/02\/blog-picos-de-aventura-observacao-de-cetaceos-4-1024x576.jpg 1024w, https:\/\/picosdeaventura.com\/wp-content\/uploads\/2025\/02\/blog-picos-de-aventura-observacao-de-cetaceos-4-768x432.jpg 768w, https:\/\/picosdeaventura.com\/wp-content\/uploads\/2025\/02\/blog-picos-de-aventura-observacao-de-cetaceos-4-18x10.jpg 18w, https:\/\/picosdeaventura.com\/wp-content\/uploads\/2025\/02\/blog-picos-de-aventura-observacao-de-cetaceos-4-71x40.jpg 71w, https:\/\/picosdeaventura.com\/wp-content\/uploads\/2025\/02\/blog-picos-de-aventura-observacao-de-cetaceos-4-142x80.jpg 142w, https:\/\/picosdeaventura.com\/wp-content\/uploads\/2025\/02\/blog-picos-de-aventura-observacao-de-cetaceos-4-915x515.jpg 915w, https:\/\/picosdeaventura.com\/wp-content\/uploads\/2025\/02\/blog-picos-de-aventura-observacao-de-cetaceos-4.jpg 1200w\" sizes=\"auto, (max-width: 394px) 100vw, 394px\" title=\"\">    \t<\/a>\n    <div class=\"post-inner\">\n\n        <h3 class=\"post-title\"><a href=\"https:\/\/picosdeaventura.com\/pt\/2025\/02\/13\/observacao-de-cetaceos\/\">Observa\u00e7\u00e3o de Cet\u00e1ceos: Uma Atividade M\u00e1gica nos A\u00e7ores<\/a><\/h3>\n    \t<div class=\"post-meta\">\n\t<span class=\"show-author\">Posted by <a href=\"https:\/\/picosdeaventura.com\/pt\/author\/admin\/\" title=\"Artigos de admin\" rel=\"author\">admin<\/a><\/span> <span class=\"show-comments\"><\/span>\n<\/div>\n\t            \t<div class=\"entry-content post-excerpt\">\n\t\t\t\t\t<p>Os A\u00e7ores, em pleno Oceano Atl\u00e2ntico, s\u00e3o um dos melhores destinos do mundo para a observa\u00e7\u00e3o de cet\u00e1ceos no seu habitat natural. &hellip; <a href=\"https:\/\/picosdeaventura.com\/pt\/2025\/02\/13\/observacao-de-cetaceos\/\">Read More<\/a><\/p>\n                <\/div>\n\t\t\t\t<div class=\"date-meta\">\n    <i class=\"xs-icon fa fa-calendar-o\"><\/i>\n    <time class=\"published\" datetime=\"2025-02-13T11:55:13+00:00\">13 de Fevereiro, 2025<\/time>\n    <span class=\"is-sticky\">Featured Post<\/span>\n<\/div><\/div>\n\t\t\t\t\t\t<\/div>\n\n\t\t\t\t\t\n\t\t\t\t\t\t\n\t\t\t\t\t\t<div class=\"mas-blog-post col-sm-6 col-md-4 post-6662 post type-post status-publish format-standard has-post-thumbnail sticky hentry category-blog-terra tag-acores tag-natureza tag-terra\">\n\t\t\t\t\t\t\t    \t\t<a href=\"https:\/\/picosdeaventura.com\/pt\/2025\/01\/15\/ribeira-dos-caldeiroes\/\">\n\t\t\t<img loading=\"lazy\" decoding=\"async\" width=\"394\" height=\"222\" src=\"https:\/\/picosdeaventura.com\/wp-content\/uploads\/2025\/01\/blog-picos-de-aventura-ribeira-dos-caldeiroes-394x222.jpg\" class=\"img-responsive wp-post-image\" alt=\"Ribeira dos Caldeir\u00f5es\" srcset=\"https:\/\/picosdeaventura.com\/wp-content\/uploads\/2025\/01\/blog-picos-de-aventura-ribeira-dos-caldeiroes-394x222.jpg 394w, https:\/\/picosdeaventura.com\/wp-content\/uploads\/2025\/01\/blog-picos-de-aventura-ribeira-dos-caldeiroes-300x169.jpg 300w, https:\/\/picosdeaventura.com\/wp-content\/uploads\/2025\/01\/blog-picos-de-aventura-ribeira-dos-caldeiroes-1024x576.jpg 1024w, https:\/\/picosdeaventura.com\/wp-content\/uploads\/2025\/01\/blog-picos-de-aventura-ribeira-dos-caldeiroes-768x432.jpg 768w, https:\/\/picosdeaventura.com\/wp-content\/uploads\/2025\/01\/blog-picos-de-aventura-ribeira-dos-caldeiroes-18x10.jpg 18w, https:\/\/picosdeaventura.com\/wp-content\/uploads\/2025\/01\/blog-picos-de-aventura-ribeira-dos-caldeiroes-71x40.jpg 71w, https:\/\/picosdeaventura.com\/wp-content\/uploads\/2025\/01\/blog-picos-de-aventura-ribeira-dos-caldeiroes-142x80.jpg 142w, https:\/\/picosdeaventura.com\/wp-content\/uploads\/2025\/01\/blog-picos-de-aventura-ribeira-dos-caldeiroes-915x515.jpg 915w, https:\/\/picosdeaventura.com\/wp-content\/uploads\/2025\/01\/blog-picos-de-aventura-ribeira-dos-caldeiroes.jpg 1200w\" sizes=\"auto, (max-width: 394px) 100vw, 394px\" title=\"\">    \t<\/a>\n    <div class=\"post-inner\">\n\n        <h3 class=\"post-title\"><a href=\"https:\/\/picosdeaventura.com\/pt\/2025\/01\/15\/ribeira-dos-caldeiroes\/\">Ribeira dos Caldeir\u00f5es: Para conhecer em 2025<\/a><\/h3>\n    \t<div class=\"post-meta\">\n\t<span class=\"show-author\">Posted by <a href=\"https:\/\/picosdeaventura.com\/pt\/author\/marketing\/\" title=\"Artigos de Marketing Newtour\" rel=\"author\">Marketing Newtour<\/a><\/span> <span class=\"show-comments\"><\/span>\n<\/div>\n\t            \t<div class=\"entry-content post-excerpt\">\n\t\t\t\t\t<p>O Parque da Ribeira dos Caldeir\u00f5es, na vila do Nordeste, em S\u00e3o Miguel, \u00e9 um dos maiores tesouros naturais da ilha. Saiba mais sobre este local imperd\u00edvel! &hellip; <a href=\"https:\/\/picosdeaventura.com\/pt\/2025\/01\/15\/ribeira-dos-caldeiroes\/\">Read More<\/a><\/p>\n                <\/div>\n\t\t\t\t<div class=\"date-meta\">\n    <i class=\"xs-icon fa fa-calendar-o\"><\/i>\n    <time class=\"published\" datetime=\"2025-01-15T17:50:46+00:00\">15 de Janeiro, 2025<\/time>\n    <span class=\"is-sticky\">Featured Post<\/span>\n<\/div><\/div>\n\t\t\t\t\t\t<\/div>\n\n\t\t\t\t\t\n\t\t\t\t\t\t\n\t\t\t\t\t\t<div class=\"mas-blog-post col-sm-6 col-md-4 post-6632 post type-post status-publish format-standard has-post-thumbnail sticky hentry category-blog-terra tag-acores tag-natureza tag-terra\">\n\t\t\t\t\t\t\t    \t\t<a href=\"https:\/\/picosdeaventura.com\/pt\/2024\/12\/11\/pico-do-ferro\/\">\n\t\t\t<img loading=\"lazy\" decoding=\"async\" width=\"394\" height=\"222\" src=\"https:\/\/picosdeaventura.com\/wp-content\/uploads\/2024\/12\/blog-picos-de-aventura-pico-do-ferro-394x222.jpg\" class=\"img-responsive wp-post-image\" alt=\"pico do ferro\" srcset=\"https:\/\/picosdeaventura.com\/wp-content\/uploads\/2024\/12\/blog-picos-de-aventura-pico-do-ferro-394x222.jpg 394w, https:\/\/picosdeaventura.com\/wp-content\/uploads\/2024\/12\/blog-picos-de-aventura-pico-do-ferro-300x169.jpg 300w, https:\/\/picosdeaventura.com\/wp-content\/uploads\/2024\/12\/blog-picos-de-aventura-pico-do-ferro-1024x576.jpg 1024w, https:\/\/picosdeaventura.com\/wp-content\/uploads\/2024\/12\/blog-picos-de-aventura-pico-do-ferro-768x432.jpg 768w, https:\/\/picosdeaventura.com\/wp-content\/uploads\/2024\/12\/blog-picos-de-aventura-pico-do-ferro-18x10.jpg 18w, https:\/\/picosdeaventura.com\/wp-content\/uploads\/2024\/12\/blog-picos-de-aventura-pico-do-ferro-71x40.jpg 71w, https:\/\/picosdeaventura.com\/wp-content\/uploads\/2024\/12\/blog-picos-de-aventura-pico-do-ferro-142x80.jpg 142w, https:\/\/picosdeaventura.com\/wp-content\/uploads\/2024\/12\/blog-picos-de-aventura-pico-do-ferro-915x515.jpg 915w, https:\/\/picosdeaventura.com\/wp-content\/uploads\/2024\/12\/blog-picos-de-aventura-pico-do-ferro.jpg 1200w\" sizes=\"auto, (max-width: 394px) 100vw, 394px\" title=\"\">    \t<\/a>\n    <div class=\"post-inner\">\n\n        <h3 class=\"post-title\"><a href=\"https:\/\/picosdeaventura.com\/pt\/2024\/12\/11\/pico-do-ferro\/\">Pico do Ferro: A janela para a Lagoa das Furnas<\/a><\/h3>\n    \t<div class=\"post-meta\">\n\t<span class=\"show-author\">Posted by <a href=\"https:\/\/picosdeaventura.com\/pt\/author\/admin\/\" title=\"Artigos de admin\" rel=\"author\">admin<\/a><\/span> <span class=\"show-comments\"><\/span>\n<\/div>\n\t            \t<div class=\"entry-content post-excerpt\">\n\t\t\t\t\t<p>Na ilha de S\u00e3o Miguel, descubra um dos miradouros com uma paisagem deslumbrante sobre a m\u00e1gica Lagoa das Furnas: o Miradouro do Pico do Ferro. &hellip; <a href=\"https:\/\/picosdeaventura.com\/pt\/2024\/12\/11\/pico-do-ferro\/\">Read More<\/a><\/p>\n                <\/div>\n\t\t\t\t<div class=\"date-meta\">\n    <i class=\"xs-icon fa fa-calendar-o\"><\/i>\n    <time class=\"published\" datetime=\"2024-12-11T17:12:08+00:00\">11 de Dezembro, 2024<\/time>\n    <span class=\"is-sticky\">Featured Post<\/span>\n<\/div><\/div>\n\t\t\t\t\t\t<\/div>\n\n\t\t\t\t\t\n\t\t\t\t\t\t\n\t\t\t\t\t\t<div class=\"mas-blog-post col-sm-6 col-md-4 post-6613 post type-post status-publish format-standard has-post-thumbnail sticky hentry category-blog-mar tag-acores tag-mar tag-natureza\">\n\t\t\t\t\t\t\t    \t\t<a href=\"https:\/\/picosdeaventura.com\/pt\/2024\/11\/14\/ponta-da-ferraria\/\">\n\t\t\t<img loading=\"lazy\" decoding=\"async\" width=\"394\" height=\"222\" src=\"https:\/\/picosdeaventura.com\/wp-content\/uploads\/2024\/11\/blog-picos-de-aventura-ponta-da-ferraria-394x222.jpg\" class=\"img-responsive wp-post-image\" alt=\"Ponta da Ferraria\" srcset=\"https:\/\/picosdeaventura.com\/wp-content\/uploads\/2024\/11\/blog-picos-de-aventura-ponta-da-ferraria-394x222.jpg 394w, https:\/\/picosdeaventura.com\/wp-content\/uploads\/2024\/11\/blog-picos-de-aventura-ponta-da-ferraria-300x169.jpg 300w, https:\/\/picosdeaventura.com\/wp-content\/uploads\/2024\/11\/blog-picos-de-aventura-ponta-da-ferraria-1024x576.jpg 1024w, https:\/\/picosdeaventura.com\/wp-content\/uploads\/2024\/11\/blog-picos-de-aventura-ponta-da-ferraria-768x432.jpg 768w, https:\/\/picosdeaventura.com\/wp-content\/uploads\/2024\/11\/blog-picos-de-aventura-ponta-da-ferraria-18x10.jpg 18w, https:\/\/picosdeaventura.com\/wp-content\/uploads\/2024\/11\/blog-picos-de-aventura-ponta-da-ferraria-71x40.jpg 71w, https:\/\/picosdeaventura.com\/wp-content\/uploads\/2024\/11\/blog-picos-de-aventura-ponta-da-ferraria-142x80.jpg 142w, https:\/\/picosdeaventura.com\/wp-content\/uploads\/2024\/11\/blog-picos-de-aventura-ponta-da-ferraria-915x515.jpg 915w, https:\/\/picosdeaventura.com\/wp-content\/uploads\/2024\/11\/blog-picos-de-aventura-ponta-da-ferraria.jpg 1200w\" sizes=\"auto, (max-width: 394px) 100vw, 394px\" title=\"\">    \t<\/a>\n    <div class=\"post-inner\">\n\n        <h3 class=\"post-title\"><a href=\"https:\/\/picosdeaventura.com\/pt\/2024\/11\/14\/ponta-da-ferraria\/\">Ponta da Ferraria: Um fen\u00f3meno do vulcanismo<\/a><\/h3>\n    \t<div class=\"post-meta\">\n\t<span class=\"show-author\">Posted by <a href=\"https:\/\/picosdeaventura.com\/pt\/author\/admin\/\" title=\"Artigos de admin\" rel=\"author\">admin<\/a><\/span> <span class=\"show-comments\"><\/span>\n<\/div>\n\t            \t<div class=\"entry-content post-excerpt\">\n\t\t\t\t\t<p>A Ponta da Ferraria, situada na costa sudoeste da ilha de S\u00e3o Miguel, \u00e9 um dos locais mais emblem\u00e1ticos e imperd\u00edveis dos A\u00e7ores. Fique a conhecer mais! &hellip; <a href=\"https:\/\/picosdeaventura.com\/pt\/2024\/11\/14\/ponta-da-ferraria\/\">Read More<\/a><\/p>\n                <\/div>\n\t\t\t\t<div class=\"date-meta\">\n    <i class=\"xs-icon fa fa-calendar-o\"><\/i>\n    <time class=\"published\" datetime=\"2024-11-14T12:41:54+00:00\">14 de Novembro, 2024<\/time>\n    <span class=\"is-sticky\">Featured Post<\/span>\n<\/div><\/div>\n\t\t\t\t\t\t<\/div>\n\n\t\t\t\t\t\n\t\t\t\t\t\t\n\t\t\t\t\t\t<div class=\"mas-blog-post col-sm-6 col-md-4 post-6576 post type-post status-publish format-standard has-post-thumbnail sticky hentry category-blog-terra tag-acores tag-natureza tag-terra tag-trilhos\">\n\t\t\t\t\t\t\t    \t\t<a href=\"https:\/\/picosdeaventura.com\/pt\/2024\/10\/22\/sao-miguel-atividades-de-inverno\/\">\n\t\t\t<img loading=\"lazy\" decoding=\"async\" width=\"394\" height=\"222\" src=\"https:\/\/picosdeaventura.com\/wp-content\/uploads\/2024\/10\/blog-picos-de-aventura-sao-miguel-atividades-inverno-394x222.jpg\" class=\"img-responsive wp-post-image\" alt=\"S\u00e3o Miguel: Atividades de inverno\" srcset=\"https:\/\/picosdeaventura.com\/wp-content\/uploads\/2024\/10\/blog-picos-de-aventura-sao-miguel-atividades-inverno-394x222.jpg 394w, https:\/\/picosdeaventura.com\/wp-content\/uploads\/2024\/10\/blog-picos-de-aventura-sao-miguel-atividades-inverno-300x169.jpg 300w, https:\/\/picosdeaventura.com\/wp-content\/uploads\/2024\/10\/blog-picos-de-aventura-sao-miguel-atividades-inverno-1024x576.jpg 1024w, https:\/\/picosdeaventura.com\/wp-content\/uploads\/2024\/10\/blog-picos-de-aventura-sao-miguel-atividades-inverno-768x432.jpg 768w, https:\/\/picosdeaventura.com\/wp-content\/uploads\/2024\/10\/blog-picos-de-aventura-sao-miguel-atividades-inverno-18x10.jpg 18w, https:\/\/picosdeaventura.com\/wp-content\/uploads\/2024\/10\/blog-picos-de-aventura-sao-miguel-atividades-inverno-71x40.jpg 71w, https:\/\/picosdeaventura.com\/wp-content\/uploads\/2024\/10\/blog-picos-de-aventura-sao-miguel-atividades-inverno-142x80.jpg 142w, https:\/\/picosdeaventura.com\/wp-content\/uploads\/2024\/10\/blog-picos-de-aventura-sao-miguel-atividades-inverno-915x515.jpg 915w, https:\/\/picosdeaventura.com\/wp-content\/uploads\/2024\/10\/blog-picos-de-aventura-sao-miguel-atividades-inverno.jpg 1200w\" sizes=\"auto, (max-width: 394px) 100vw, 394px\" title=\"\">    \t<\/a>\n    <div class=\"post-inner\">\n\n        <h3 class=\"post-title\"><a href=\"https:\/\/picosdeaventura.com\/pt\/2024\/10\/22\/sao-miguel-atividades-de-inverno\/\">S\u00e3o Miguel: Atividades Exclusivas de Inverno<\/a><\/h3>\n    \t<div class=\"post-meta\">\n\t<span class=\"show-author\">Posted by <a href=\"https:\/\/picosdeaventura.com\/pt\/author\/admin\/\" title=\"Artigos de admin\" rel=\"author\">admin<\/a><\/span> <span class=\"show-comments\"><\/span>\n<\/div>\n\t            \t<div class=\"entry-content post-excerpt\">\n\t\t\t\t\t<p>Abrace o inverno da melhor forma! Explore a natureza verdejante da ilha de S\u00e3o Miguel, na nossa companhia, com atividades exclusivas para toda a fam\u00edlia. &hellip; <a href=\"https:\/\/picosdeaventura.com\/pt\/2024\/10\/22\/sao-miguel-atividades-de-inverno\/\">Read More<\/a><\/p>\n                <\/div>\n\t\t\t\t<div class=\"date-meta\">\n    <i class=\"xs-icon fa fa-calendar-o\"><\/i>\n    <time class=\"published\" datetime=\"2024-10-22T09:52:26+00:00\">22 de Outubro, 2024<\/time>\n    <span class=\"is-sticky\">Featured Post<\/span>\n<\/div><\/div>\n\t\t\t\t\t\t<\/div>\n\n\t\t\t\t\t\n\t\t\t\t\t\t\n\t\t\t\t\t\t<div class=\"mas-blog-post col-sm-6 col-md-4 post-6550 post type-post status-publish format-standard has-post-thumbnail sticky hentry category-blog-terra tag-acores tag-natureza tag-terra\">\n\t\t\t\t\t\t\t    \t\t<a href=\"https:\/\/picosdeaventura.com\/pt\/2024\/09\/26\/o-ananas-dos-acores\/\">\n\t\t\t<img loading=\"lazy\" decoding=\"async\" width=\"394\" height=\"222\" src=\"https:\/\/picosdeaventura.com\/wp-content\/uploads\/2024\/09\/blog-picos-de-aventura-ananas-dos-acores-1-394x222.png\" class=\"img-responsive wp-post-image\" alt=\"Anan\u00e1s dos A\u00e7ores\" srcset=\"https:\/\/picosdeaventura.com\/wp-content\/uploads\/2024\/09\/blog-picos-de-aventura-ananas-dos-acores-1-394x222.png 394w, https:\/\/picosdeaventura.com\/wp-content\/uploads\/2024\/09\/blog-picos-de-aventura-ananas-dos-acores-1-300x169.png 300w, https:\/\/picosdeaventura.com\/wp-content\/uploads\/2024\/09\/blog-picos-de-aventura-ananas-dos-acores-1-1024x576.png 1024w, https:\/\/picosdeaventura.com\/wp-content\/uploads\/2024\/09\/blog-picos-de-aventura-ananas-dos-acores-1-768x432.png 768w, https:\/\/picosdeaventura.com\/wp-content\/uploads\/2024\/09\/blog-picos-de-aventura-ananas-dos-acores-1-18x10.png 18w, https:\/\/picosdeaventura.com\/wp-content\/uploads\/2024\/09\/blog-picos-de-aventura-ananas-dos-acores-1-71x40.png 71w, https:\/\/picosdeaventura.com\/wp-content\/uploads\/2024\/09\/blog-picos-de-aventura-ananas-dos-acores-1-142x80.png 142w, https:\/\/picosdeaventura.com\/wp-content\/uploads\/2024\/09\/blog-picos-de-aventura-ananas-dos-acores-1-915x515.png 915w, https:\/\/picosdeaventura.com\/wp-content\/uploads\/2024\/09\/blog-picos-de-aventura-ananas-dos-acores-1.png 1200w\" sizes=\"auto, (max-width: 394px) 100vw, 394px\" title=\"\">    \t<\/a>\n    <div class=\"post-inner\">\n\n        <h3 class=\"post-title\"><a href=\"https:\/\/picosdeaventura.com\/pt\/2024\/09\/26\/o-ananas-dos-acores\/\">O Anan\u00e1s dos A\u00e7ores: O Rei dos Frutos<\/a><\/h3>\n    \t<div class=\"post-meta\">\n\t<span class=\"show-author\">Posted by <a href=\"https:\/\/picosdeaventura.com\/pt\/author\/admin\/\" title=\"Artigos de admin\" rel=\"author\">admin<\/a><\/span> <span class=\"show-comments\"><\/span>\n<\/div>\n\t            \t<div class=\"entry-content post-excerpt\">\n\t\t\t\t\t<p>O Anan\u00e1s dos A\u00e7ores \u00e9 um dos produtos regionais mais afamados de S\u00e3o Miguel. \u00c9 uma fruta \u00fanica que encanta paladares. Saiba mais sobre o \u201cRei dos Frutos\u201d. &hellip; <a href=\"https:\/\/picosdeaventura.com\/pt\/2024\/09\/26\/o-ananas-dos-acores\/\">Read More<\/a><\/p>\n                <\/div>\n\t\t\t\t<div class=\"date-meta\">\n    <i class=\"xs-icon fa fa-calendar-o\"><\/i>\n    <time class=\"published\" datetime=\"2024-09-26T11:09:09+00:00\">26 de Setembro, 2024<\/time>\n    <span class=\"is-sticky\">Featured Post<\/span>\n<\/div><\/div>\n\t\t\t\t\t\t<\/div>\n\n\t\t\t\t\t\n\t\t\t\t\t\t\n\t\t\t\t\t\t<div class=\"mas-blog-post col-sm-6 col-md-4 post-6528 post type-post status-publish format-standard has-post-thumbnail sticky hentry category-blog-terra tag-acores tag-natureza tag-terra tag-trilhos\">\n\t\t\t\t\t\t\t    \t\t<a href=\"https:\/\/picosdeaventura.com\/pt\/2024\/08\/26\/lagoa-do-congro\/\">\n\t\t\t<img loading=\"lazy\" decoding=\"async\" width=\"394\" height=\"222\" src=\"https:\/\/picosdeaventura.com\/wp-content\/uploads\/2024\/08\/blog-picos-de-aventura-lagoa-do-congro-394x222.png\" class=\"img-responsive wp-post-image\" alt=\"\" srcset=\"https:\/\/picosdeaventura.com\/wp-content\/uploads\/2024\/08\/blog-picos-de-aventura-lagoa-do-congro-394x222.png 394w, https:\/\/picosdeaventura.com\/wp-content\/uploads\/2024\/08\/blog-picos-de-aventura-lagoa-do-congro-300x169.png 300w, https:\/\/picosdeaventura.com\/wp-content\/uploads\/2024\/08\/blog-picos-de-aventura-lagoa-do-congro-1024x576.png 1024w, https:\/\/picosdeaventura.com\/wp-content\/uploads\/2024\/08\/blog-picos-de-aventura-lagoa-do-congro-768x432.png 768w, https:\/\/picosdeaventura.com\/wp-content\/uploads\/2024\/08\/blog-picos-de-aventura-lagoa-do-congro-18x10.png 18w, https:\/\/picosdeaventura.com\/wp-content\/uploads\/2024\/08\/blog-picos-de-aventura-lagoa-do-congro-71x40.png 71w, https:\/\/picosdeaventura.com\/wp-content\/uploads\/2024\/08\/blog-picos-de-aventura-lagoa-do-congro-142x80.png 142w, https:\/\/picosdeaventura.com\/wp-content\/uploads\/2024\/08\/blog-picos-de-aventura-lagoa-do-congro-915x515.png 915w, https:\/\/picosdeaventura.com\/wp-content\/uploads\/2024\/08\/blog-picos-de-aventura-lagoa-do-congro.png 1200w\" sizes=\"auto, (max-width: 394px) 100vw, 394px\" title=\"\">    \t<\/a>\n    <div class=\"post-inner\">\n\n        <h3 class=\"post-title\"><a href=\"https:\/\/picosdeaventura.com\/pt\/2024\/08\/26\/lagoa-do-congro\/\">Lagoa do Congro: O verde luxuriante<\/a><\/h3>\n    \t<div class=\"post-meta\">\n\t<span class=\"show-author\">Posted by <a href=\"https:\/\/picosdeaventura.com\/pt\/author\/admin\/\" title=\"Artigos de admin\" rel=\"author\">admin<\/a><\/span> <span class=\"show-comments\"><\/span>\n<\/div>\n\t            \t<div class=\"entry-content post-excerpt\">\n\t\t\t\t\t<p>Situada no cora\u00e7\u00e3o da ilha de S\u00e3o Miguel, a Lagoa do Congro \u00e9 um dos tesouros naturais mais bem guardados da regi\u00e3o. N\u00e3o pode perder! &hellip; <a href=\"https:\/\/picosdeaventura.com\/pt\/2024\/08\/26\/lagoa-do-congro\/\">Read More<\/a><\/p>\n                <\/div>\n\t\t\t\t<div class=\"date-meta\">\n    <i class=\"xs-icon fa fa-calendar-o\"><\/i>\n    <time class=\"published\" datetime=\"2024-08-26T14:45:44+00:00\">26 de Agosto, 2024<\/time>\n    <span class=\"is-sticky\">Featured Post<\/span>\n<\/div><\/div>\n\t\t\t\t\t\t<\/div>\n\n\t\t\t\t\t\n\t\t\t\t\t\t\n\t\t\t\t\t\t<div class=\"mas-blog-post col-sm-6 col-md-4 post-6493 post type-post status-publish format-standard has-post-thumbnail sticky hentry category-blog-terra tag-acores tag-natureza tag-terra tag-trilhos tag-verao\">\n\t\t\t\t\t\t\t    \t\t<a href=\"https:\/\/picosdeaventura.com\/pt\/2024\/07\/18\/sete-cidades-venha-descobrir\/\">\n\t\t\t<img loading=\"lazy\" decoding=\"async\" width=\"394\" height=\"222\" src=\"https:\/\/picosdeaventura.com\/wp-content\/uploads\/2024\/07\/blog-picos-de-aventura-sete-cidades-9-394x222.jpg\" class=\"img-responsive wp-post-image\" alt=\"Sete Cidades\" srcset=\"https:\/\/picosdeaventura.com\/wp-content\/uploads\/2024\/07\/blog-picos-de-aventura-sete-cidades-9-394x222.jpg 394w, https:\/\/picosdeaventura.com\/wp-content\/uploads\/2024\/07\/blog-picos-de-aventura-sete-cidades-9-300x169.jpg 300w, https:\/\/picosdeaventura.com\/wp-content\/uploads\/2024\/07\/blog-picos-de-aventura-sete-cidades-9-1024x576.jpg 1024w, https:\/\/picosdeaventura.com\/wp-content\/uploads\/2024\/07\/blog-picos-de-aventura-sete-cidades-9-768x432.jpg 768w, https:\/\/picosdeaventura.com\/wp-content\/uploads\/2024\/07\/blog-picos-de-aventura-sete-cidades-9-18x10.jpg 18w, https:\/\/picosdeaventura.com\/wp-content\/uploads\/2024\/07\/blog-picos-de-aventura-sete-cidades-9-71x40.jpg 71w, https:\/\/picosdeaventura.com\/wp-content\/uploads\/2024\/07\/blog-picos-de-aventura-sete-cidades-9-142x80.jpg 142w, https:\/\/picosdeaventura.com\/wp-content\/uploads\/2024\/07\/blog-picos-de-aventura-sete-cidades-9-915x515.jpg 915w, https:\/\/picosdeaventura.com\/wp-content\/uploads\/2024\/07\/blog-picos-de-aventura-sete-cidades-9.jpg 1200w\" sizes=\"auto, (max-width: 394px) 100vw, 394px\" title=\"\">    \t<\/a>\n    <div class=\"post-inner\">\n\n        <h3 class=\"post-title\"><a href=\"https:\/\/picosdeaventura.com\/pt\/2024\/07\/18\/sete-cidades-venha-descobrir\/\">Descubra as Sete Cidades<\/a><\/h3>\n    \t<div class=\"post-meta\">\n\t<span class=\"show-author\">Posted by <a href=\"https:\/\/picosdeaventura.com\/pt\/author\/admin\/\" title=\"Artigos de admin\" rel=\"author\">admin<\/a><\/span> <span class=\"show-comments\"><\/span>\n<\/div>\n\t            \t<div class=\"entry-content post-excerpt\">\n\t\t\t\t\t<p>As Sete Cidades, na ilha de S\u00e3o Miguel, \u00e9 um dos locais de visita mais imperd\u00edveis nos A\u00e7ores. Descubra este pequeno para\u00edso e tudo o que n\u00e3o pode perder. &hellip; <a href=\"https:\/\/picosdeaventura.com\/pt\/2024\/07\/18\/sete-cidades-venha-descobrir\/\">Read More<\/a><\/p>\n                <\/div>\n\t\t\t\t<div class=\"date-meta\">\n    <i class=\"xs-icon fa fa-calendar-o\"><\/i>\n    <time class=\"published\" datetime=\"2024-07-18T11:11:35+00:00\">18 de Julho, 2024<\/time>\n    <span class=\"is-sticky\">Featured Post<\/span>\n<\/div><\/div>\n\t\t\t\t\t\t<\/div>\n\n\t\t\t\t\t\n\t\t\t\t\t\t\n\t\t\t\t\t\t<div class=\"mas-blog-post col-sm-6 col-md-4 post-6480 post type-post status-publish format-standard has-post-thumbnail sticky hentry category-blog-mar tag-avistamentos tag-mar tag-whale-watching tag-whale-watching-azores\">\n\t\t\t\t\t\t\t    \t\t<a href=\"https:\/\/picosdeaventura.com\/pt\/2024\/07\/04\/mamiferos-marinhos-tambem-amamentam\/\">\n\t\t\t<img loading=\"lazy\" decoding=\"async\" width=\"394\" height=\"222\" src=\"https:\/\/picosdeaventura.com\/wp-content\/uploads\/2024\/07\/blog-picos-de-aventura-amamentar-1-394x222.png\" class=\"img-responsive wp-post-image\" alt=\"Sabia que os mam\u00edferos marinhos tamb\u00e9m amamentam?\" srcset=\"https:\/\/picosdeaventura.com\/wp-content\/uploads\/2024\/07\/blog-picos-de-aventura-amamentar-1-394x222.png 394w, https:\/\/picosdeaventura.com\/wp-content\/uploads\/2024\/07\/blog-picos-de-aventura-amamentar-1-300x169.png 300w, https:\/\/picosdeaventura.com\/wp-content\/uploads\/2024\/07\/blog-picos-de-aventura-amamentar-1-1024x576.png 1024w, https:\/\/picosdeaventura.com\/wp-content\/uploads\/2024\/07\/blog-picos-de-aventura-amamentar-1-768x432.png 768w, https:\/\/picosdeaventura.com\/wp-content\/uploads\/2024\/07\/blog-picos-de-aventura-amamentar-1-18x10.png 18w, https:\/\/picosdeaventura.com\/wp-content\/uploads\/2024\/07\/blog-picos-de-aventura-amamentar-1-71x40.png 71w, https:\/\/picosdeaventura.com\/wp-content\/uploads\/2024\/07\/blog-picos-de-aventura-amamentar-1-142x80.png 142w, https:\/\/picosdeaventura.com\/wp-content\/uploads\/2024\/07\/blog-picos-de-aventura-amamentar-1-915x515.png 915w, https:\/\/picosdeaventura.com\/wp-content\/uploads\/2024\/07\/blog-picos-de-aventura-amamentar-1.png 1200w\" sizes=\"auto, (max-width: 394px) 100vw, 394px\" title=\"\">    \t<\/a>\n    <div class=\"post-inner\">\n\n        <h3 class=\"post-title\"><a href=\"https:\/\/picosdeaventura.com\/pt\/2024\/07\/04\/mamiferos-marinhos-tambem-amamentam\/\">Sabia que os mam\u00edferos marinhos tamb\u00e9m amamentam?<\/a><\/h3>\n    \t<div class=\"post-meta\">\n\t<span class=\"show-author\">Posted by <a href=\"https:\/\/picosdeaventura.com\/pt\/author\/biologomar\/\" title=\"Artigos de Bi\u00f3logo\" rel=\"author\">Bi\u00f3logo<\/a><\/span> <span class=\"show-comments\"><\/span>\n<\/div>\n\t            \t<div class=\"entry-content post-excerpt\">\n\t\t\t\t\t<p>Amamentar \u00e9 o ato, por parte de uma f\u00eamea de mam\u00edfero, de alimentar as suas crias com o leite que produzem. Baleias e golfinhos s\u00e3o mam\u00edferos marinhos, o que significa que tamb\u00e9m amamentam as suas crias, dependendo diretamente do leite da m\u00e3e nos primeiros anos de vida. &hellip; <a href=\"https:\/\/picosdeaventura.com\/pt\/2024\/07\/04\/mamiferos-marinhos-tambem-amamentam\/\">Read More<\/a><\/p>\n                <\/div>\n\t\t\t\t<div class=\"date-meta\">\n    <i class=\"xs-icon fa fa-calendar-o\"><\/i>\n    <time class=\"published\" datetime=\"2024-07-04T10:38:32+00:00\">4 de Julho, 2024<\/time>\n    <span class=\"is-sticky\">Featured Post<\/span>\n<\/div><\/div>\n\t\t\t\t\t\t<\/div>\n\n\t\t\t\t\t\n\t\t\t\t\t\t\n\t\t\t\t\t\t<div class=\"mas-blog-post col-sm-6 col-md-4 post-6455 post type-post status-publish format-standard has-post-thumbnail sticky hentry category-blog-terra tag-acores tag-mar tag-mergulho tag-natureza tag-praias tag-terra tag-verao\">\n\t\t\t\t\t\t\t    \t\t<a href=\"https:\/\/picosdeaventura.com\/pt\/2024\/06\/20\/terceira-spots-para-mergulhar\/\">\n\t\t\t<img loading=\"lazy\" decoding=\"async\" width=\"394\" height=\"222\" src=\"https:\/\/picosdeaventura.com\/wp-content\/uploads\/2024\/06\/blog-picos-de-aventura-terceira-4-394x222.jpg\" class=\"img-responsive wp-post-image\" alt=\"Terceira: lugares para mergulhar\" srcset=\"https:\/\/picosdeaventura.com\/wp-content\/uploads\/2024\/06\/blog-picos-de-aventura-terceira-4-394x222.jpg 394w, https:\/\/picosdeaventura.com\/wp-content\/uploads\/2024\/06\/blog-picos-de-aventura-terceira-4-300x169.jpg 300w, https:\/\/picosdeaventura.com\/wp-content\/uploads\/2024\/06\/blog-picos-de-aventura-terceira-4-1024x576.jpg 1024w, https:\/\/picosdeaventura.com\/wp-content\/uploads\/2024\/06\/blog-picos-de-aventura-terceira-4-768x432.jpg 768w, https:\/\/picosdeaventura.com\/wp-content\/uploads\/2024\/06\/blog-picos-de-aventura-terceira-4-18x10.jpg 18w, https:\/\/picosdeaventura.com\/wp-content\/uploads\/2024\/06\/blog-picos-de-aventura-terceira-4-71x40.jpg 71w, https:\/\/picosdeaventura.com\/wp-content\/uploads\/2024\/06\/blog-picos-de-aventura-terceira-4-142x80.jpg 142w, https:\/\/picosdeaventura.com\/wp-content\/uploads\/2024\/06\/blog-picos-de-aventura-terceira-4-915x515.jpg 915w, https:\/\/picosdeaventura.com\/wp-content\/uploads\/2024\/06\/blog-picos-de-aventura-terceira-4.jpg 1200w\" sizes=\"auto, (max-width: 394px) 100vw, 394px\" title=\"\">    \t<\/a>\n    <div class=\"post-inner\">\n\n        <h3 class=\"post-title\"><a href=\"https:\/\/picosdeaventura.com\/pt\/2024\/06\/20\/terceira-spots-para-mergulhar\/\">Terceira: Melhores spots para mergulhar no ver\u00e3o<\/a><\/h3>\n    \t<div class=\"post-meta\">\n\t<span class=\"show-author\">Posted by <a href=\"https:\/\/picosdeaventura.com\/pt\/author\/admin\/\" title=\"Artigos de admin\" rel=\"author\">admin<\/a><\/span> <span class=\"show-comments\"><\/span>\n<\/div>\n\t            \t<div class=\"entry-content post-excerpt\">\n\t\t\t\t\t<p>Mergulhe nas \u00e1guas frescas que rodeiam a costa da Terceira. Aproveite j\u00e1 este ver\u00e3o para conhecer os melhores spots para desfrutar de belos banhos de mar. &hellip; <a href=\"https:\/\/picosdeaventura.com\/pt\/2024\/06\/20\/terceira-spots-para-mergulhar\/\">Read More<\/a><\/p>\n                <\/div>\n\t\t\t\t<div class=\"date-meta\">\n    <i class=\"xs-icon fa fa-calendar-o\"><\/i>\n    <time class=\"published\" datetime=\"2024-06-20T11:09:00+00:00\">20 de Junho, 2024<\/time>\n    <span class=\"is-sticky\">Featured Post<\/span>\n<\/div><\/div>\n\t\t\t\t\t\t<\/div>\n\n\t\t\t\t\t\n\t\t\t\t\t\t\n\t\t\t\t\t\t<div class=\"mas-blog-post col-sm-6 col-md-4 post-6430 post type-post status-publish format-standard has-post-thumbnail sticky hentry category-blog-mar\">\n\t\t\t\t\t\t\t    \t\t<a href=\"https:\/\/picosdeaventura.com\/pt\/2024\/06\/06\/porque-e-que-os-cetaceos-saltam\/\">\n\t\t\t<img loading=\"lazy\" decoding=\"async\" width=\"394\" height=\"222\" src=\"https:\/\/picosdeaventura.com\/wp-content\/uploads\/2024\/06\/blog-picos-de-aventura-cetaceos-394x222.png\" class=\"img-responsive wp-post-image\" alt=\"Cet\u00e1ceos\" srcset=\"https:\/\/picosdeaventura.com\/wp-content\/uploads\/2024\/06\/blog-picos-de-aventura-cetaceos-394x222.png 394w, https:\/\/picosdeaventura.com\/wp-content\/uploads\/2024\/06\/blog-picos-de-aventura-cetaceos-300x169.png 300w, https:\/\/picosdeaventura.com\/wp-content\/uploads\/2024\/06\/blog-picos-de-aventura-cetaceos-1024x576.png 1024w, https:\/\/picosdeaventura.com\/wp-content\/uploads\/2024\/06\/blog-picos-de-aventura-cetaceos-768x432.png 768w, https:\/\/picosdeaventura.com\/wp-content\/uploads\/2024\/06\/blog-picos-de-aventura-cetaceos-18x10.png 18w, https:\/\/picosdeaventura.com\/wp-content\/uploads\/2024\/06\/blog-picos-de-aventura-cetaceos-71x40.png 71w, https:\/\/picosdeaventura.com\/wp-content\/uploads\/2024\/06\/blog-picos-de-aventura-cetaceos-142x80.png 142w, https:\/\/picosdeaventura.com\/wp-content\/uploads\/2024\/06\/blog-picos-de-aventura-cetaceos-915x515.png 915w, https:\/\/picosdeaventura.com\/wp-content\/uploads\/2024\/06\/blog-picos-de-aventura-cetaceos.png 1200w\" sizes=\"auto, (max-width: 394px) 100vw, 394px\" title=\"\">    \t<\/a>\n    <div class=\"post-inner\">\n\n        <h3 class=\"post-title\"><a href=\"https:\/\/picosdeaventura.com\/pt\/2024\/06\/06\/porque-e-que-os-cetaceos-saltam\/\">Porque \u00e9 que os cet\u00e1ceos saltam?<\/a><\/h3>\n    \t<div class=\"post-meta\">\n\t<span class=\"show-author\">Posted by <a href=\"https:\/\/picosdeaventura.com\/pt\/author\/biologomar\/\" title=\"Artigos de Bi\u00f3logo\" rel=\"author\">Bi\u00f3logo<\/a><\/span> <span class=\"show-comments\"><\/span>\n<\/div>\n\t            \t<div class=\"entry-content post-excerpt\">\n\t\t\t\t\t<p>O salto de uma baleia de grandes dimens\u00f5es \u00e9, quase de certeza, a a\u00e7\u00e3o mais poderosa realizada por qualquer animal, e um golfinho a saltar, elevando-se muitos metros acima da superf\u00edcie, \u00e9 uma das a\u00e7\u00f5es mais impressionantes! No entanto, a maior parte dos saltos n\u00e3o s\u00e3o atividades imediatamente funcionais para um animal aqu\u00e1tico, e a pergunta &#8220;Porque os cet\u00e1ceos o fazem?&#8221; continua a ser apenas parcialmente respondida. &hellip; <a href=\"https:\/\/picosdeaventura.com\/pt\/2024\/06\/06\/porque-e-que-os-cetaceos-saltam\/\">Read More<\/a><\/p>\n                <\/div>\n\t\t\t\t<div class=\"date-meta\">\n    <i class=\"xs-icon fa fa-calendar-o\"><\/i>\n    <time class=\"published\" datetime=\"2024-06-06T11:27:44+00:00\">6 de Junho, 2024<\/time>\n    <span class=\"is-sticky\">Featured Post<\/span>\n<\/div><\/div>\n\t\t\t\t\t\t<\/div>\n\n\t\t\t\t\t\n\t\t\t\t\t\t\n\t\t\t\t\t\t<div class=\"mas-blog-post col-sm-6 col-md-4 post-6402 post type-post status-publish format-standard has-post-thumbnail sticky hentry category-blog-terra tag-acores tag-natureza tag-terra\">\n\t\t\t\t\t\t\t    \t\t<a href=\"https:\/\/picosdeaventura.com\/pt\/2024\/05\/16\/os-miradouros-mais-epicos\/\">\n\t\t\t<img loading=\"lazy\" decoding=\"async\" width=\"394\" height=\"222\" src=\"https:\/\/picosdeaventura.com\/wp-content\/uploads\/2024\/05\/blog-picos-de-aventura-miradouros-394x222.png\" class=\"img-responsive wp-post-image\" alt=\"miradouros\" srcset=\"https:\/\/picosdeaventura.com\/wp-content\/uploads\/2024\/05\/blog-picos-de-aventura-miradouros-394x222.png 394w, https:\/\/picosdeaventura.com\/wp-content\/uploads\/2024\/05\/blog-picos-de-aventura-miradouros-300x169.png 300w, https:\/\/picosdeaventura.com\/wp-content\/uploads\/2024\/05\/blog-picos-de-aventura-miradouros-1024x576.png 1024w, https:\/\/picosdeaventura.com\/wp-content\/uploads\/2024\/05\/blog-picos-de-aventura-miradouros-768x432.png 768w, https:\/\/picosdeaventura.com\/wp-content\/uploads\/2024\/05\/blog-picos-de-aventura-miradouros-18x10.png 18w, https:\/\/picosdeaventura.com\/wp-content\/uploads\/2024\/05\/blog-picos-de-aventura-miradouros-71x40.png 71w, https:\/\/picosdeaventura.com\/wp-content\/uploads\/2024\/05\/blog-picos-de-aventura-miradouros-142x80.png 142w, https:\/\/picosdeaventura.com\/wp-content\/uploads\/2024\/05\/blog-picos-de-aventura-miradouros-915x515.png 915w, https:\/\/picosdeaventura.com\/wp-content\/uploads\/2024\/05\/blog-picos-de-aventura-miradouros.png 1200w\" sizes=\"auto, (max-width: 394px) 100vw, 394px\" title=\"\">    \t<\/a>\n    <div class=\"post-inner\">\n\n        <h3 class=\"post-title\"><a href=\"https:\/\/picosdeaventura.com\/pt\/2024\/05\/16\/os-miradouros-mais-epicos\/\">S\u00e3o Miguel: Os miradouros mais \u00e9picos<\/a><\/h3>\n    \t<div class=\"post-meta\">\n\t<span class=\"show-author\">Posted by <a href=\"https:\/\/picosdeaventura.com\/pt\/author\/admin\/\" title=\"Artigos de admin\" rel=\"author\">admin<\/a><\/span> <span class=\"show-comments\"><\/span>\n<\/div>\n\t            \t<div class=\"entry-content post-excerpt\">\n\t\t\t\t\t<p>A Ilha de S\u00e3o Miguel est\u00e1 repleta de paisagens deslumbrantes e miradouros que oferecem vistas panor\u00e2micas incr\u00edveis. Conhe\u00e7a alguns dos mais populares. &hellip; <a href=\"https:\/\/picosdeaventura.com\/pt\/2024\/05\/16\/os-miradouros-mais-epicos\/\">Read More<\/a><\/p>\n                <\/div>\n\t\t\t\t<div class=\"date-meta\">\n    <i class=\"xs-icon fa fa-calendar-o\"><\/i>\n    <time class=\"published\" datetime=\"2024-05-16T11:18:28+00:00\">16 de Maio, 2024<\/time>\n    <span class=\"is-sticky\">Featured Post<\/span>\n<\/div><\/div>\n\t\t\t\t\t\t<\/div>\n\n\t\t\t\t\t\n\t\t\t\t\t\t\n\t\t\t\t\t\t<div class=\"mas-blog-post col-sm-6 col-md-4 post-6358 post type-post status-publish format-standard has-post-thumbnail sticky hentry category-blog-mar tag-acores tag-mar tag-natureza\">\n\t\t\t\t\t\t\t    \t\t<a href=\"https:\/\/picosdeaventura.com\/pt\/2024\/05\/09\/organismos-marinhos-gelatinoso-dos-acores\/\">\n\t\t\t<img loading=\"lazy\" decoding=\"async\" width=\"394\" height=\"222\" src=\"https:\/\/picosdeaventura.com\/wp-content\/uploads\/2024\/05\/blog-picos-de-aventura-gelatinoso-1-394x222.png\" class=\"img-responsive wp-post-image\" alt=\"Organismo gelatinoso\" srcset=\"https:\/\/picosdeaventura.com\/wp-content\/uploads\/2024\/05\/blog-picos-de-aventura-gelatinoso-1-394x222.png 394w, https:\/\/picosdeaventura.com\/wp-content\/uploads\/2024\/05\/blog-picos-de-aventura-gelatinoso-1-300x169.png 300w, https:\/\/picosdeaventura.com\/wp-content\/uploads\/2024\/05\/blog-picos-de-aventura-gelatinoso-1-1024x576.png 1024w, https:\/\/picosdeaventura.com\/wp-content\/uploads\/2024\/05\/blog-picos-de-aventura-gelatinoso-1-768x432.png 768w, https:\/\/picosdeaventura.com\/wp-content\/uploads\/2024\/05\/blog-picos-de-aventura-gelatinoso-1-18x10.png 18w, https:\/\/picosdeaventura.com\/wp-content\/uploads\/2024\/05\/blog-picos-de-aventura-gelatinoso-1-71x40.png 71w, https:\/\/picosdeaventura.com\/wp-content\/uploads\/2024\/05\/blog-picos-de-aventura-gelatinoso-1-142x80.png 142w, https:\/\/picosdeaventura.com\/wp-content\/uploads\/2024\/05\/blog-picos-de-aventura-gelatinoso-1-915x515.png 915w, https:\/\/picosdeaventura.com\/wp-content\/uploads\/2024\/05\/blog-picos-de-aventura-gelatinoso-1.png 1200w\" sizes=\"auto, (max-width: 394px) 100vw, 394px\" title=\"\">    \t<\/a>\n    <div class=\"post-inner\">\n\n        <h3 class=\"post-title\"><a href=\"https:\/\/picosdeaventura.com\/pt\/2024\/05\/09\/organismos-marinhos-gelatinoso-dos-acores\/\">Organismos marinhos gelatinosos dos A\u00e7ores<\/a><\/h3>\n    \t<div class=\"post-meta\">\n\t<span class=\"show-author\">Posted by <a href=\"https:\/\/picosdeaventura.com\/pt\/author\/biologomar\/\" title=\"Artigos de Bi\u00f3logo\" rel=\"author\">Bi\u00f3logo<\/a><\/span> <span class=\"show-comments\"><\/span>\n<\/div>\n\t            \t<div class=\"entry-content post-excerpt\">\n\t\t\t\t\t<p>\u00c9 muito frequente os banhistas terem os seus banhos no mar interrompidos devido \u00e0 presen\u00e7a de seres de aspecto gelatinoso.  &hellip; <a href=\"https:\/\/picosdeaventura.com\/pt\/2024\/05\/09\/organismos-marinhos-gelatinoso-dos-acores\/\">Read More<\/a><\/p>\n                <\/div>\n\t\t\t\t<div class=\"date-meta\">\n    <i class=\"xs-icon fa fa-calendar-o\"><\/i>\n    <time class=\"published\" datetime=\"2024-05-09T10:23:08+00:00\">9 de Maio, 2024<\/time>\n    <span class=\"is-sticky\">Featured Post<\/span>\n<\/div><\/div>\n\t\t\t\t\t\t<\/div>\n\n\t\t\t\t\t\n\t\t\t\t\t\t\n\t\t\t\t\t\t<div class=\"mas-blog-post col-sm-6 col-md-4 post-6330 post type-post status-publish format-standard has-post-thumbnail sticky hentry category-blog-terra tag-acores tag-natureza tag-terra tag-trilhos\">\n\t\t\t\t\t\t\t    \t\t<a href=\"https:\/\/picosdeaventura.com\/pt\/2024\/04\/11\/sao-miguel-as-lagoas-mais-belas\/\">\n\t\t\t<img loading=\"lazy\" decoding=\"async\" width=\"394\" height=\"222\" src=\"https:\/\/picosdeaventura.com\/wp-content\/uploads\/2024\/04\/blog-picos-de-aventura-sao-miguel-lagoas-1-394x222.png\" class=\"img-responsive wp-post-image\" alt=\"S\u00e3o Miguel: As lagoas mais belas para conhecer\" srcset=\"https:\/\/picosdeaventura.com\/wp-content\/uploads\/2024\/04\/blog-picos-de-aventura-sao-miguel-lagoas-1-394x222.png 394w, https:\/\/picosdeaventura.com\/wp-content\/uploads\/2024\/04\/blog-picos-de-aventura-sao-miguel-lagoas-1-300x169.png 300w, https:\/\/picosdeaventura.com\/wp-content\/uploads\/2024\/04\/blog-picos-de-aventura-sao-miguel-lagoas-1-1024x576.png 1024w, https:\/\/picosdeaventura.com\/wp-content\/uploads\/2024\/04\/blog-picos-de-aventura-sao-miguel-lagoas-1-768x432.png 768w, https:\/\/picosdeaventura.com\/wp-content\/uploads\/2024\/04\/blog-picos-de-aventura-sao-miguel-lagoas-1-18x10.png 18w, https:\/\/picosdeaventura.com\/wp-content\/uploads\/2024\/04\/blog-picos-de-aventura-sao-miguel-lagoas-1-71x40.png 71w, https:\/\/picosdeaventura.com\/wp-content\/uploads\/2024\/04\/blog-picos-de-aventura-sao-miguel-lagoas-1-142x80.png 142w, https:\/\/picosdeaventura.com\/wp-content\/uploads\/2024\/04\/blog-picos-de-aventura-sao-miguel-lagoas-1-915x515.png 915w, https:\/\/picosdeaventura.com\/wp-content\/uploads\/2024\/04\/blog-picos-de-aventura-sao-miguel-lagoas-1.png 1200w\" sizes=\"auto, (max-width: 394px) 100vw, 394px\" title=\"\">    \t<\/a>\n    <div class=\"post-inner\">\n\n        <h3 class=\"post-title\"><a href=\"https:\/\/picosdeaventura.com\/pt\/2024\/04\/11\/sao-miguel-as-lagoas-mais-belas\/\">S\u00e3o Miguel: As lagoas mais belas para conhecer<\/a><\/h3>\n    \t<div class=\"post-meta\">\n\t<span class=\"show-author\">Posted by <a href=\"https:\/\/picosdeaventura.com\/pt\/author\/admin\/\" title=\"Artigos de admin\" rel=\"author\">admin<\/a><\/span> <span class=\"show-comments\"><\/span>\n<\/div>\n\t            \t<div class=\"entry-content post-excerpt\">\n\t\t\t\t\t<p>Explore algumas das lagoas mais bonitas da Ilha de S\u00e3o Miguel durante a sua estadia. A natureza verde e pura do arquip\u00e9lago chama por si. N\u00e3o perca! &hellip; <a href=\"https:\/\/picosdeaventura.com\/pt\/2024\/04\/11\/sao-miguel-as-lagoas-mais-belas\/\">Read More<\/a><\/p>\n                <\/div>\n\t\t\t\t<div class=\"date-meta\">\n    <i class=\"xs-icon fa fa-calendar-o\"><\/i>\n    <time class=\"published\" datetime=\"2024-04-11T11:17:44+00:00\">11 de Abril, 2024<\/time>\n    <span class=\"is-sticky\">Featured Post<\/span>\n<\/div><\/div>\n\t\t\t\t\t\t<\/div>\n\n\t\t\t\t\t\n\t\t\t\t\t\t\n\t\t\t\t\t\t<div class=\"mas-blog-post col-sm-6 col-md-4 post-6308 post type-post status-publish format-standard has-post-thumbnail sticky hentry category-blog-terra tag-acores tag-natureza tag-terra tag-trilhos\">\n\t\t\t\t\t\t\t    \t\t<a href=\"https:\/\/picosdeaventura.com\/pt\/2024\/03\/14\/terceira-3-trilhos-para-explorar\/\">\n\t\t\t<img loading=\"lazy\" decoding=\"async\" width=\"394\" height=\"222\" src=\"https:\/\/picosdeaventura.com\/wp-content\/uploads\/2024\/03\/blog-picos-de-aventura-terceira-trilhos-394x222.png\" class=\"img-responsive wp-post-image\" alt=\"Terceira\" srcset=\"https:\/\/picosdeaventura.com\/wp-content\/uploads\/2024\/03\/blog-picos-de-aventura-terceira-trilhos-394x222.png 394w, https:\/\/picosdeaventura.com\/wp-content\/uploads\/2024\/03\/blog-picos-de-aventura-terceira-trilhos-300x169.png 300w, https:\/\/picosdeaventura.com\/wp-content\/uploads\/2024\/03\/blog-picos-de-aventura-terceira-trilhos-1024x576.png 1024w, https:\/\/picosdeaventura.com\/wp-content\/uploads\/2024\/03\/blog-picos-de-aventura-terceira-trilhos-768x432.png 768w, https:\/\/picosdeaventura.com\/wp-content\/uploads\/2024\/03\/blog-picos-de-aventura-terceira-trilhos-18x10.png 18w, https:\/\/picosdeaventura.com\/wp-content\/uploads\/2024\/03\/blog-picos-de-aventura-terceira-trilhos-71x40.png 71w, https:\/\/picosdeaventura.com\/wp-content\/uploads\/2024\/03\/blog-picos-de-aventura-terceira-trilhos-142x80.png 142w, https:\/\/picosdeaventura.com\/wp-content\/uploads\/2024\/03\/blog-picos-de-aventura-terceira-trilhos-915x515.png 915w, https:\/\/picosdeaventura.com\/wp-content\/uploads\/2024\/03\/blog-picos-de-aventura-terceira-trilhos.png 1200w\" sizes=\"auto, (max-width: 394px) 100vw, 394px\" title=\"\">    \t<\/a>\n    <div class=\"post-inner\">\n\n        <h3 class=\"post-title\"><a href=\"https:\/\/picosdeaventura.com\/pt\/2024\/03\/14\/terceira-3-trilhos-para-explorar\/\">Terceira: 3 trilhos para explorar<\/a><\/h3>\n    \t<div class=\"post-meta\">\n\t<span class=\"show-author\">Posted by <a href=\"https:\/\/picosdeaventura.com\/pt\/author\/marketing\/\" title=\"Artigos de Marketing Newtour\" rel=\"author\">Marketing Newtour<\/a><\/span> <span class=\"show-comments\"><\/span>\n<\/div>\n\t            \t<div class=\"entry-content post-excerpt\">\n\t\t\t\t\t<p>A ilha Terceira \u00e9 um para\u00edso natural que oferece uma variedade de paisagens e de trilhos deslumbrantes para os entusiastas da natureza descobrirem. N\u00e3o perca! &hellip; <a href=\"https:\/\/picosdeaventura.com\/pt\/2024\/03\/14\/terceira-3-trilhos-para-explorar\/\">Read More<\/a><\/p>\n                <\/div>\n\t\t\t\t<div class=\"date-meta\">\n    <i class=\"xs-icon fa fa-calendar-o\"><\/i>\n    <time class=\"published\" datetime=\"2024-03-14T12:56:04+00:00\">14 de Mar\u00e7o, 2024<\/time>\n    <span class=\"is-sticky\">Featured Post<\/span>\n<\/div><\/div>\n\t\t\t\t\t\t<\/div>\n\n\t\t\t\t\t\n\t\t\t\t\t\t\n\t\t\t\t\t\t<div class=\"mas-blog-post col-sm-6 col-md-4 post-6277 post type-post status-publish format-standard has-post-thumbnail sticky hentry category-blog-mar category-blog-terra tag-acores tag-mar tag-natureza tag-terra tag-trilhos tag-whale-watching\">\n\t\t\t\t\t\t\t    \t\t<a href=\"https:\/\/picosdeaventura.com\/pt\/2024\/02\/12\/sao-miguel-escapadinha-a-dois\/\">\n\t\t\t<img loading=\"lazy\" decoding=\"async\" width=\"394\" height=\"222\" src=\"https:\/\/picosdeaventura.com\/wp-content\/uploads\/2024\/02\/blog-picos-de-aventura-sao-miguel-escapadinha-a-dois-394x222.png\" class=\"img-responsive wp-post-image\" alt=\"S\u00e3o Miguel Escapadinha a dois\" srcset=\"https:\/\/picosdeaventura.com\/wp-content\/uploads\/2024\/02\/blog-picos-de-aventura-sao-miguel-escapadinha-a-dois-394x222.png 394w, https:\/\/picosdeaventura.com\/wp-content\/uploads\/2024\/02\/blog-picos-de-aventura-sao-miguel-escapadinha-a-dois-300x169.png 300w, https:\/\/picosdeaventura.com\/wp-content\/uploads\/2024\/02\/blog-picos-de-aventura-sao-miguel-escapadinha-a-dois-1024x576.png 1024w, https:\/\/picosdeaventura.com\/wp-content\/uploads\/2024\/02\/blog-picos-de-aventura-sao-miguel-escapadinha-a-dois-768x432.png 768w, https:\/\/picosdeaventura.com\/wp-content\/uploads\/2024\/02\/blog-picos-de-aventura-sao-miguel-escapadinha-a-dois-18x10.png 18w, https:\/\/picosdeaventura.com\/wp-content\/uploads\/2024\/02\/blog-picos-de-aventura-sao-miguel-escapadinha-a-dois-71x40.png 71w, https:\/\/picosdeaventura.com\/wp-content\/uploads\/2024\/02\/blog-picos-de-aventura-sao-miguel-escapadinha-a-dois-142x80.png 142w, https:\/\/picosdeaventura.com\/wp-content\/uploads\/2024\/02\/blog-picos-de-aventura-sao-miguel-escapadinha-a-dois-915x515.png 915w, https:\/\/picosdeaventura.com\/wp-content\/uploads\/2024\/02\/blog-picos-de-aventura-sao-miguel-escapadinha-a-dois.png 1200w\" sizes=\"auto, (max-width: 394px) 100vw, 394px\" title=\"\">    \t<\/a>\n    <div class=\"post-inner\">\n\n        <h3 class=\"post-title\"><a href=\"https:\/\/picosdeaventura.com\/pt\/2024\/02\/12\/sao-miguel-escapadinha-a-dois\/\">S\u00e3o Miguel: A sua pr\u00f3xima escapadinha a dois<\/a><\/h3>\n    \t<div class=\"post-meta\">\n\t<span class=\"show-author\">Posted by <a href=\"https:\/\/picosdeaventura.com\/pt\/author\/admin\/\" title=\"Artigos de admin\" rel=\"author\">admin<\/a><\/span> <span class=\"show-comments\"><\/span>\n<\/div>\n\t            \t<div class=\"entry-content post-excerpt\">\n\t\t\t\t\t<p>Uma escapadinha a dois para se reconectar com a natureza verdejante de S\u00e3o Miguel \u00e9 tudo o que pode estar a precisar. Saiba o que n\u00e3o pode perder. &hellip; <a href=\"https:\/\/picosdeaventura.com\/pt\/2024\/02\/12\/sao-miguel-escapadinha-a-dois\/\">Read More<\/a><\/p>\n                <\/div>\n\t\t\t\t<div class=\"date-meta\">\n    <i class=\"xs-icon fa fa-calendar-o\"><\/i>\n    <time class=\"published\" datetime=\"2024-02-12T15:54:36+00:00\">12 de Fevereiro, 2024<\/time>\n    <span class=\"is-sticky\">Featured Post<\/span>\n<\/div><\/div>\n\t\t\t\t\t\t<\/div>\n\n\t\t\t\t\t\n\t\t\t\t\t\t\n\t\t\t\t\t\t<div class=\"mas-blog-post col-sm-6 col-md-4 post-6241 post type-post status-publish format-standard has-post-thumbnail sticky hentry category-blog-terra tag-acores tag-natureza tag-terra tag-trilhos\">\n\t\t\t\t\t\t\t    \t\t<a href=\"https:\/\/picosdeaventura.com\/pt\/2024\/01\/25\/especial-inverno\/\">\n\t\t\t<img loading=\"lazy\" decoding=\"async\" width=\"394\" height=\"222\" src=\"https:\/\/picosdeaventura.com\/wp-content\/uploads\/2024\/01\/blog-picos-de-aventura-inverno-394x222.png\" class=\"img-responsive wp-post-image\" alt=\"Especial Inverno\" srcset=\"https:\/\/picosdeaventura.com\/wp-content\/uploads\/2024\/01\/blog-picos-de-aventura-inverno-394x222.png 394w, https:\/\/picosdeaventura.com\/wp-content\/uploads\/2024\/01\/blog-picos-de-aventura-inverno-300x169.png 300w, https:\/\/picosdeaventura.com\/wp-content\/uploads\/2024\/01\/blog-picos-de-aventura-inverno-1024x576.png 1024w, https:\/\/picosdeaventura.com\/wp-content\/uploads\/2024\/01\/blog-picos-de-aventura-inverno-768x432.png 768w, https:\/\/picosdeaventura.com\/wp-content\/uploads\/2024\/01\/blog-picos-de-aventura-inverno-18x10.png 18w, https:\/\/picosdeaventura.com\/wp-content\/uploads\/2024\/01\/blog-picos-de-aventura-inverno-71x40.png 71w, https:\/\/picosdeaventura.com\/wp-content\/uploads\/2024\/01\/blog-picos-de-aventura-inverno-142x80.png 142w, https:\/\/picosdeaventura.com\/wp-content\/uploads\/2024\/01\/blog-picos-de-aventura-inverno-915x515.png 915w, https:\/\/picosdeaventura.com\/wp-content\/uploads\/2024\/01\/blog-picos-de-aventura-inverno.png 1200w\" sizes=\"auto, (max-width: 394px) 100vw, 394px\" title=\"\">    \t<\/a>\n    <div class=\"post-inner\">\n\n        <h3 class=\"post-title\"><a href=\"https:\/\/picosdeaventura.com\/pt\/2024\/01\/25\/especial-inverno\/\">Especial Inverno S\u00e3o Miguel: Atividades imperd\u00edveis<\/a><\/h3>\n    \t<div class=\"post-meta\">\n\t<span class=\"show-author\">Posted by <a href=\"https:\/\/picosdeaventura.com\/pt\/author\/admin\/\" title=\"Artigos de admin\" rel=\"author\">admin<\/a><\/span> <span class=\"show-comments\"><\/span>\n<\/div>\n\t            \t<div class=\"entry-content post-excerpt\">\n\t\t\t\t\t<p>Durante o inverno, aproveite para explorar a natureza pura e singular da Ilha Verde atrav\u00e9s de atividades emocionantes! Viva novas experi\u00eancias connosco. &hellip; <a href=\"https:\/\/picosdeaventura.com\/pt\/2024\/01\/25\/especial-inverno\/\">Read More<\/a><\/p>\n                <\/div>\n\t\t\t\t<div class=\"date-meta\">\n    <i class=\"xs-icon fa fa-calendar-o\"><\/i>\n    <time class=\"published\" datetime=\"2024-01-25T18:30:08+00:00\">25 de Janeiro, 2024<\/time>\n    <span class=\"is-sticky\">Featured Post<\/span>\n<\/div><\/div>\n\t\t\t\t\t\t<\/div>\n\n\t\t\t\t\t\n\t\t\t\t\t\t\n\t\t\t\t\t\t<div class=\"mas-blog-post col-sm-6 col-md-4 post-6115 post type-post status-publish format-standard has-post-thumbnail sticky hentry category-blog-terra tag-acores tag-natureza tag-terra\">\n\t\t\t\t\t\t\t    \t\t<a href=\"https:\/\/picosdeaventura.com\/pt\/2023\/12\/21\/povoacao\/\">\n\t\t\t<img loading=\"lazy\" decoding=\"async\" width=\"394\" height=\"222\" src=\"https:\/\/picosdeaventura.com\/wp-content\/uploads\/2023\/12\/blog-picos-de-aventura-povoacao-7-394x222.jpg\" class=\"img-responsive wp-post-image\" alt=\"Povoa\u00e7\u00e3o\" srcset=\"https:\/\/picosdeaventura.com\/wp-content\/uploads\/2023\/12\/blog-picos-de-aventura-povoacao-7-394x222.jpg 394w, https:\/\/picosdeaventura.com\/wp-content\/uploads\/2023\/12\/blog-picos-de-aventura-povoacao-7-300x169.jpg 300w, https:\/\/picosdeaventura.com\/wp-content\/uploads\/2023\/12\/blog-picos-de-aventura-povoacao-7-1024x576.jpg 1024w, https:\/\/picosdeaventura.com\/wp-content\/uploads\/2023\/12\/blog-picos-de-aventura-povoacao-7-768x432.jpg 768w, https:\/\/picosdeaventura.com\/wp-content\/uploads\/2023\/12\/blog-picos-de-aventura-povoacao-7-18x10.jpg 18w, https:\/\/picosdeaventura.com\/wp-content\/uploads\/2023\/12\/blog-picos-de-aventura-povoacao-7-71x40.jpg 71w, https:\/\/picosdeaventura.com\/wp-content\/uploads\/2023\/12\/blog-picos-de-aventura-povoacao-7-142x80.jpg 142w, https:\/\/picosdeaventura.com\/wp-content\/uploads\/2023\/12\/blog-picos-de-aventura-povoacao-7-915x515.jpg 915w, https:\/\/picosdeaventura.com\/wp-content\/uploads\/2023\/12\/blog-picos-de-aventura-povoacao-7.jpg 1200w\" sizes=\"auto, (max-width: 394px) 100vw, 394px\" title=\"\">    \t<\/a>\n    <div class=\"post-inner\">\n\n        <h3 class=\"post-title\"><a href=\"https:\/\/picosdeaventura.com\/pt\/2023\/12\/21\/povoacao\/\">Povoa\u00e7\u00e3o: o que n\u00e3o pode perder<\/a><\/h3>\n    \t<div class=\"post-meta\">\n\t<span class=\"show-author\">Posted by <a href=\"https:\/\/picosdeaventura.com\/pt\/author\/admin\/\" title=\"Artigos de admin\" rel=\"author\">admin<\/a><\/span> <span class=\"show-comments\"><\/span>\n<\/div>\n\t            \t<div class=\"entry-content post-excerpt\">\n\t\t\t\t\t<p>O Concelho da Povoa\u00e7\u00e3o \u00e9 um dos mais belos da ilha de S\u00e3o Miguel. \u00c9 rico em beleza natural, mas tamb\u00e9m em patrim\u00f3nio hist\u00f3rico-cultural. Fique a conhecer. &hellip; <a href=\"https:\/\/picosdeaventura.com\/pt\/2023\/12\/21\/povoacao\/\">Read More<\/a><\/p>\n                <\/div>\n\t\t\t\t<div class=\"date-meta\">\n    <i class=\"xs-icon fa fa-calendar-o\"><\/i>\n    <time class=\"published\" datetime=\"2023-12-21T15:32:14+00:00\">21 de Dezembro, 2023<\/time>\n    <span class=\"is-sticky\">Featured Post<\/span>\n<\/div><\/div>\n\t\t\t\t\t\t<\/div>\n\n\t\t\t\t\t\n\t\t\t\t\t\t\n\t\t\t\t\t\t<div class=\"mas-blog-post col-sm-6 col-md-4 post-6080 post type-post status-publish format-standard has-post-thumbnail sticky hentry category-blog-mar tag-acores tag-avistamentos tag-mar tag-whale-watching tag-whale-watching-azores\">\n\t\t\t\t\t\t\t    \t\t<a href=\"https:\/\/picosdeaventura.com\/pt\/2023\/11\/30\/peixes-voadores-nos-acores\/\">\n\t\t\t<img loading=\"lazy\" decoding=\"async\" width=\"394\" height=\"222\" src=\"https:\/\/picosdeaventura.com\/wp-content\/uploads\/2023\/11\/blog-picos-de-aventura-peixes-voadores-5-394x222.png\" class=\"img-responsive wp-post-image\" alt=\"Peixes-voadores\" srcset=\"https:\/\/picosdeaventura.com\/wp-content\/uploads\/2023\/11\/blog-picos-de-aventura-peixes-voadores-5-394x222.png 394w, https:\/\/picosdeaventura.com\/wp-content\/uploads\/2023\/11\/blog-picos-de-aventura-peixes-voadores-5-300x169.png 300w, https:\/\/picosdeaventura.com\/wp-content\/uploads\/2023\/11\/blog-picos-de-aventura-peixes-voadores-5-1024x576.png 1024w, https:\/\/picosdeaventura.com\/wp-content\/uploads\/2023\/11\/blog-picos-de-aventura-peixes-voadores-5-768x432.png 768w, https:\/\/picosdeaventura.com\/wp-content\/uploads\/2023\/11\/blog-picos-de-aventura-peixes-voadores-5-18x10.png 18w, https:\/\/picosdeaventura.com\/wp-content\/uploads\/2023\/11\/blog-picos-de-aventura-peixes-voadores-5-71x40.png 71w, https:\/\/picosdeaventura.com\/wp-content\/uploads\/2023\/11\/blog-picos-de-aventura-peixes-voadores-5-142x80.png 142w, https:\/\/picosdeaventura.com\/wp-content\/uploads\/2023\/11\/blog-picos-de-aventura-peixes-voadores-5-915x515.png 915w, https:\/\/picosdeaventura.com\/wp-content\/uploads\/2023\/11\/blog-picos-de-aventura-peixes-voadores-5.png 1200w\" sizes=\"auto, (max-width: 394px) 100vw, 394px\" title=\"\">    \t<\/a>\n    <div class=\"post-inner\">\n\n        <h3 class=\"post-title\"><a href=\"https:\/\/picosdeaventura.com\/pt\/2023\/11\/30\/peixes-voadores-nos-acores\/\">Peixes-voadores nos A\u00e7ores<\/a><\/h3>\n    \t<div class=\"post-meta\">\n\t<span class=\"show-author\">Posted by <a href=\"https:\/\/picosdeaventura.com\/pt\/author\/biologomar\/\" title=\"Artigos de Bi\u00f3logo\" rel=\"author\">Bi\u00f3logo<\/a><\/span> <span class=\"show-comments\"><\/span>\n<\/div>\n\t            \t<div class=\"entry-content post-excerpt\">\n\t\t\t\t\t<p>Qual \u00e9 coisa qual \u00e9 ela que voa, mas n\u00e3o tem asas? S\u00e3o os nossos peculiares peixes-voadores, que s\u00e3o muitas vezes avistados durante as nossas viagens de whalewhatching. &hellip; <a href=\"https:\/\/picosdeaventura.com\/pt\/2023\/11\/30\/peixes-voadores-nos-acores\/\">Read More<\/a><\/p>\n                <\/div>\n\t\t\t\t<div class=\"date-meta\">\n    <i class=\"xs-icon fa fa-calendar-o\"><\/i>\n    <time class=\"published\" datetime=\"2023-11-30T12:12:52+00:00\">30 de Novembro, 2023<\/time>\n    <span class=\"is-sticky\">Featured Post<\/span>\n<\/div><\/div>\n\t\t\t\t\t\t<\/div>\n\n\t\t\t\t\t\n\t\t\t\t\t\t\n\t\t\t\t\t\t<div class=\"mas-blog-post col-sm-6 col-md-4 post-6032 post type-post status-publish format-standard has-post-thumbnail sticky hentry category-blog-mar category-blog-terra tag-acores tag-mar tag-natureza tag-terra tag-trilhos tag-whale-watching tag-whale-watching-azores\">\n\t\t\t\t\t\t\t    \t\t<a href=\"https:\/\/picosdeaventura.com\/pt\/2023\/11\/14\/ilha-terceira-no-outono\/\">\n\t\t\t<img loading=\"lazy\" decoding=\"async\" width=\"394\" height=\"222\" src=\"https:\/\/picosdeaventura.com\/wp-content\/uploads\/2023\/11\/blog-picos-de-aventura-ilha-terceira-1-394x222.png\" class=\"img-responsive wp-post-image\" alt=\"Ilha Terceira\" srcset=\"https:\/\/picosdeaventura.com\/wp-content\/uploads\/2023\/11\/blog-picos-de-aventura-ilha-terceira-1-394x222.png 394w, https:\/\/picosdeaventura.com\/wp-content\/uploads\/2023\/11\/blog-picos-de-aventura-ilha-terceira-1-300x169.png 300w, https:\/\/picosdeaventura.com\/wp-content\/uploads\/2023\/11\/blog-picos-de-aventura-ilha-terceira-1-1024x576.png 1024w, https:\/\/picosdeaventura.com\/wp-content\/uploads\/2023\/11\/blog-picos-de-aventura-ilha-terceira-1-768x432.png 768w, https:\/\/picosdeaventura.com\/wp-content\/uploads\/2023\/11\/blog-picos-de-aventura-ilha-terceira-1-18x10.png 18w, https:\/\/picosdeaventura.com\/wp-content\/uploads\/2023\/11\/blog-picos-de-aventura-ilha-terceira-1-71x40.png 71w, https:\/\/picosdeaventura.com\/wp-content\/uploads\/2023\/11\/blog-picos-de-aventura-ilha-terceira-1-142x80.png 142w, https:\/\/picosdeaventura.com\/wp-content\/uploads\/2023\/11\/blog-picos-de-aventura-ilha-terceira-1-915x515.png 915w, https:\/\/picosdeaventura.com\/wp-content\/uploads\/2023\/11\/blog-picos-de-aventura-ilha-terceira-1.png 1200w\" sizes=\"auto, (max-width: 394px) 100vw, 394px\" title=\"\">    \t<\/a>\n    <div class=\"post-inner\">\n\n        <h3 class=\"post-title\"><a href=\"https:\/\/picosdeaventura.com\/pt\/2023\/11\/14\/ilha-terceira-no-outono\/\">Ilha Terceira: Aproveite no outono<\/a><\/h3>\n    \t<div class=\"post-meta\">\n\t<span class=\"show-author\">Posted by <a href=\"https:\/\/picosdeaventura.com\/pt\/author\/admin\/\" title=\"Artigos de admin\" rel=\"author\">admin<\/a><\/span> <span class=\"show-comments\"><\/span>\n<\/div>\n\t            \t<div class=\"entry-content post-excerpt\">\n\t\t\t\t\t<p>A Ilha Terceira \u00e9 um aut\u00eantico tesouro natural em pleno cora\u00e7\u00e3o do Atl\u00e2ntico. Saiba o que n\u00e3o pode perder na ilha repleta de verde, no outono. &hellip; <a href=\"https:\/\/picosdeaventura.com\/pt\/2023\/11\/14\/ilha-terceira-no-outono\/\">Read More<\/a><\/p>\n                <\/div>\n\t\t\t\t<div class=\"date-meta\">\n    <i class=\"xs-icon fa fa-calendar-o\"><\/i>\n    <time class=\"published\" datetime=\"2023-11-14T12:13:11+00:00\">14 de Novembro, 2023<\/time>\n    <span class=\"is-sticky\">Featured Post<\/span>\n<\/div><\/div>\n\t\t\t\t\t\t<\/div>\n\n\t\t\t\t\t\n\t\t\t\t\t\t\n\t\t\t\t\t\t<div class=\"mas-blog-post col-sm-6 col-md-4 post-5998 post type-post status-publish format-standard has-post-thumbnail sticky hentry category-blog-terra tag-acores tag-natureza tag-terra\">\n\t\t\t\t\t\t\t    \t\t<a href=\"https:\/\/picosdeaventura.com\/pt\/2023\/10\/26\/parque-terra-nostra\/\">\n\t\t\t<img loading=\"lazy\" decoding=\"async\" width=\"394\" height=\"222\" src=\"https:\/\/picosdeaventura.com\/wp-content\/uploads\/2023\/10\/blog-picos-de-aventura-parque-terra-nostra-7-394x222.jpg\" class=\"img-responsive wp-post-image\" alt=\"Parque Terra Nostra\" srcset=\"https:\/\/picosdeaventura.com\/wp-content\/uploads\/2023\/10\/blog-picos-de-aventura-parque-terra-nostra-7-394x222.jpg 394w, https:\/\/picosdeaventura.com\/wp-content\/uploads\/2023\/10\/blog-picos-de-aventura-parque-terra-nostra-7-300x169.jpg 300w, https:\/\/picosdeaventura.com\/wp-content\/uploads\/2023\/10\/blog-picos-de-aventura-parque-terra-nostra-7-1024x576.jpg 1024w, https:\/\/picosdeaventura.com\/wp-content\/uploads\/2023\/10\/blog-picos-de-aventura-parque-terra-nostra-7-768x432.jpg 768w, https:\/\/picosdeaventura.com\/wp-content\/uploads\/2023\/10\/blog-picos-de-aventura-parque-terra-nostra-7-18x10.jpg 18w, https:\/\/picosdeaventura.com\/wp-content\/uploads\/2023\/10\/blog-picos-de-aventura-parque-terra-nostra-7-71x40.jpg 71w, https:\/\/picosdeaventura.com\/wp-content\/uploads\/2023\/10\/blog-picos-de-aventura-parque-terra-nostra-7-142x80.jpg 142w, https:\/\/picosdeaventura.com\/wp-content\/uploads\/2023\/10\/blog-picos-de-aventura-parque-terra-nostra-7-915x515.jpg 915w, https:\/\/picosdeaventura.com\/wp-content\/uploads\/2023\/10\/blog-picos-de-aventura-parque-terra-nostra-7.jpg 1200w\" sizes=\"auto, (max-width: 394px) 100vw, 394px\" title=\"\">    \t<\/a>\n    <div class=\"post-inner\">\n\n        <h3 class=\"post-title\"><a href=\"https:\/\/picosdeaventura.com\/pt\/2023\/10\/26\/parque-terra-nostra\/\">Parque Terra Nostra: Um lugar m\u00edstico<\/a><\/h3>\n    \t<div class=\"post-meta\">\n\t<span class=\"show-author\">Posted by <a href=\"https:\/\/picosdeaventura.com\/pt\/author\/admin\/\" title=\"Artigos de admin\" rel=\"author\">admin<\/a><\/span> <span class=\"show-comments\"><\/span>\n<\/div>\n\t            \t<div class=\"entry-content post-excerpt\">\n\t\t\t\t\t<p>Na Ilha de S\u00e3o Miguel, no cora\u00e7\u00e3o do m\u00edstico Vale das Furnas, est\u00e1 localizada umas das principais atra\u00e7\u00f5es da ilha: o Parque Terra Nostra. &hellip; <a href=\"https:\/\/picosdeaventura.com\/pt\/2023\/10\/26\/parque-terra-nostra\/\">Read More<\/a><\/p>\n                <\/div>\n\t\t\t\t<div class=\"date-meta\">\n    <i class=\"xs-icon fa fa-calendar-o\"><\/i>\n    <time class=\"published\" datetime=\"2023-10-26T12:13:28+00:00\">26 de Outubro, 2023<\/time>\n    <span class=\"is-sticky\">Featured Post<\/span>\n<\/div><\/div>\n\t\t\t\t\t\t<\/div>\n\n\t\t\t\t\t\n\t\t\t\t\t\t\n\t\t\t\t\t\t<div class=\"mas-blog-post col-sm-6 col-md-4 post-5955 post type-post status-publish format-standard has-post-thumbnail sticky hentry category-blog-terra category-blog-mar tag-mar tag-natureza tag-terra tag-whale-watching tag-whale-watching-azores\">\n\t\t\t\t\t\t\t    \t\t<a href=\"https:\/\/picosdeaventura.com\/pt\/2023\/09\/14\/ribeira-grande\/\">\n\t\t\t<img loading=\"lazy\" decoding=\"async\" width=\"394\" height=\"222\" src=\"https:\/\/picosdeaventura.com\/wp-content\/uploads\/2023\/09\/blog-picos-de-aventura-ribeira-grande-1-394x222.png\" class=\"img-responsive wp-post-image\" alt=\"Ribeira Grande\" srcset=\"https:\/\/picosdeaventura.com\/wp-content\/uploads\/2023\/09\/blog-picos-de-aventura-ribeira-grande-1-394x222.png 394w, https:\/\/picosdeaventura.com\/wp-content\/uploads\/2023\/09\/blog-picos-de-aventura-ribeira-grande-1-300x169.png 300w, https:\/\/picosdeaventura.com\/wp-content\/uploads\/2023\/09\/blog-picos-de-aventura-ribeira-grande-1-1024x576.png 1024w, https:\/\/picosdeaventura.com\/wp-content\/uploads\/2023\/09\/blog-picos-de-aventura-ribeira-grande-1-768x432.png 768w, https:\/\/picosdeaventura.com\/wp-content\/uploads\/2023\/09\/blog-picos-de-aventura-ribeira-grande-1-18x10.png 18w, https:\/\/picosdeaventura.com\/wp-content\/uploads\/2023\/09\/blog-picos-de-aventura-ribeira-grande-1-71x40.png 71w, https:\/\/picosdeaventura.com\/wp-content\/uploads\/2023\/09\/blog-picos-de-aventura-ribeira-grande-1-142x80.png 142w, https:\/\/picosdeaventura.com\/wp-content\/uploads\/2023\/09\/blog-picos-de-aventura-ribeira-grande-1-915x515.png 915w, https:\/\/picosdeaventura.com\/wp-content\/uploads\/2023\/09\/blog-picos-de-aventura-ribeira-grande-1.png 1200w\" sizes=\"auto, (max-width: 394px) 100vw, 394px\" title=\"\">    \t<\/a>\n    <div class=\"post-inner\">\n\n        <h3 class=\"post-title\"><a href=\"https:\/\/picosdeaventura.com\/pt\/2023\/09\/14\/ribeira-grande\/\">Ribeira Grande: Descubra o lado norte<\/a><\/h3>\n    \t<div class=\"post-meta\">\n\t<span class=\"show-author\">Posted by <a href=\"https:\/\/picosdeaventura.com\/pt\/author\/admin\/\" title=\"Artigos de admin\" rel=\"author\">admin<\/a><\/span> <span class=\"show-comments\"><\/span>\n<\/div>\n\t            \t<div class=\"entry-content post-excerpt\">\n\t\t\t\t\t<p>Na Ilha de S\u00e3o Miguel, parta \u00e0 aventura da Ribeira Grande. O lado norte tem muito a oferecer aos seus visitantes. Saiba o que n\u00e3o pode perder. &hellip; <a href=\"https:\/\/picosdeaventura.com\/pt\/2023\/09\/14\/ribeira-grande\/\">Read More<\/a><\/p>\n                <\/div>\n\t\t\t\t<div class=\"date-meta\">\n    <i class=\"xs-icon fa fa-calendar-o\"><\/i>\n    <time class=\"published\" datetime=\"2023-09-14T13:52:51+00:00\">14 de Setembro, 2023<\/time>\n    <span class=\"is-sticky\">Featured Post<\/span>\n<\/div><\/div>\n\t\t\t\t\t\t<\/div>\n\n\t\t\t\t\t\n\t\t\t\t\t\t\n\t\t\t\t\t\t<div class=\"mas-blog-post col-sm-6 col-md-4 post-5924 post type-post status-publish format-standard has-post-thumbnail sticky hentry category-blog-mar tag-avistamentos tag-golfinho-de-risso tag-mar tag-whale-watching tag-whale-watching-azores\">\n\t\t\t\t\t\t\t    \t\t<a href=\"https:\/\/picosdeaventura.com\/pt\/2023\/08\/24\/golfinho-de-risso\/\">\n\t\t\t<img loading=\"lazy\" decoding=\"async\" width=\"394\" height=\"222\" src=\"https:\/\/picosdeaventura.com\/wp-content\/uploads\/2023\/08\/blog-picos-de-aventura-golfinho-de-risso-4-394x222.png\" class=\"img-responsive wp-post-image\" alt=\"golfinho de risso\" srcset=\"https:\/\/picosdeaventura.com\/wp-content\/uploads\/2023\/08\/blog-picos-de-aventura-golfinho-de-risso-4-394x222.png 394w, https:\/\/picosdeaventura.com\/wp-content\/uploads\/2023\/08\/blog-picos-de-aventura-golfinho-de-risso-4-300x169.png 300w, https:\/\/picosdeaventura.com\/wp-content\/uploads\/2023\/08\/blog-picos-de-aventura-golfinho-de-risso-4-1024x576.png 1024w, https:\/\/picosdeaventura.com\/wp-content\/uploads\/2023\/08\/blog-picos-de-aventura-golfinho-de-risso-4-768x432.png 768w, https:\/\/picosdeaventura.com\/wp-content\/uploads\/2023\/08\/blog-picos-de-aventura-golfinho-de-risso-4-18x10.png 18w, https:\/\/picosdeaventura.com\/wp-content\/uploads\/2023\/08\/blog-picos-de-aventura-golfinho-de-risso-4-71x40.png 71w, https:\/\/picosdeaventura.com\/wp-content\/uploads\/2023\/08\/blog-picos-de-aventura-golfinho-de-risso-4-142x80.png 142w, https:\/\/picosdeaventura.com\/wp-content\/uploads\/2023\/08\/blog-picos-de-aventura-golfinho-de-risso-4-915x515.png 915w, https:\/\/picosdeaventura.com\/wp-content\/uploads\/2023\/08\/blog-picos-de-aventura-golfinho-de-risso-4.png 1200w\" sizes=\"auto, (max-width: 394px) 100vw, 394px\" title=\"\">    \t<\/a>\n    <div class=\"post-inner\">\n\n        <h3 class=\"post-title\"><a href=\"https:\/\/picosdeaventura.com\/pt\/2023\/08\/24\/golfinho-de-risso\/\">Golfinho de Risso<\/a><\/h3>\n    \t<div class=\"post-meta\">\n\t<span class=\"show-author\">Posted by <a href=\"https:\/\/picosdeaventura.com\/pt\/author\/biologomar\/\" title=\"Artigos de Bi\u00f3logo\" rel=\"author\">Bi\u00f3logo<\/a><\/span> <span class=\"show-comments\"><\/span>\n<\/div>\n\t            \t<div class=\"entry-content post-excerpt\">\n\t\t\t\t\t<p>O golfinho de risso (Grampus griseus) \u00e9 o membro mais pequeno da subfam\u00edlia Globicephalinae (Delphinidae). Este \u00e9 caracterizado pela sua estrutura robusta e cabe\u00e7a arredondada. &hellip; <a href=\"https:\/\/picosdeaventura.com\/pt\/2023\/08\/24\/golfinho-de-risso\/\">Read More<\/a><\/p>\n                <\/div>\n\t\t\t\t<div class=\"date-meta\">\n    <i class=\"xs-icon fa fa-calendar-o\"><\/i>\n    <time class=\"published\" datetime=\"2023-08-24T16:22:00+00:00\">24 de Agosto, 2023<\/time>\n    <span class=\"is-sticky\">Featured Post<\/span>\n<\/div><\/div>\n\t\t\t\t\t\t<\/div>\n\n\t\t\t\t\t\n\t\t\t\t\t\t\n\t\t\t\t\t\t<div class=\"mas-blog-post col-sm-6 col-md-4 post-5894 post type-post status-publish format-standard has-post-thumbnail sticky hentry category-blog-mar category-blog-terra tag-mar tag-natureza tag-sperm-whale tag-terra tag-whale-watching\">\n\t\t\t\t\t\t\t    \t\t<a href=\"https:\/\/picosdeaventura.com\/pt\/2023\/08\/10\/vila-franca-do-campo\/\">\n\t\t\t<img loading=\"lazy\" decoding=\"async\" width=\"394\" height=\"222\" src=\"https:\/\/picosdeaventura.com\/wp-content\/uploads\/2023\/08\/blog-picos-de-aventura-vila-franca-do-campo-7-394x222.jpg\" class=\"img-responsive wp-post-image\" alt=\"Vila Franca do Campo\" srcset=\"https:\/\/picosdeaventura.com\/wp-content\/uploads\/2023\/08\/blog-picos-de-aventura-vila-franca-do-campo-7-394x222.jpg 394w, https:\/\/picosdeaventura.com\/wp-content\/uploads\/2023\/08\/blog-picos-de-aventura-vila-franca-do-campo-7-300x169.jpg 300w, https:\/\/picosdeaventura.com\/wp-content\/uploads\/2023\/08\/blog-picos-de-aventura-vila-franca-do-campo-7-1024x576.jpg 1024w, https:\/\/picosdeaventura.com\/wp-content\/uploads\/2023\/08\/blog-picos-de-aventura-vila-franca-do-campo-7-768x432.jpg 768w, https:\/\/picosdeaventura.com\/wp-content\/uploads\/2023\/08\/blog-picos-de-aventura-vila-franca-do-campo-7-18x10.jpg 18w, https:\/\/picosdeaventura.com\/wp-content\/uploads\/2023\/08\/blog-picos-de-aventura-vila-franca-do-campo-7-71x40.jpg 71w, https:\/\/picosdeaventura.com\/wp-content\/uploads\/2023\/08\/blog-picos-de-aventura-vila-franca-do-campo-7-142x80.jpg 142w, https:\/\/picosdeaventura.com\/wp-content\/uploads\/2023\/08\/blog-picos-de-aventura-vila-franca-do-campo-7-915x515.jpg 915w, https:\/\/picosdeaventura.com\/wp-content\/uploads\/2023\/08\/blog-picos-de-aventura-vila-franca-do-campo-7.jpg 1200w\" sizes=\"auto, (max-width: 394px) 100vw, 394px\" title=\"\">    \t<\/a>\n    <div class=\"post-inner\">\n\n        <h3 class=\"post-title\"><a href=\"https:\/\/picosdeaventura.com\/pt\/2023\/08\/10\/vila-franca-do-campo\/\">Vila Franca do Campo: o que n\u00e3o perder<\/a><\/h3>\n    \t<div class=\"post-meta\">\n\t<span class=\"show-author\">Posted by <a href=\"https:\/\/picosdeaventura.com\/pt\/author\/admin\/\" title=\"Artigos de admin\" rel=\"author\">admin<\/a><\/span> <span class=\"show-comments\"><\/span>\n<\/div>\n\t            \t<div class=\"entry-content post-excerpt\">\n\t\t\t\t\t<p>Vila Franca do Campo, na Ilha de S\u00e3o Miguel, \u00e9 um maravilhoso concelho e de uma beleza \u00edmpar. S\u00e3o v\u00e1rios os atrativos desta vila. Fique a conhecer. &hellip; <a href=\"https:\/\/picosdeaventura.com\/pt\/2023\/08\/10\/vila-franca-do-campo\/\">Read More<\/a><\/p>\n                <\/div>\n\t\t\t\t<div class=\"date-meta\">\n    <i class=\"xs-icon fa fa-calendar-o\"><\/i>\n    <time class=\"published\" datetime=\"2023-08-10T11:07:20+00:00\">10 de Agosto, 2023<\/time>\n    <span class=\"is-sticky\">Featured Post<\/span>\n<\/div><\/div>\n\t\t\t\t\t\t<\/div>\n\n\t\t\t\t\t\n\t\t\t\t\t\t\n\t\t\t\t\t\t<div class=\"mas-blog-post col-sm-6 col-md-4 post-5875 post type-post status-publish format-standard has-post-thumbnail sticky hentry category-blog-mar tag-mar tag-natureza\">\n\t\t\t\t\t\t\t    \t\t<a href=\"https:\/\/picosdeaventura.com\/pt\/2023\/07\/27\/ghost-net-e-by-catch\/\">\n\t\t\t<img loading=\"lazy\" decoding=\"async\" width=\"394\" height=\"222\" src=\"https:\/\/picosdeaventura.com\/wp-content\/uploads\/2023\/07\/blog-picos-de-aventura-ghost-net-394x222.jpg\" class=\"img-responsive wp-post-image\" alt=\"ghost net\" srcset=\"https:\/\/picosdeaventura.com\/wp-content\/uploads\/2023\/07\/blog-picos-de-aventura-ghost-net-394x222.jpg 394w, https:\/\/picosdeaventura.com\/wp-content\/uploads\/2023\/07\/blog-picos-de-aventura-ghost-net-300x169.jpg 300w, https:\/\/picosdeaventura.com\/wp-content\/uploads\/2023\/07\/blog-picos-de-aventura-ghost-net-1024x576.jpg 1024w, https:\/\/picosdeaventura.com\/wp-content\/uploads\/2023\/07\/blog-picos-de-aventura-ghost-net-768x432.jpg 768w, https:\/\/picosdeaventura.com\/wp-content\/uploads\/2023\/07\/blog-picos-de-aventura-ghost-net-18x10.jpg 18w, https:\/\/picosdeaventura.com\/wp-content\/uploads\/2023\/07\/blog-picos-de-aventura-ghost-net-71x40.jpg 71w, https:\/\/picosdeaventura.com\/wp-content\/uploads\/2023\/07\/blog-picos-de-aventura-ghost-net-142x80.jpg 142w, https:\/\/picosdeaventura.com\/wp-content\/uploads\/2023\/07\/blog-picos-de-aventura-ghost-net-915x515.jpg 915w, https:\/\/picosdeaventura.com\/wp-content\/uploads\/2023\/07\/blog-picos-de-aventura-ghost-net.jpg 1200w\" sizes=\"auto, (max-width: 394px) 100vw, 394px\" title=\"\">    \t<\/a>\n    <div class=\"post-inner\">\n\n        <h3 class=\"post-title\"><a href=\"https:\/\/picosdeaventura.com\/pt\/2023\/07\/27\/ghost-net-e-by-catch\/\">Bycatch e Ghost Net<\/a><\/h3>\n    \t<div class=\"post-meta\">\n\t<span class=\"show-author\">Posted by <a href=\"https:\/\/picosdeaventura.com\/pt\/author\/biologomar\/\" title=\"Artigos de Bi\u00f3logo\" rel=\"author\">Bi\u00f3logo<\/a><\/span> <span class=\"show-comments\"><\/span>\n<\/div>\n\t            \t<div class=\"entry-content post-excerpt\">\n\t\t\t\t\t<p>Bycatch e Ghost Net &#8211; As amea\u00e7as a estas esp\u00e9cies que s\u00e3o t\u00e3o frequentemente observadas nas nossas visitas s\u00e3o vastas. Venha conhecer um pouco mais sobre este tema connosco! &hellip; <a href=\"https:\/\/picosdeaventura.com\/pt\/2023\/07\/27\/ghost-net-e-by-catch\/\">Read More<\/a><\/p>\n                <\/div>\n\t\t\t\t<div class=\"date-meta\">\n    <i class=\"xs-icon fa fa-calendar-o\"><\/i>\n    <time class=\"published\" datetime=\"2023-07-27T14:55:45+00:00\">27 de Julho, 2023<\/time>\n    <span class=\"is-sticky\">Featured Post<\/span>\n<\/div><\/div>\n\t\t\t\t\t\t<\/div>\n\n\t\t\t\t\t\n\t\t\t\t\t\t\n\t\t\t\t\t\t<div class=\"mas-blog-post col-sm-6 col-md-4 post-5844 post type-post status-publish format-standard has-post-thumbnail sticky hentry category-blog-mar tag-ilha-terceira tag-mar tag-whale-watching tag-whale-watching-azores\">\n\t\t\t\t\t\t\t    \t\t<a href=\"https:\/\/picosdeaventura.com\/pt\/2023\/07\/21\/os-ilheus-das-cabras\/\">\n\t\t\t<img loading=\"lazy\" decoding=\"async\" width=\"394\" height=\"222\" src=\"https:\/\/picosdeaventura.com\/wp-content\/uploads\/2023\/07\/blog-picos-de-aventura-ilheu-das-cabras-6-394x222.jpg\" class=\"img-responsive wp-post-image\" alt=\"ilh\u00e9u das cabras\" srcset=\"https:\/\/picosdeaventura.com\/wp-content\/uploads\/2023\/07\/blog-picos-de-aventura-ilheu-das-cabras-6-394x222.jpg 394w, https:\/\/picosdeaventura.com\/wp-content\/uploads\/2023\/07\/blog-picos-de-aventura-ilheu-das-cabras-6-300x169.jpg 300w, https:\/\/picosdeaventura.com\/wp-content\/uploads\/2023\/07\/blog-picos-de-aventura-ilheu-das-cabras-6-1024x576.jpg 1024w, https:\/\/picosdeaventura.com\/wp-content\/uploads\/2023\/07\/blog-picos-de-aventura-ilheu-das-cabras-6-768x432.jpg 768w, https:\/\/picosdeaventura.com\/wp-content\/uploads\/2023\/07\/blog-picos-de-aventura-ilheu-das-cabras-6-18x10.jpg 18w, https:\/\/picosdeaventura.com\/wp-content\/uploads\/2023\/07\/blog-picos-de-aventura-ilheu-das-cabras-6-71x40.jpg 71w, https:\/\/picosdeaventura.com\/wp-content\/uploads\/2023\/07\/blog-picos-de-aventura-ilheu-das-cabras-6-142x80.jpg 142w, https:\/\/picosdeaventura.com\/wp-content\/uploads\/2023\/07\/blog-picos-de-aventura-ilheu-das-cabras-6-915x515.jpg 915w, https:\/\/picosdeaventura.com\/wp-content\/uploads\/2023\/07\/blog-picos-de-aventura-ilheu-das-cabras-6.jpg 1200w\" sizes=\"auto, (max-width: 394px) 100vw, 394px\" title=\"\">    \t<\/a>\n    <div class=\"post-inner\">\n\n        <h3 class=\"post-title\"><a href=\"https:\/\/picosdeaventura.com\/pt\/2023\/07\/21\/os-ilheus-das-cabras\/\">Os Ilh\u00e9us das Cabras: Descubra na Terceira<\/a><\/h3>\n    \t<div class=\"post-meta\">\n\t<span class=\"show-author\">Posted by <a href=\"https:\/\/picosdeaventura.com\/pt\/author\/admin\/\" title=\"Artigos de admin\" rel=\"author\">admin<\/a><\/span> <span class=\"show-comments\"><\/span>\n<\/div>\n\t            \t<div class=\"entry-content post-excerpt\">\n\t\t\t\t\t<p>Na costa sul da Ilha Terceira existe um tesouro escondido: os Ilh\u00e9us das Cabras. Este \u00e9 um dos lugares que n\u00e3o pode perder. Saiba o porqu\u00ea abaixo. &hellip; <a href=\"https:\/\/picosdeaventura.com\/pt\/2023\/07\/21\/os-ilheus-das-cabras\/\">Read More<\/a><\/p>\n                <\/div>\n\t\t\t\t<div class=\"date-meta\">\n    <i class=\"xs-icon fa fa-calendar-o\"><\/i>\n    <time class=\"published\" datetime=\"2023-07-21T15:35:58+00:00\">21 de Julho, 2023<\/time>\n    <span class=\"is-sticky\">Featured Post<\/span>\n<\/div><\/div>\n\t\t\t\t\t\t<\/div>\n\n\t\t\t\t\t\n\t\t\t\t\t\t\n\t\t\t\t\t\t<div class=\"mas-blog-post col-sm-6 col-md-4 post-5831 post type-post status-publish format-standard has-post-thumbnail sticky hentry category-blog-terra tag-acores tag-natureza tag-terra\">\n\t\t\t\t\t\t\t    \t\t<a href=\"https:\/\/picosdeaventura.com\/pt\/2023\/06\/29\/acores-o-seu-povoamento-antes-da-data-oficial\/\">\n\t\t\t<img loading=\"lazy\" decoding=\"async\" width=\"394\" height=\"222\" src=\"https:\/\/picosdeaventura.com\/wp-content\/uploads\/2023\/06\/blog-picos-de-aventura-acores-394x222.png\" class=\"img-responsive wp-post-image\" alt=\"A\u00e7ores\" srcset=\"https:\/\/picosdeaventura.com\/wp-content\/uploads\/2023\/06\/blog-picos-de-aventura-acores-394x222.png 394w, https:\/\/picosdeaventura.com\/wp-content\/uploads\/2023\/06\/blog-picos-de-aventura-acores-300x169.png 300w, https:\/\/picosdeaventura.com\/wp-content\/uploads\/2023\/06\/blog-picos-de-aventura-acores-1024x576.png 1024w, https:\/\/picosdeaventura.com\/wp-content\/uploads\/2023\/06\/blog-picos-de-aventura-acores-768x432.png 768w, https:\/\/picosdeaventura.com\/wp-content\/uploads\/2023\/06\/blog-picos-de-aventura-acores-18x10.png 18w, https:\/\/picosdeaventura.com\/wp-content\/uploads\/2023\/06\/blog-picos-de-aventura-acores-71x40.png 71w, https:\/\/picosdeaventura.com\/wp-content\/uploads\/2023\/06\/blog-picos-de-aventura-acores-142x80.png 142w, https:\/\/picosdeaventura.com\/wp-content\/uploads\/2023\/06\/blog-picos-de-aventura-acores-915x515.png 915w, https:\/\/picosdeaventura.com\/wp-content\/uploads\/2023\/06\/blog-picos-de-aventura-acores.png 1200w\" sizes=\"auto, (max-width: 394px) 100vw, 394px\" title=\"\">    \t<\/a>\n    <div class=\"post-inner\">\n\n        <h3 class=\"post-title\"><a href=\"https:\/\/picosdeaventura.com\/pt\/2023\/06\/29\/acores-o-seu-povoamento-antes-da-data-oficial\/\">A\u00e7ores &#8211; O seu povoamento antes da data oficial<\/a><\/h3>\n    \t<div class=\"post-meta\">\n\t<span class=\"show-author\">Posted by <a href=\"https:\/\/picosdeaventura.com\/pt\/author\/biologomar\/\" title=\"Artigos de Bi\u00f3logo\" rel=\"author\">Bi\u00f3logo<\/a><\/span> <span class=\"show-comments\"><\/span>\n<\/div>\n\t            \t<div class=\"entry-content post-excerpt\">\n\t\t\t\t\t<p>Como recorda um estudo \u201cA data mais consensual da coloniza\u00e7\u00e3o humana dos A\u00e7ores \u00e9 1427\u201d, quando Gon\u00e7alo Velho Cabral chegou \u00e0 ilha de Santa Maria e seguidamente \u00e0 ilha de S. Miguel. A data oficial do in\u00edcio da coloniza\u00e7\u00e3o do arquip\u00e9lago \u00e9 1449, mas j\u00e1 s\u00e3o conhecidos estudos que defendem que os A\u00e7ores j\u00e1 eram conhecidos antes, baseados em mapas de 1339 onde as ilhas do Corvo e de S. Miguel j\u00e1 est\u00e3o assinaladas, embora com nomes diferentes (Corvinaris e Caprara, respetivamente) (Rull et al., 2017). &hellip; <a href=\"https:\/\/picosdeaventura.com\/pt\/2023\/06\/29\/acores-o-seu-povoamento-antes-da-data-oficial\/\">Read More<\/a><\/p>\n                <\/div>\n\t\t\t\t<div class=\"date-meta\">\n    <i class=\"xs-icon fa fa-calendar-o\"><\/i>\n    <time class=\"published\" datetime=\"2023-06-29T11:22:12+00:00\">29 de Junho, 2023<\/time>\n    <span class=\"is-sticky\">Featured Post<\/span>\n<\/div><\/div>\n\t\t\t\t\t\t<\/div>\n\n\t\t\t\t\t\n\t\t\t\t\t\t\n\t\t\t\t\t\t<div class=\"mas-blog-post col-sm-6 col-md-4 post-5800 post type-post status-publish format-standard has-post-thumbnail sticky hentry category-blog-mar category-blog-terra tag-canyoning tag-mar tag-natureza tag-terra tag-vila-franca-do-campo tag-whale-watching tag-whale-watching-azores\">\n\t\t\t\t\t\t\t    \t\t<a href=\"https:\/\/picosdeaventura.com\/pt\/2023\/06\/15\/verao-em-sao-miguel\/\">\n\t\t\t<img loading=\"lazy\" decoding=\"async\" width=\"394\" height=\"222\" src=\"https:\/\/picosdeaventura.com\/wp-content\/uploads\/2023\/06\/blog-picos-de-aventura-sao-miguel-1-1-394x222.jpg\" class=\"img-responsive wp-post-image\" alt=\"S\u00e3o Miguel\" srcset=\"https:\/\/picosdeaventura.com\/wp-content\/uploads\/2023\/06\/blog-picos-de-aventura-sao-miguel-1-1-394x222.jpg 394w, https:\/\/picosdeaventura.com\/wp-content\/uploads\/2023\/06\/blog-picos-de-aventura-sao-miguel-1-1-300x169.jpg 300w, https:\/\/picosdeaventura.com\/wp-content\/uploads\/2023\/06\/blog-picos-de-aventura-sao-miguel-1-1-1024x576.jpg 1024w, https:\/\/picosdeaventura.com\/wp-content\/uploads\/2023\/06\/blog-picos-de-aventura-sao-miguel-1-1-768x432.jpg 768w, https:\/\/picosdeaventura.com\/wp-content\/uploads\/2023\/06\/blog-picos-de-aventura-sao-miguel-1-1-18x10.jpg 18w, https:\/\/picosdeaventura.com\/wp-content\/uploads\/2023\/06\/blog-picos-de-aventura-sao-miguel-1-1-71x40.jpg 71w, https:\/\/picosdeaventura.com\/wp-content\/uploads\/2023\/06\/blog-picos-de-aventura-sao-miguel-1-1-142x80.jpg 142w, https:\/\/picosdeaventura.com\/wp-content\/uploads\/2023\/06\/blog-picos-de-aventura-sao-miguel-1-1-915x515.jpg 915w, https:\/\/picosdeaventura.com\/wp-content\/uploads\/2023\/06\/blog-picos-de-aventura-sao-miguel-1-1.jpg 1200w\" sizes=\"auto, (max-width: 394px) 100vw, 394px\" title=\"\">    \t<\/a>\n    <div class=\"post-inner\">\n\n        <h3 class=\"post-title\"><a href=\"https:\/\/picosdeaventura.com\/pt\/2023\/06\/15\/verao-em-sao-miguel\/\">Ver\u00e3o em S\u00e3o Miguel: 3 aventuras imperd\u00edveis<\/a><\/h3>\n    \t<div class=\"post-meta\">\n\t<span class=\"show-author\">Posted by <a href=\"https:\/\/picosdeaventura.com\/pt\/author\/admin\/\" title=\"Artigos de admin\" rel=\"author\">admin<\/a><\/span> <span class=\"show-comments\"><\/span>\n<\/div>\n\t            \t<div class=\"entry-content post-excerpt\">\n\t\t\t\t\t<p>O ver\u00e3o em S\u00e3o Miguel reserva-lhe, a cada dia, novas e entusiasmantes aventuras! Aproveite para se divertir enquanto explora a natureza verdejante da ilha. &hellip; <a href=\"https:\/\/picosdeaventura.com\/pt\/2023\/06\/15\/verao-em-sao-miguel\/\">Read More<\/a><\/p>\n                <\/div>\n\t\t\t\t<div class=\"date-meta\">\n    <i class=\"xs-icon fa fa-calendar-o\"><\/i>\n    <time class=\"published\" datetime=\"2023-06-15T13:45:30+00:00\">15 de Junho, 2023<\/time>\n    <span class=\"is-sticky\">Featured Post<\/span>\n<\/div><\/div>\n\t\t\t\t\t\t<\/div>\n\n\t\t\t\t\t\n\t\t\t\t\t\t\n\t\t\t\t\t\t<div class=\"mas-blog-post col-sm-6 col-md-4 post-5774 post type-post status-publish format-standard has-post-thumbnail sticky hentry category-blog-mar tag-avistamentos tag-cachalotes tag-mar tag-sperm-whale tag-whale-watching tag-whale-watching-azores\">\n\t\t\t\t\t\t\t    \t\t<a href=\"https:\/\/picosdeaventura.com\/pt\/2023\/05\/25\/foto-identificacao\/\">\n\t\t\t<img loading=\"lazy\" decoding=\"async\" width=\"394\" height=\"222\" src=\"https:\/\/picosdeaventura.com\/wp-content\/uploads\/2023\/05\/blog-picos-de-foto-identificacao-394x222.png\" class=\"img-responsive wp-post-image\" alt=\"Foto identifica\u00e7\u00e3o\" srcset=\"https:\/\/picosdeaventura.com\/wp-content\/uploads\/2023\/05\/blog-picos-de-foto-identificacao-394x222.png 394w, https:\/\/picosdeaventura.com\/wp-content\/uploads\/2023\/05\/blog-picos-de-foto-identificacao-300x169.png 300w, https:\/\/picosdeaventura.com\/wp-content\/uploads\/2023\/05\/blog-picos-de-foto-identificacao-1024x576.png 1024w, https:\/\/picosdeaventura.com\/wp-content\/uploads\/2023\/05\/blog-picos-de-foto-identificacao-768x432.png 768w, https:\/\/picosdeaventura.com\/wp-content\/uploads\/2023\/05\/blog-picos-de-foto-identificacao-18x10.png 18w, https:\/\/picosdeaventura.com\/wp-content\/uploads\/2023\/05\/blog-picos-de-foto-identificacao-71x40.png 71w, https:\/\/picosdeaventura.com\/wp-content\/uploads\/2023\/05\/blog-picos-de-foto-identificacao-142x80.png 142w, https:\/\/picosdeaventura.com\/wp-content\/uploads\/2023\/05\/blog-picos-de-foto-identificacao-915x515.png 915w, https:\/\/picosdeaventura.com\/wp-content\/uploads\/2023\/05\/blog-picos-de-foto-identificacao.png 1200w\" sizes=\"auto, (max-width: 394px) 100vw, 394px\" title=\"\">    \t<\/a>\n    <div class=\"post-inner\">\n\n        <h3 class=\"post-title\"><a href=\"https:\/\/picosdeaventura.com\/pt\/2023\/05\/25\/foto-identificacao\/\">Foto identifica\u00e7\u00e3o de cachalotes<\/a><\/h3>\n    \t<div class=\"post-meta\">\n\t<span class=\"show-author\">Posted by <a href=\"https:\/\/picosdeaventura.com\/pt\/author\/biologomar\/\" title=\"Artigos de Bi\u00f3logo\" rel=\"author\">Bi\u00f3logo<\/a><\/span> <span class=\"show-comments\"><\/span>\n<\/div>\n\t            \t<div class=\"entry-content post-excerpt\">\n\t\t\t\t\t<p>Quando queremos entender um pouco mais sobre o comportamento e a ecologia de uma determinada esp\u00e9cie, \u00e9 de extrema import\u00e2ncia que se consiga identificar os diferentes indiv\u00edduos de um determinado grupo. A foto identifica\u00e7\u00e3o surge assim como uma forma de solucionar este problema.  &hellip; <a href=\"https:\/\/picosdeaventura.com\/pt\/2023\/05\/25\/foto-identificacao\/\">Read More<\/a><\/p>\n                <\/div>\n\t\t\t\t<div class=\"date-meta\">\n    <i class=\"xs-icon fa fa-calendar-o\"><\/i>\n    <time class=\"published\" datetime=\"2023-05-25T15:56:26+00:00\">25 de Maio, 2023<\/time>\n    <span class=\"is-sticky\">Featured Post<\/span>\n<\/div><\/div>\n\t\t\t\t\t\t<\/div>\n\n\t\t\t\t\t\n\t\t\t\t\t\t\n\t\t\t\t\t\t<div class=\"mas-blog-post col-sm-6 col-md-4 post-5720 post type-post status-publish format-standard has-post-thumbnail sticky hentry category-blog-mar category-blog-terra tag-mar tag-terra\">\n\t\t\t\t\t\t\t    \t\t<a href=\"https:\/\/picosdeaventura.com\/pt\/2023\/05\/11\/praias-para-mergulhar-este-verao\/\">\n\t\t\t<img loading=\"lazy\" decoding=\"async\" width=\"394\" height=\"222\" src=\"https:\/\/picosdeaventura.com\/wp-content\/uploads\/2023\/05\/blog-picos-de-aventura-praias-394x222.png\" class=\"img-responsive wp-post-image\" alt=\"Praias\" srcset=\"https:\/\/picosdeaventura.com\/wp-content\/uploads\/2023\/05\/blog-picos-de-aventura-praias-394x222.png 394w, https:\/\/picosdeaventura.com\/wp-content\/uploads\/2023\/05\/blog-picos-de-aventura-praias-300x169.png 300w, https:\/\/picosdeaventura.com\/wp-content\/uploads\/2023\/05\/blog-picos-de-aventura-praias-1024x576.png 1024w, https:\/\/picosdeaventura.com\/wp-content\/uploads\/2023\/05\/blog-picos-de-aventura-praias-768x432.png 768w, https:\/\/picosdeaventura.com\/wp-content\/uploads\/2023\/05\/blog-picos-de-aventura-praias-18x10.png 18w, https:\/\/picosdeaventura.com\/wp-content\/uploads\/2023\/05\/blog-picos-de-aventura-praias-71x40.png 71w, https:\/\/picosdeaventura.com\/wp-content\/uploads\/2023\/05\/blog-picos-de-aventura-praias-142x80.png 142w, https:\/\/picosdeaventura.com\/wp-content\/uploads\/2023\/05\/blog-picos-de-aventura-praias-915x515.png 915w, https:\/\/picosdeaventura.com\/wp-content\/uploads\/2023\/05\/blog-picos-de-aventura-praias.png 1200w\" sizes=\"auto, (max-width: 394px) 100vw, 394px\" title=\"\">    \t<\/a>\n    <div class=\"post-inner\">\n\n        <h3 class=\"post-title\"><a href=\"https:\/\/picosdeaventura.com\/pt\/2023\/05\/11\/praias-para-mergulhar-este-verao\/\">S\u00e3o Miguel: 5 praias para mergulhar este ver\u00e3o<\/a><\/h3>\n    \t<div class=\"post-meta\">\n\t<span class=\"show-author\">Posted by <a href=\"https:\/\/picosdeaventura.com\/pt\/author\/admin\/\" title=\"Artigos de admin\" rel=\"author\">admin<\/a><\/span> <span class=\"show-comments\"><\/span>\n<\/div>\n\t            \t<div class=\"entry-content post-excerpt\">\n\t\t\t\t\t<p>Na Ilha de S\u00e3o Miguel existem v\u00e1rias praias incr\u00edveis para uns fant\u00e1sticos banhos de mar e de sol, em fam\u00edlia, em casal ou entre amigos. N\u00e3o perca estas: &hellip; <a href=\"https:\/\/picosdeaventura.com\/pt\/2023\/05\/11\/praias-para-mergulhar-este-verao\/\">Read More<\/a><\/p>\n                <\/div>\n\t\t\t\t<div class=\"date-meta\">\n    <i class=\"xs-icon fa fa-calendar-o\"><\/i>\n    <time class=\"published\" datetime=\"2023-05-11T11:20:30+00:00\">11 de Maio, 2023<\/time>\n    <span class=\"is-sticky\">Featured Post<\/span>\n<\/div><\/div>\n\t\t\t\t\t\t<\/div>\n\n\t\t\t\t\t\n\t\t\t\t\t\t\n\t\t\t\t\t\t<div class=\"mas-blog-post col-sm-6 col-md-4 post-5693 post type-post status-publish format-standard has-post-thumbnail sticky hentry category-blog-mar tag-mar tag-natureza\">\n\t\t\t\t\t\t\t    \t\t<a href=\"https:\/\/picosdeaventura.com\/pt\/2023\/04\/27\/krill\/\">\n\t\t\t<img loading=\"lazy\" decoding=\"async\" width=\"394\" height=\"222\" src=\"https:\/\/picosdeaventura.com\/wp-content\/uploads\/2023\/04\/blog-picos-de-aventura-krill-394x222.jpg\" class=\"img-responsive wp-post-image\" alt=\"krill\" srcset=\"https:\/\/picosdeaventura.com\/wp-content\/uploads\/2023\/04\/blog-picos-de-aventura-krill-394x222.jpg 394w, https:\/\/picosdeaventura.com\/wp-content\/uploads\/2023\/04\/blog-picos-de-aventura-krill-300x169.jpg 300w, https:\/\/picosdeaventura.com\/wp-content\/uploads\/2023\/04\/blog-picos-de-aventura-krill-1024x576.jpg 1024w, https:\/\/picosdeaventura.com\/wp-content\/uploads\/2023\/04\/blog-picos-de-aventura-krill-768x432.jpg 768w, https:\/\/picosdeaventura.com\/wp-content\/uploads\/2023\/04\/blog-picos-de-aventura-krill-18x10.jpg 18w, https:\/\/picosdeaventura.com\/wp-content\/uploads\/2023\/04\/blog-picos-de-aventura-krill-71x40.jpg 71w, https:\/\/picosdeaventura.com\/wp-content\/uploads\/2023\/04\/blog-picos-de-aventura-krill-142x80.jpg 142w, https:\/\/picosdeaventura.com\/wp-content\/uploads\/2023\/04\/blog-picos-de-aventura-krill-915x515.jpg 915w, https:\/\/picosdeaventura.com\/wp-content\/uploads\/2023\/04\/blog-picos-de-aventura-krill.jpg 1200w\" sizes=\"auto, (max-width: 394px) 100vw, 394px\" title=\"\">    \t<\/a>\n    <div class=\"post-inner\">\n\n        <h3 class=\"post-title\"><a href=\"https:\/\/picosdeaventura.com\/pt\/2023\/04\/27\/krill\/\">Krill<\/a><\/h3>\n    \t<div class=\"post-meta\">\n\t<span class=\"show-author\">Posted by <a href=\"https:\/\/picosdeaventura.com\/pt\/author\/biologomar\/\" title=\"Artigos de Bi\u00f3logo\" rel=\"author\">Bi\u00f3logo<\/a><\/span> <span class=\"show-comments\"><\/span>\n<\/div>\n\t            \t<div class=\"entry-content post-excerpt\">\n\t\t\t\t\t<p>O oceano \u00e9 o maior habitat do planeta. Nele est\u00e3o presentes grandes animais como o tubar\u00e3o-baleia e o maior de todos, a baleia azul que pode ultrapassar os 30 metros de comprimento.  &hellip; <a href=\"https:\/\/picosdeaventura.com\/pt\/2023\/04\/27\/krill\/\">Read More<\/a><\/p>\n                <\/div>\n\t\t\t\t<div class=\"date-meta\">\n    <i class=\"xs-icon fa fa-calendar-o\"><\/i>\n    <time class=\"published\" datetime=\"2023-04-27T11:04:23+00:00\">27 de Abril, 2023<\/time>\n    <span class=\"is-sticky\">Featured Post<\/span>\n<\/div><\/div>\n\t\t\t\t\t\t<\/div>\n\n\t\t\t\t\t\n\t\t\t\t\t\t\n\t\t\t\t\t\t<div class=\"mas-blog-post col-sm-6 col-md-4 post-5664 post type-post status-publish format-standard has-post-thumbnail sticky hentry category-blog-terra tag-natureza tag-terra\">\n\t\t\t\t\t\t\t    \t\t<a href=\"https:\/\/picosdeaventura.com\/pt\/2023\/04\/21\/nordeste\/\">\n\t\t\t<img loading=\"lazy\" decoding=\"async\" width=\"394\" height=\"222\" src=\"https:\/\/picosdeaventura.com\/wp-content\/uploads\/2023\/04\/blog-picos-de-aventura-nordeste-394x222.jpg\" class=\"img-responsive wp-post-image\" alt=\"Nordeste\" srcset=\"https:\/\/picosdeaventura.com\/wp-content\/uploads\/2023\/04\/blog-picos-de-aventura-nordeste-394x222.jpg 394w, https:\/\/picosdeaventura.com\/wp-content\/uploads\/2023\/04\/blog-picos-de-aventura-nordeste-300x169.jpg 300w, https:\/\/picosdeaventura.com\/wp-content\/uploads\/2023\/04\/blog-picos-de-aventura-nordeste-1024x576.jpg 1024w, https:\/\/picosdeaventura.com\/wp-content\/uploads\/2023\/04\/blog-picos-de-aventura-nordeste-768x432.jpg 768w, https:\/\/picosdeaventura.com\/wp-content\/uploads\/2023\/04\/blog-picos-de-aventura-nordeste-18x10.jpg 18w, https:\/\/picosdeaventura.com\/wp-content\/uploads\/2023\/04\/blog-picos-de-aventura-nordeste-71x40.jpg 71w, https:\/\/picosdeaventura.com\/wp-content\/uploads\/2023\/04\/blog-picos-de-aventura-nordeste-142x80.jpg 142w, https:\/\/picosdeaventura.com\/wp-content\/uploads\/2023\/04\/blog-picos-de-aventura-nordeste-915x515.jpg 915w, https:\/\/picosdeaventura.com\/wp-content\/uploads\/2023\/04\/blog-picos-de-aventura-nordeste.jpg 1200w\" sizes=\"auto, (max-width: 394px) 100vw, 394px\" title=\"\">    \t<\/a>\n    <div class=\"post-inner\">\n\n        <h3 class=\"post-title\"><a href=\"https:\/\/picosdeaventura.com\/pt\/2023\/04\/21\/nordeste\/\">Nordeste: o melhor do concelho<\/a><\/h3>\n    \t<div class=\"post-meta\">\n\t<span class=\"show-author\">Posted by <a href=\"https:\/\/picosdeaventura.com\/pt\/author\/admin\/\" title=\"Artigos de admin\" rel=\"author\">admin<\/a><\/span> <span class=\"show-comments\"><\/span>\n<\/div>\n\t            \t<div class=\"entry-content post-excerpt\">\n\t\t\t\t\t<p>O Nordeste, em S\u00e3o Miguel, \u00e9 um dos lugares mais bonitos e especiais para se visitar na ilha. O concelho \u00e9 dono de uma natureza bela, terra de paz e de sossego. &hellip; <a href=\"https:\/\/picosdeaventura.com\/pt\/2023\/04\/21\/nordeste\/\">Read More<\/a><\/p>\n                <\/div>\n\t\t\t\t<div class=\"date-meta\">\n    <i class=\"xs-icon fa fa-calendar-o\"><\/i>\n    <time class=\"published\" datetime=\"2023-04-21T15:09:05+00:00\">21 de Abril, 2023<\/time>\n    <span class=\"is-sticky\">Featured Post<\/span>\n<\/div><\/div>\n\t\t\t\t\t\t<\/div>\n\n\t\t\t\t\t\n\t\t\t\t\t\t\n\t\t\t\t\t\t<div class=\"mas-blog-post col-sm-6 col-md-4 post-5608 post type-post status-publish format-standard has-post-thumbnail sticky hentry category-blog-terra tag-natureza tag-terra\">\n\t\t\t\t\t\t\t    \t\t<a href=\"https:\/\/picosdeaventura.com\/pt\/2023\/03\/16\/por-do-sol\/\">\n\t\t\t<img loading=\"lazy\" decoding=\"async\" width=\"394\" height=\"222\" src=\"https:\/\/picosdeaventura.com\/wp-content\/uploads\/2023\/03\/blog-picos-de-aventura-por-do-sol-394x222.png\" class=\"img-responsive wp-post-image\" alt=\"p\u00f4r-do-sol\" srcset=\"https:\/\/picosdeaventura.com\/wp-content\/uploads\/2023\/03\/blog-picos-de-aventura-por-do-sol-394x222.png 394w, https:\/\/picosdeaventura.com\/wp-content\/uploads\/2023\/03\/blog-picos-de-aventura-por-do-sol-300x169.png 300w, https:\/\/picosdeaventura.com\/wp-content\/uploads\/2023\/03\/blog-picos-de-aventura-por-do-sol-1024x576.png 1024w, https:\/\/picosdeaventura.com\/wp-content\/uploads\/2023\/03\/blog-picos-de-aventura-por-do-sol-768x432.png 768w, https:\/\/picosdeaventura.com\/wp-content\/uploads\/2023\/03\/blog-picos-de-aventura-por-do-sol-18x10.png 18w, https:\/\/picosdeaventura.com\/wp-content\/uploads\/2023\/03\/blog-picos-de-aventura-por-do-sol-71x40.png 71w, https:\/\/picosdeaventura.com\/wp-content\/uploads\/2023\/03\/blog-picos-de-aventura-por-do-sol-142x80.png 142w, https:\/\/picosdeaventura.com\/wp-content\/uploads\/2023\/03\/blog-picos-de-aventura-por-do-sol-915x515.png 915w, https:\/\/picosdeaventura.com\/wp-content\/uploads\/2023\/03\/blog-picos-de-aventura-por-do-sol.png 1200w\" sizes=\"auto, (max-width: 394px) 100vw, 394px\" title=\"\">    \t<\/a>\n    <div class=\"post-inner\">\n\n        <h3 class=\"post-title\"><a href=\"https:\/\/picosdeaventura.com\/pt\/2023\/03\/16\/por-do-sol\/\">S\u00e3o Miguel: 5 lugares para apreciar o p\u00f4r-do-sol<\/a><\/h3>\n    \t<div class=\"post-meta\">\n\t<span class=\"show-author\">Posted by <a href=\"https:\/\/picosdeaventura.com\/pt\/author\/admin\/\" title=\"Artigos de admin\" rel=\"author\">admin<\/a><\/span> <span class=\"show-comments\"><\/span>\n<\/div>\n\t            \t<div class=\"entry-content post-excerpt\">\n\t\t\t\t\t<p>A Ilha de S\u00e3o Miguel \u00e9 um verdadeiro para\u00edso de paisagens verdes com spots \u00fanicos para assistir ao melhor p\u00f4r-do-sol da sua vida! &hellip; <a href=\"https:\/\/picosdeaventura.com\/pt\/2023\/03\/16\/por-do-sol\/\">Read More<\/a><\/p>\n                <\/div>\n\t\t\t\t<div class=\"date-meta\">\n    <i class=\"xs-icon fa fa-calendar-o\"><\/i>\n    <time class=\"published\" datetime=\"2023-03-16T14:56:03+00:00\">16 de Mar\u00e7o, 2023<\/time>\n    <span class=\"is-sticky\">Featured Post<\/span>\n<\/div><\/div>\n\t\t\t\t\t\t<\/div>\n\n\t\t\t\t\t\n\t\t\t\t\t\t\n\t\t\t\t\t\t<div class=\"mas-blog-post col-sm-6 col-md-4 post-5576 post type-post status-publish format-standard has-post-thumbnail sticky hentry category-blog-mar category-blog-terra tag-mar tag-natureza tag-terra tag-whale-watching tag-whale-watching-azores\">\n\t\t\t\t\t\t\t    \t\t<a href=\"https:\/\/picosdeaventura.com\/pt\/2023\/02\/16\/sao-miguel-o-que-nao-perder-em-2023-strong\/\">\n\t\t\t<img loading=\"lazy\" decoding=\"async\" width=\"394\" height=\"222\" src=\"https:\/\/picosdeaventura.com\/wp-content\/uploads\/2023\/02\/blog-picos-de-aventura-sao-miguel-394x222.jpg\" class=\"img-responsive wp-post-image\" alt=\"S\u00e3o Miguel\" srcset=\"https:\/\/picosdeaventura.com\/wp-content\/uploads\/2023\/02\/blog-picos-de-aventura-sao-miguel-394x222.jpg 394w, https:\/\/picosdeaventura.com\/wp-content\/uploads\/2023\/02\/blog-picos-de-aventura-sao-miguel-300x169.jpg 300w, https:\/\/picosdeaventura.com\/wp-content\/uploads\/2023\/02\/blog-picos-de-aventura-sao-miguel-1024x576.jpg 1024w, https:\/\/picosdeaventura.com\/wp-content\/uploads\/2023\/02\/blog-picos-de-aventura-sao-miguel-768x432.jpg 768w, https:\/\/picosdeaventura.com\/wp-content\/uploads\/2023\/02\/blog-picos-de-aventura-sao-miguel-18x10.jpg 18w, https:\/\/picosdeaventura.com\/wp-content\/uploads\/2023\/02\/blog-picos-de-aventura-sao-miguel-71x40.jpg 71w, https:\/\/picosdeaventura.com\/wp-content\/uploads\/2023\/02\/blog-picos-de-aventura-sao-miguel-142x80.jpg 142w, https:\/\/picosdeaventura.com\/wp-content\/uploads\/2023\/02\/blog-picos-de-aventura-sao-miguel-915x515.jpg 915w, https:\/\/picosdeaventura.com\/wp-content\/uploads\/2023\/02\/blog-picos-de-aventura-sao-miguel.jpg 1200w\" sizes=\"auto, (max-width: 394px) 100vw, 394px\" title=\"\">    \t<\/a>\n    <div class=\"post-inner\">\n\n        <h3 class=\"post-title\"><a href=\"https:\/\/picosdeaventura.com\/pt\/2023\/02\/16\/sao-miguel-o-que-nao-perder-em-2023-strong\/\">S\u00e3o Miguel: O que n\u00e3o pode perder em 2023<\/a><\/h3>\n    \t<div class=\"post-meta\">\n\t<span class=\"show-author\">Posted by <a href=\"https:\/\/picosdeaventura.com\/pt\/author\/admin\/\" title=\"Artigos de admin\" rel=\"author\">admin<\/a><\/span> <span class=\"show-comments\"><\/span>\n<\/div>\n\t            \t<div class=\"entry-content post-excerpt\">\n\t\t\t\t\t<p>A ilha de S\u00e3o Miguel \u00e9 um verdadeiro para\u00edso verde de paisagens de tirar o f\u00f4lego e um destino de f\u00e9rias com caracter\u00edsticas \u00fanicas. Fique a conhecer! &hellip; <a href=\"https:\/\/picosdeaventura.com\/pt\/2023\/02\/16\/sao-miguel-o-que-nao-perder-em-2023-strong\/\">Read More<\/a><\/p>\n                <\/div>\n\t\t\t\t<div class=\"date-meta\">\n    <i class=\"xs-icon fa fa-calendar-o\"><\/i>\n    <time class=\"published\" datetime=\"2023-02-16T15:12:43+00:00\">16 de Fevereiro, 2023<\/time>\n    <span class=\"is-sticky\">Featured Post<\/span>\n<\/div><\/div>\n\t\t\t\t\t\t<\/div>\n\n\t\t\t\t\t\n\t\t\t\t\t\t\n\t\t\t\t\t\t<div class=\"mas-blog-post col-sm-6 col-md-4 post-5551 post type-post status-publish format-standard has-post-thumbnail sticky hentry category-blog-mar tag-mar tag-whale-watching tag-whale-watching-azores tag-whales\">\n\t\t\t\t\t\t\t    \t\t<a href=\"https:\/\/picosdeaventura.com\/pt\/2023\/02\/09\/as-baleias\/\">\n\t\t\t<img loading=\"lazy\" decoding=\"async\" width=\"394\" height=\"222\" src=\"https:\/\/picosdeaventura.com\/wp-content\/uploads\/2023\/02\/blog-picos-de-aventura-baleias-394x222.png\" class=\"img-responsive wp-post-image\" alt=\"Porque s\u00e3o as baleias t\u00e3o grandes e porque \u00e9 que se alimentam de animais t\u00e3o pequenos?\" srcset=\"https:\/\/picosdeaventura.com\/wp-content\/uploads\/2023\/02\/blog-picos-de-aventura-baleias-394x222.png 394w, https:\/\/picosdeaventura.com\/wp-content\/uploads\/2023\/02\/blog-picos-de-aventura-baleias-300x169.png 300w, https:\/\/picosdeaventura.com\/wp-content\/uploads\/2023\/02\/blog-picos-de-aventura-baleias-1024x576.png 1024w, https:\/\/picosdeaventura.com\/wp-content\/uploads\/2023\/02\/blog-picos-de-aventura-baleias-768x432.png 768w, https:\/\/picosdeaventura.com\/wp-content\/uploads\/2023\/02\/blog-picos-de-aventura-baleias-18x10.png 18w, https:\/\/picosdeaventura.com\/wp-content\/uploads\/2023\/02\/blog-picos-de-aventura-baleias-71x40.png 71w, https:\/\/picosdeaventura.com\/wp-content\/uploads\/2023\/02\/blog-picos-de-aventura-baleias-142x80.png 142w, https:\/\/picosdeaventura.com\/wp-content\/uploads\/2023\/02\/blog-picos-de-aventura-baleias-915x515.png 915w, https:\/\/picosdeaventura.com\/wp-content\/uploads\/2023\/02\/blog-picos-de-aventura-baleias.png 1200w\" sizes=\"auto, (max-width: 394px) 100vw, 394px\" title=\"\">    \t<\/a>\n    <div class=\"post-inner\">\n\n        <h3 class=\"post-title\"><a href=\"https:\/\/picosdeaventura.com\/pt\/2023\/02\/09\/as-baleias\/\">Porque s\u00e3o as baleias t\u00e3o grandes e porque \u00e9 que se alimentam de animais t\u00e3o pequenos?<\/a><\/h3>\n    \t<div class=\"post-meta\">\n\t<span class=\"show-author\">Posted by <a href=\"https:\/\/picosdeaventura.com\/pt\/author\/biologomar\/\" title=\"Artigos de Bi\u00f3logo\" rel=\"author\">Bi\u00f3logo<\/a><\/span> <span class=\"show-comments\"><\/span>\n<\/div>\n\t            \t<div class=\"entry-content post-excerpt\">\n\t\t\t\t\t<p>Porque \u00e9 que as baleias se tornaram gigantes? Ser grande no oceano \u00e9 uma grande vantagem por v\u00e1rias raz\u00f5es. &hellip; <a href=\"https:\/\/picosdeaventura.com\/pt\/2023\/02\/09\/as-baleias\/\">Read More<\/a><\/p>\n                <\/div>\n\t\t\t\t<div class=\"date-meta\">\n    <i class=\"xs-icon fa fa-calendar-o\"><\/i>\n    <time class=\"published\" datetime=\"2023-02-09T12:01:25+00:00\">9 de Fevereiro, 2023<\/time>\n    <span class=\"is-sticky\">Featured Post<\/span>\n<\/div><\/div>\n\t\t\t\t\t\t<\/div>\n\n\t\t\t\t\t\n\t\t\t\t\t\t\n\t\t\t\t\t\t<div class=\"mas-blog-post col-sm-6 col-md-4 post-5522 post type-post status-publish format-standard has-post-thumbnail sticky hentry category-blog-mar category-blog-terra tag-mar tag-natureza tag-terra tag-trilhos\">\n\t\t\t\t\t\t\t    \t\t<a href=\"https:\/\/picosdeaventura.com\/pt\/2023\/01\/26\/acores-quatro-razoes-para-visitar\/\">\n\t\t\t<img loading=\"lazy\" decoding=\"async\" width=\"394\" height=\"222\" src=\"https:\/\/picosdeaventura.com\/wp-content\/uploads\/2023\/01\/blog-picos-de-aventura-acores-394x222.png\" class=\"img-responsive wp-post-image\" alt=\"A\u00e7ores\" srcset=\"https:\/\/picosdeaventura.com\/wp-content\/uploads\/2023\/01\/blog-picos-de-aventura-acores-394x222.png 394w, https:\/\/picosdeaventura.com\/wp-content\/uploads\/2023\/01\/blog-picos-de-aventura-acores-300x169.png 300w, https:\/\/picosdeaventura.com\/wp-content\/uploads\/2023\/01\/blog-picos-de-aventura-acores-1024x576.png 1024w, https:\/\/picosdeaventura.com\/wp-content\/uploads\/2023\/01\/blog-picos-de-aventura-acores-768x432.png 768w, https:\/\/picosdeaventura.com\/wp-content\/uploads\/2023\/01\/blog-picos-de-aventura-acores-18x10.png 18w, https:\/\/picosdeaventura.com\/wp-content\/uploads\/2023\/01\/blog-picos-de-aventura-acores-71x40.png 71w, https:\/\/picosdeaventura.com\/wp-content\/uploads\/2023\/01\/blog-picos-de-aventura-acores-142x80.png 142w, https:\/\/picosdeaventura.com\/wp-content\/uploads\/2023\/01\/blog-picos-de-aventura-acores-915x515.png 915w, https:\/\/picosdeaventura.com\/wp-content\/uploads\/2023\/01\/blog-picos-de-aventura-acores.png 1200w\" sizes=\"auto, (max-width: 394px) 100vw, 394px\" title=\"\">    \t<\/a>\n    <div class=\"post-inner\">\n\n        <h3 class=\"post-title\"><a href=\"https:\/\/picosdeaventura.com\/pt\/2023\/01\/26\/acores-quatro-razoes-para-visitar\/\">A\u00e7ores: 4 raz\u00f5es para visitar<\/a><\/h3>\n    \t<div class=\"post-meta\">\n\t<span class=\"show-author\">Posted by <a href=\"https:\/\/picosdeaventura.com\/pt\/author\/admin\/\" title=\"Artigos de admin\" rel=\"author\">admin<\/a><\/span> <span class=\"show-comments\"><\/span>\n<\/div>\n\t            \t<div class=\"entry-content post-excerpt\">\n\t\t\t\t\t<p>Os A\u00e7ores s\u00e3o conhecidos internacionalmente pelas suas ilhas de natureza incompar\u00e1vel com belezas naturais de tirar o f\u00f4lego. Saiba 4 raz\u00f5es para visitar o arquip\u00e9lago. &hellip; <a href=\"https:\/\/picosdeaventura.com\/pt\/2023\/01\/26\/acores-quatro-razoes-para-visitar\/\">Read More<\/a><\/p>\n                <\/div>\n\t\t\t\t<div class=\"date-meta\">\n    <i class=\"xs-icon fa fa-calendar-o\"><\/i>\n    <time class=\"published\" datetime=\"2023-01-26T12:19:49+00:00\">26 de Janeiro, 2023<\/time>\n    <span class=\"is-sticky\">Featured Post<\/span>\n<\/div><\/div>\n\t\t\t\t\t\t<\/div>\n\n\t\t\t\t\t\n\t\t\t\t\t\t\n\t\t\t\t\t\t<div class=\"mas-blog-post col-sm-6 col-md-4 post-5488 post type-post status-publish format-standard has-post-thumbnail sticky hentry category-blog-mar tag-avistamentos tag-baleias tag-mar tag-whale-watching\">\n\t\t\t\t\t\t\t    \t\t<a href=\"https:\/\/picosdeaventura.com\/pt\/2023\/01\/19\/as-grandes-baleias\/\">\n\t\t\t<img loading=\"lazy\" decoding=\"async\" width=\"394\" height=\"222\" src=\"https:\/\/picosdeaventura.com\/wp-content\/uploads\/2023\/01\/blog-picos-de-aventura-baleias-394x222.jpg\" class=\"img-responsive wp-post-image\" alt=\"Grandes baleias\" srcset=\"https:\/\/picosdeaventura.com\/wp-content\/uploads\/2023\/01\/blog-picos-de-aventura-baleias-394x222.jpg 394w, https:\/\/picosdeaventura.com\/wp-content\/uploads\/2023\/01\/blog-picos-de-aventura-baleias-300x169.jpg 300w, https:\/\/picosdeaventura.com\/wp-content\/uploads\/2023\/01\/blog-picos-de-aventura-baleias-1024x576.jpg 1024w, https:\/\/picosdeaventura.com\/wp-content\/uploads\/2023\/01\/blog-picos-de-aventura-baleias-768x432.jpg 768w, https:\/\/picosdeaventura.com\/wp-content\/uploads\/2023\/01\/blog-picos-de-aventura-baleias-18x10.jpg 18w, https:\/\/picosdeaventura.com\/wp-content\/uploads\/2023\/01\/blog-picos-de-aventura-baleias-71x40.jpg 71w, https:\/\/picosdeaventura.com\/wp-content\/uploads\/2023\/01\/blog-picos-de-aventura-baleias-142x80.jpg 142w, https:\/\/picosdeaventura.com\/wp-content\/uploads\/2023\/01\/blog-picos-de-aventura-baleias-915x515.jpg 915w, https:\/\/picosdeaventura.com\/wp-content\/uploads\/2023\/01\/blog-picos-de-aventura-baleias.jpg 1200w\" sizes=\"auto, (max-width: 394px) 100vw, 394px\" title=\"\">    \t<\/a>\n    <div class=\"post-inner\">\n\n        <h3 class=\"post-title\"><a href=\"https:\/\/picosdeaventura.com\/pt\/2023\/01\/19\/as-grandes-baleias\/\">As Grandes Baleias no Combate \u00e0s Altera\u00e7\u00f5es Clim\u00e1ticas<\/a><\/h3>\n    \t<div class=\"post-meta\">\n\t<span class=\"show-author\">Posted by <a href=\"https:\/\/picosdeaventura.com\/pt\/author\/biologomar\/\" title=\"Artigos de Bi\u00f3logo\" rel=\"author\">Bi\u00f3logo<\/a><\/span> <span class=\"show-comments\"><\/span>\n<\/div>\n\t            \t<div class=\"entry-content post-excerpt\">\n\t\t\t\t\t<p>Os nossos oceanos s\u00e3o dos sistemas mais afetados no que diz respeito \u00e0s Altera\u00e7\u00f5es Clim\u00e1ticas. Com o aumento de concentra\u00e7\u00f5es de di\u00f3xido de carbono (CO2), aumento das temperaturas e o aumento da acidifica\u00e7\u00e3o (devido \u00e0 descida de oxig\u00e9nio (O2)), os n\u00edveis m\u00e9dios do mar t\u00eam subido, levando ao aumento de risco de inunda\u00e7\u00f5es de comunidades costeiras, induzindo outros tipos de impactos. &hellip; <a href=\"https:\/\/picosdeaventura.com\/pt\/2023\/01\/19\/as-grandes-baleias\/\">Read More<\/a><\/p>\n                <\/div>\n\t\t\t\t<div class=\"date-meta\">\n    <i class=\"xs-icon fa fa-calendar-o\"><\/i>\n    <time class=\"published\" datetime=\"2023-01-19T11:59:17+00:00\">19 de Janeiro, 2023<\/time>\n    <span class=\"is-sticky\">Featured Post<\/span>\n<\/div><\/div>\n\t\t\t\t\t\t<\/div>\n\n\t\t\t\t\t\n\t\t\t\t\t\t\n\t\t\t\t\t\t<div class=\"mas-blog-post col-sm-6 col-md-4 post-5433 post type-post status-publish format-standard has-post-thumbnail sticky hentry category-blog-mar tag-cachalote tag-mar tag-sperm-whale tag-whale-watching\">\n\t\t\t\t\t\t\t    \t\t<a href=\"https:\/\/picosdeaventura.com\/pt\/2022\/12\/20\/sperm-whale-scale\/\">\n\t\t\t<img loading=\"lazy\" decoding=\"async\" width=\"394\" height=\"222\" src=\"https:\/\/picosdeaventura.com\/wp-content\/uploads\/2022\/12\/blog-picos-de-aventura-sperm-whale-scale-394x222.png\" class=\"img-responsive wp-post-image\" alt=\"Sperm whale scale\" srcset=\"https:\/\/picosdeaventura.com\/wp-content\/uploads\/2022\/12\/blog-picos-de-aventura-sperm-whale-scale-394x222.png 394w, https:\/\/picosdeaventura.com\/wp-content\/uploads\/2022\/12\/blog-picos-de-aventura-sperm-whale-scale-300x169.png 300w, https:\/\/picosdeaventura.com\/wp-content\/uploads\/2022\/12\/blog-picos-de-aventura-sperm-whale-scale-1024x576.png 1024w, https:\/\/picosdeaventura.com\/wp-content\/uploads\/2022\/12\/blog-picos-de-aventura-sperm-whale-scale-768x432.png 768w, https:\/\/picosdeaventura.com\/wp-content\/uploads\/2022\/12\/blog-picos-de-aventura-sperm-whale-scale-18x10.png 18w, https:\/\/picosdeaventura.com\/wp-content\/uploads\/2022\/12\/blog-picos-de-aventura-sperm-whale-scale-71x40.png 71w, https:\/\/picosdeaventura.com\/wp-content\/uploads\/2022\/12\/blog-picos-de-aventura-sperm-whale-scale-142x80.png 142w, https:\/\/picosdeaventura.com\/wp-content\/uploads\/2022\/12\/blog-picos-de-aventura-sperm-whale-scale-915x515.png 915w, https:\/\/picosdeaventura.com\/wp-content\/uploads\/2022\/12\/blog-picos-de-aventura-sperm-whale-scale.png 1200w\" sizes=\"auto, (max-width: 394px) 100vw, 394px\" title=\"\">    \t<\/a>\n    <div class=\"post-inner\">\n\n        <h3 class=\"post-title\"><a href=\"https:\/\/picosdeaventura.com\/pt\/2022\/12\/20\/sperm-whale-scale\/\">Sperm Whale Scale \u2013 Se\u00e1n O\u2019Callaghan\u2019s PhD project para a Picos de Aventura<\/a><\/h3>\n    \t<div class=\"post-meta\">\n\t<span class=\"show-author\">Posted by <a href=\"https:\/\/picosdeaventura.com\/pt\/author\/admin\/\" title=\"Artigos de admin\" rel=\"author\">admin<\/a><\/span> <span class=\"show-comments\"><\/span>\n<\/div>\n\t            \t<div class=\"entry-content post-excerpt\">\n\t\t\t\t\t<p>Sperm Whale Scale &#8211; O meu nome \u00e9 Se\u00e1n O\u2019Callaghan e sou estudante de doutoramento no centro de investiga\u00e7\u00e3o de Marine e Freshwater na Universidade Atl\u00e2ntica Tecnol\u00f3gica (ATU) em Galway no oeste da Irlanda. O foco do meu doutoramento \u00e9 o cachalote. &hellip; <a href=\"https:\/\/picosdeaventura.com\/pt\/2022\/12\/20\/sperm-whale-scale\/\">Read More<\/a><\/p>\n                <\/div>\n\t\t\t\t<div class=\"date-meta\">\n    <i class=\"xs-icon fa fa-calendar-o\"><\/i>\n    <time class=\"published\" datetime=\"2022-12-20T12:09:16+00:00\">20 de Dezembro, 2022<\/time>\n    <span class=\"is-sticky\">Featured Post<\/span>\n<\/div><\/div>\n\t\t\t\t\t\t<\/div>\n\n\t\t\t\t\t\n\t\t\t\t\t\t\n\t\t\t\t\t\t<div class=\"mas-blog-post col-sm-6 col-md-4 post-5404 post type-post status-publish format-standard has-post-thumbnail sticky hentry category-blog-terra tag-natureza tag-terra\">\n\t\t\t\t\t\t\t    \t\t<a href=\"https:\/\/picosdeaventura.com\/pt\/2022\/12\/15\/furnas-o-vale-magico\/\">\n\t\t\t<img loading=\"lazy\" decoding=\"async\" width=\"394\" height=\"222\" src=\"https:\/\/picosdeaventura.com\/wp-content\/uploads\/2022\/12\/blog-picos-de-aventura-furnas-394x222.png\" class=\"img-responsive wp-post-image\" alt=\"Furnas\" srcset=\"https:\/\/picosdeaventura.com\/wp-content\/uploads\/2022\/12\/blog-picos-de-aventura-furnas-394x222.png 394w, https:\/\/picosdeaventura.com\/wp-content\/uploads\/2022\/12\/blog-picos-de-aventura-furnas-300x169.png 300w, https:\/\/picosdeaventura.com\/wp-content\/uploads\/2022\/12\/blog-picos-de-aventura-furnas-1024x576.png 1024w, https:\/\/picosdeaventura.com\/wp-content\/uploads\/2022\/12\/blog-picos-de-aventura-furnas-768x432.png 768w, https:\/\/picosdeaventura.com\/wp-content\/uploads\/2022\/12\/blog-picos-de-aventura-furnas-18x10.png 18w, https:\/\/picosdeaventura.com\/wp-content\/uploads\/2022\/12\/blog-picos-de-aventura-furnas-71x40.png 71w, https:\/\/picosdeaventura.com\/wp-content\/uploads\/2022\/12\/blog-picos-de-aventura-furnas-142x80.png 142w, https:\/\/picosdeaventura.com\/wp-content\/uploads\/2022\/12\/blog-picos-de-aventura-furnas-915x515.png 915w, https:\/\/picosdeaventura.com\/wp-content\/uploads\/2022\/12\/blog-picos-de-aventura-furnas.png 1200w\" sizes=\"auto, (max-width: 394px) 100vw, 394px\" title=\"\">    \t<\/a>\n    <div class=\"post-inner\">\n\n        <h3 class=\"post-title\"><a href=\"https:\/\/picosdeaventura.com\/pt\/2022\/12\/15\/furnas-o-vale-magico\/\">Furnas: O vale m\u00e1gico<\/a><\/h3>\n    \t<div class=\"post-meta\">\n\t<span class=\"show-author\">Posted by <a href=\"https:\/\/picosdeaventura.com\/pt\/author\/admin\/\" title=\"Artigos de admin\" rel=\"author\">admin<\/a><\/span> <span class=\"show-comments\"><\/span>\n<\/div>\n\t            \t<div class=\"entry-content post-excerpt\">\n\t\t\t\t\t<p>As Furnas, na Ilha de S\u00e3o Miguel, s\u00e3o um lugar de excel\u00eancia a v\u00e1rios n\u00edveis. \u00c9 o local perfeito para relaxar e conectar-se com a natureza. Descubra connosco. &hellip; <a href=\"https:\/\/picosdeaventura.com\/pt\/2022\/12\/15\/furnas-o-vale-magico\/\">Read More<\/a><\/p>\n                <\/div>\n\t\t\t\t<div class=\"date-meta\">\n    <i class=\"xs-icon fa fa-calendar-o\"><\/i>\n    <time class=\"published\" datetime=\"2022-12-15T12:32:13+00:00\">15 de Dezembro, 2022<\/time>\n    <span class=\"is-sticky\">Featured Post<\/span>\n<\/div><\/div>\n\t\t\t\t\t\t<\/div>\n\n\t\t\t\t\t\n\t\t\t\t\t\t\n\t\t\t\t\t\t<div class=\"mas-blog-post col-sm-6 col-md-4 post-5367 post type-post status-publish format-standard has-post-thumbnail sticky hentry category-blog-mar category-blog-terra tag-mar tag-natureza tag-terra\">\n\t\t\t\t\t\t\t    \t\t<a href=\"https:\/\/picosdeaventura.com\/pt\/2022\/11\/24\/cagarro\/\">\n\t\t\t<img loading=\"lazy\" decoding=\"async\" width=\"394\" height=\"222\" src=\"https:\/\/picosdeaventura.com\/wp-content\/uploads\/2022\/11\/blog-picos-de-aventura-cagarro-394x222.jpg\" class=\"img-responsive wp-post-image\" alt=\"Cagarro\" srcset=\"https:\/\/picosdeaventura.com\/wp-content\/uploads\/2022\/11\/blog-picos-de-aventura-cagarro-394x222.jpg 394w, https:\/\/picosdeaventura.com\/wp-content\/uploads\/2022\/11\/blog-picos-de-aventura-cagarro-300x169.jpg 300w, https:\/\/picosdeaventura.com\/wp-content\/uploads\/2022\/11\/blog-picos-de-aventura-cagarro-1024x576.jpg 1024w, https:\/\/picosdeaventura.com\/wp-content\/uploads\/2022\/11\/blog-picos-de-aventura-cagarro-768x432.jpg 768w, https:\/\/picosdeaventura.com\/wp-content\/uploads\/2022\/11\/blog-picos-de-aventura-cagarro-18x10.jpg 18w, https:\/\/picosdeaventura.com\/wp-content\/uploads\/2022\/11\/blog-picos-de-aventura-cagarro-71x40.jpg 71w, https:\/\/picosdeaventura.com\/wp-content\/uploads\/2022\/11\/blog-picos-de-aventura-cagarro-142x80.jpg 142w, https:\/\/picosdeaventura.com\/wp-content\/uploads\/2022\/11\/blog-picos-de-aventura-cagarro-915x515.jpg 915w, https:\/\/picosdeaventura.com\/wp-content\/uploads\/2022\/11\/blog-picos-de-aventura-cagarro.jpg 1200w\" sizes=\"auto, (max-width: 394px) 100vw, 394px\" title=\"\">    \t<\/a>\n    <div class=\"post-inner\">\n\n        <h3 class=\"post-title\"><a href=\"https:\/\/picosdeaventura.com\/pt\/2022\/11\/24\/cagarro\/\">O Cagarro<\/a><\/h3>\n    \t<div class=\"post-meta\">\n\t<span class=\"show-author\">Posted by <a href=\"https:\/\/picosdeaventura.com\/pt\/author\/biologomar\/\" title=\"Artigos de Bi\u00f3logo\" rel=\"author\">Bi\u00f3logo<\/a><\/span> <span class=\"show-comments\"><\/span>\n<\/div>\n\t            \t<div class=\"entry-content post-excerpt\">\n\t\t\t\t\t<p>Quem nunca ouviu falar dos famosos cagarros? Talvez seja a ave mais conhecida pelo povo a\u00e7oriano e com certeza uma das mais emblem\u00e1ticas do arquip\u00e9lago! &hellip; <a href=\"https:\/\/picosdeaventura.com\/pt\/2022\/11\/24\/cagarro\/\">Read More<\/a><\/p>\n                <\/div>\n\t\t\t\t<div class=\"date-meta\">\n    <i class=\"xs-icon fa fa-calendar-o\"><\/i>\n    <time class=\"published\" datetime=\"2022-11-24T12:24:10+00:00\">24 de Novembro, 2022<\/time>\n    <span class=\"is-sticky\">Featured Post<\/span>\n<\/div><\/div>\n\t\t\t\t\t\t<\/div>\n\n\t\t\t\t\t\n\t\t\t\t\t\t\n\t\t\t\t\t\t<div class=\"mas-blog-post col-sm-6 col-md-4 post-5336 post type-post status-publish format-standard has-post-thumbnail sticky hentry category-blog-terra tag-terra tag-trilhos\">\n\t\t\t\t\t\t\t    \t\t<a href=\"https:\/\/picosdeaventura.com\/pt\/2022\/11\/10\/ilha-terceira\/\">\n\t\t\t<img loading=\"lazy\" decoding=\"async\" width=\"394\" height=\"222\" src=\"https:\/\/picosdeaventura.com\/wp-content\/uploads\/2022\/11\/blog-picos-de-aventura-ilha-terceira-394x222.png\" class=\"img-responsive wp-post-image\" alt=\"Ilha Terceira\" srcset=\"https:\/\/picosdeaventura.com\/wp-content\/uploads\/2022\/11\/blog-picos-de-aventura-ilha-terceira-394x222.png 394w, https:\/\/picosdeaventura.com\/wp-content\/uploads\/2022\/11\/blog-picos-de-aventura-ilha-terceira-300x169.png 300w, https:\/\/picosdeaventura.com\/wp-content\/uploads\/2022\/11\/blog-picos-de-aventura-ilha-terceira-1024x576.png 1024w, https:\/\/picosdeaventura.com\/wp-content\/uploads\/2022\/11\/blog-picos-de-aventura-ilha-terceira-768x432.png 768w, https:\/\/picosdeaventura.com\/wp-content\/uploads\/2022\/11\/blog-picos-de-aventura-ilha-terceira-18x10.png 18w, https:\/\/picosdeaventura.com\/wp-content\/uploads\/2022\/11\/blog-picos-de-aventura-ilha-terceira-71x40.png 71w, https:\/\/picosdeaventura.com\/wp-content\/uploads\/2022\/11\/blog-picos-de-aventura-ilha-terceira-142x80.png 142w, https:\/\/picosdeaventura.com\/wp-content\/uploads\/2022\/11\/blog-picos-de-aventura-ilha-terceira-915x515.png 915w, https:\/\/picosdeaventura.com\/wp-content\/uploads\/2022\/11\/blog-picos-de-aventura-ilha-terceira.png 1200w\" sizes=\"auto, (max-width: 394px) 100vw, 394px\" title=\"\">    \t<\/a>\n    <div class=\"post-inner\">\n\n        <h3 class=\"post-title\"><a href=\"https:\/\/picosdeaventura.com\/pt\/2022\/11\/10\/ilha-terceira\/\">Ilha Terceira: 4 lugares para explorar<\/a><\/h3>\n    \t<div class=\"post-meta\">\n\t<span class=\"show-author\">Posted by <a href=\"https:\/\/picosdeaventura.com\/pt\/author\/admin\/\" title=\"Artigos de admin\" rel=\"author\">admin<\/a><\/span> <span class=\"show-comments\"><\/span>\n<\/div>\n\t            \t<div class=\"entry-content post-excerpt\">\n\t\t\t\t\t<p>A Ilha Terceira \u00e9 a terceira maior ilha do Arquip\u00e9lago dos A\u00e7ores. Possui v\u00e1rios locais de natureza deslumbrantes para conhecer. Atente nos 4 que n\u00e3o pode perder. &hellip; <a href=\"https:\/\/picosdeaventura.com\/pt\/2022\/11\/10\/ilha-terceira\/\">Read More<\/a><\/p>\n                <\/div>\n\t\t\t\t<div class=\"date-meta\">\n    <i class=\"xs-icon fa fa-calendar-o\"><\/i>\n    <time class=\"published\" datetime=\"2022-11-10T11:33:09+00:00\">10 de Novembro, 2022<\/time>\n    <span class=\"is-sticky\">Featured Post<\/span>\n<\/div><\/div>\n\t\t\t\t\t\t<\/div>\n\n\t\t\t\t\t\n\t\t\t\t\t\t\n\t\t\t\t\t\t<div class=\"mas-blog-post col-sm-6 col-md-4 post-5248 post type-post status-publish format-standard has-post-thumbnail sticky hentry category-blog-mar tag-avistamentos tag-mar tag-whale-watching tag-whale-watching-azores\">\n\t\t\t\t\t\t\t    \t\t<a href=\"https:\/\/picosdeaventura.com\/pt\/2022\/10\/20\/golfinho-comum\/\">\n\t\t\t<img loading=\"lazy\" decoding=\"async\" width=\"394\" height=\"222\" src=\"https:\/\/picosdeaventura.com\/wp-content\/uploads\/2022\/10\/blog-picos-de-aventura-golfinho-comum-394x222.jpg\" class=\"img-responsive wp-post-image\" alt=\"golfinho comum\" srcset=\"https:\/\/picosdeaventura.com\/wp-content\/uploads\/2022\/10\/blog-picos-de-aventura-golfinho-comum-394x222.jpg 394w, https:\/\/picosdeaventura.com\/wp-content\/uploads\/2022\/10\/blog-picos-de-aventura-golfinho-comum-300x169.jpg 300w, https:\/\/picosdeaventura.com\/wp-content\/uploads\/2022\/10\/blog-picos-de-aventura-golfinho-comum-1024x576.jpg 1024w, https:\/\/picosdeaventura.com\/wp-content\/uploads\/2022\/10\/blog-picos-de-aventura-golfinho-comum-768x432.jpg 768w, https:\/\/picosdeaventura.com\/wp-content\/uploads\/2022\/10\/blog-picos-de-aventura-golfinho-comum-18x10.jpg 18w, https:\/\/picosdeaventura.com\/wp-content\/uploads\/2022\/10\/blog-picos-de-aventura-golfinho-comum-71x40.jpg 71w, https:\/\/picosdeaventura.com\/wp-content\/uploads\/2022\/10\/blog-picos-de-aventura-golfinho-comum-142x80.jpg 142w, https:\/\/picosdeaventura.com\/wp-content\/uploads\/2022\/10\/blog-picos-de-aventura-golfinho-comum-915x515.jpg 915w, https:\/\/picosdeaventura.com\/wp-content\/uploads\/2022\/10\/blog-picos-de-aventura-golfinho-comum.jpg 1200w\" sizes=\"auto, (max-width: 394px) 100vw, 394px\" title=\"\">    \t<\/a>\n    <div class=\"post-inner\">\n\n        <h3 class=\"post-title\"><a href=\"https:\/\/picosdeaventura.com\/pt\/2022\/10\/20\/golfinho-comum\/\">O Golfinho Comum<\/a><\/h3>\n    \t<div class=\"post-meta\">\n\t<span class=\"show-author\">Posted by <a href=\"https:\/\/picosdeaventura.com\/pt\/author\/biologomar\/\" title=\"Artigos de Bi\u00f3logo\" rel=\"author\">Bi\u00f3logo<\/a><\/span> <span class=\"show-comments\"><\/span>\n<\/div>\n\t            \t<div class=\"entry-content post-excerpt\">\n\t\t\t\t\t<p>O golfinho comum tem sido uma presen\u00e7a pontual das nossas sa\u00eddas. Venha conhecer um pouco mais sobre esta esp\u00e9cie connosco! &hellip; <a href=\"https:\/\/picosdeaventura.com\/pt\/2022\/10\/20\/golfinho-comum\/\">Read More<\/a><\/p>\n                <\/div>\n\t\t\t\t<div class=\"date-meta\">\n    <i class=\"xs-icon fa fa-calendar-o\"><\/i>\n    <time class=\"published\" datetime=\"2022-10-20T11:13:42+00:00\">20 de Outubro, 2022<\/time>\n    <span class=\"is-sticky\">Featured Post<\/span>\n<\/div><\/div>\n\t\t\t\t\t\t<\/div>\n\n\t\t\t\t\t\n\t\t\t\t\t\t\n\t\t\t\t\t\t<div class=\"mas-blog-post col-sm-6 col-md-4 post-5141 post type-post status-publish format-standard has-post-thumbnail sticky hentry category-blog-terra tag-terra tag-trilhos\">\n\t\t\t\t\t\t\t    \t\t<a href=\"https:\/\/picosdeaventura.com\/pt\/2022\/09\/22\/3-aventuras-outdoor-no-outono\/\">\n\t\t\t<img loading=\"lazy\" decoding=\"async\" width=\"394\" height=\"222\" src=\"https:\/\/picosdeaventura.com\/wp-content\/uploads\/2022\/09\/blog-picos-de-aventura-aventuras-394x222.jpg\" class=\"img-responsive wp-post-image\" alt=\"Aventuras no outono\" srcset=\"https:\/\/picosdeaventura.com\/wp-content\/uploads\/2022\/09\/blog-picos-de-aventura-aventuras-394x222.jpg 394w, https:\/\/picosdeaventura.com\/wp-content\/uploads\/2022\/09\/blog-picos-de-aventura-aventuras-300x169.jpg 300w, https:\/\/picosdeaventura.com\/wp-content\/uploads\/2022\/09\/blog-picos-de-aventura-aventuras-1024x576.jpg 1024w, https:\/\/picosdeaventura.com\/wp-content\/uploads\/2022\/09\/blog-picos-de-aventura-aventuras-768x432.jpg 768w, https:\/\/picosdeaventura.com\/wp-content\/uploads\/2022\/09\/blog-picos-de-aventura-aventuras-18x10.jpg 18w, https:\/\/picosdeaventura.com\/wp-content\/uploads\/2022\/09\/blog-picos-de-aventura-aventuras-71x40.jpg 71w, https:\/\/picosdeaventura.com\/wp-content\/uploads\/2022\/09\/blog-picos-de-aventura-aventuras-142x80.jpg 142w, https:\/\/picosdeaventura.com\/wp-content\/uploads\/2022\/09\/blog-picos-de-aventura-aventuras-915x515.jpg 915w, https:\/\/picosdeaventura.com\/wp-content\/uploads\/2022\/09\/blog-picos-de-aventura-aventuras.jpg 1200w\" sizes=\"auto, (max-width: 394px) 100vw, 394px\" title=\"\">    \t<\/a>\n    <div class=\"post-inner\">\n\n        <h3 class=\"post-title\"><a href=\"https:\/\/picosdeaventura.com\/pt\/2022\/09\/22\/3-aventuras-outdoor-no-outono\/\">3 aventuras outdoor no outono<\/a><\/h3>\n    \t<div class=\"post-meta\">\n\t<span class=\"show-author\">Posted by <a href=\"https:\/\/picosdeaventura.com\/pt\/author\/admin\/\" title=\"Artigos de admin\" rel=\"author\">admin<\/a><\/span> <span class=\"show-comments\"><\/span>\n<\/div>\n\t            \t<div class=\"entry-content post-excerpt\">\n\t\t\t\t\t<p>O outono na Ilha de S\u00e3o Miguel \u00e9 recheado de aventuras na natureza. Das mais radicais \u00e0s mais tranquilas, s\u00f3 basta escolher a sua. Venha divertir-se connosco! &hellip; <a href=\"https:\/\/picosdeaventura.com\/pt\/2022\/09\/22\/3-aventuras-outdoor-no-outono\/\">Read More<\/a><\/p>\n                <\/div>\n\t\t\t\t<div class=\"date-meta\">\n    <i class=\"xs-icon fa fa-calendar-o\"><\/i>\n    <time class=\"published\" datetime=\"2022-09-22T11:07:04+00:00\">22 de Setembro, 2022<\/time>\n    <span class=\"is-sticky\">Featured Post<\/span>\n<\/div><\/div>\n\t\t\t\t\t\t<\/div>\n\n\t\t\t\t\t\n\t\t\t\t\t\t\n\t\t\t\t\t\t<div class=\"mas-blog-post col-sm-6 col-md-4 post-5117 post type-post status-publish format-standard has-post-thumbnail sticky hentry category-blog-mar tag-avistamentos tag-mar tag-whale-watching tag-whale-watching-azores\">\n\t\t\t\t\t\t\t    \t\t<a href=\"https:\/\/picosdeaventura.com\/pt\/2022\/09\/08\/vigias-e-avistamentos-de-cetaceos\/\">\n\t\t\t<img loading=\"lazy\" decoding=\"async\" width=\"394\" height=\"222\" src=\"https:\/\/picosdeaventura.com\/wp-content\/uploads\/2022\/09\/blog-picos-de-aventura-cetaceos-394x222.png\" class=\"img-responsive wp-post-image\" alt=\"Vigias\" srcset=\"https:\/\/picosdeaventura.com\/wp-content\/uploads\/2022\/09\/blog-picos-de-aventura-cetaceos-394x222.png 394w, https:\/\/picosdeaventura.com\/wp-content\/uploads\/2022\/09\/blog-picos-de-aventura-cetaceos-300x169.png 300w, https:\/\/picosdeaventura.com\/wp-content\/uploads\/2022\/09\/blog-picos-de-aventura-cetaceos-1024x576.png 1024w, https:\/\/picosdeaventura.com\/wp-content\/uploads\/2022\/09\/blog-picos-de-aventura-cetaceos-768x432.png 768w, https:\/\/picosdeaventura.com\/wp-content\/uploads\/2022\/09\/blog-picos-de-aventura-cetaceos-18x10.png 18w, https:\/\/picosdeaventura.com\/wp-content\/uploads\/2022\/09\/blog-picos-de-aventura-cetaceos-71x40.png 71w, https:\/\/picosdeaventura.com\/wp-content\/uploads\/2022\/09\/blog-picos-de-aventura-cetaceos-142x80.png 142w, https:\/\/picosdeaventura.com\/wp-content\/uploads\/2022\/09\/blog-picos-de-aventura-cetaceos-915x515.png 915w, https:\/\/picosdeaventura.com\/wp-content\/uploads\/2022\/09\/blog-picos-de-aventura-cetaceos.png 1200w\" sizes=\"auto, (max-width: 394px) 100vw, 394px\" title=\"\">    \t<\/a>\n    <div class=\"post-inner\">\n\n        <h3 class=\"post-title\"><a href=\"https:\/\/picosdeaventura.com\/pt\/2022\/09\/08\/vigias-e-avistamentos-de-cetaceos\/\">Cet\u00e1ceos: A import\u00e2ncia dos vigias e das aves marinhas para o seu avistamento<\/a><\/h3>\n    \t<div class=\"post-meta\">\n\t<span class=\"show-author\">Posted by <a href=\"https:\/\/picosdeaventura.com\/pt\/author\/biologomar\/\" title=\"Artigos de Bi\u00f3logo\" rel=\"author\">Bi\u00f3logo<\/a><\/span> <span class=\"show-comments\"><\/span>\n<\/div>\n\t            \t<div class=\"entry-content post-excerpt\">\n\t\t\t\t\t<p>Quem j\u00e1 fez viagens de observa\u00e7\u00e3o de cet\u00e1ceos ou \u00e9 curioso sobre o assunto, j\u00e1 deve ter ouvido o termo \u201cvigia\u201d.  &hellip; <a href=\"https:\/\/picosdeaventura.com\/pt\/2022\/09\/08\/vigias-e-avistamentos-de-cetaceos\/\">Read More<\/a><\/p>\n                <\/div>\n\t\t\t\t<div class=\"date-meta\">\n    <i class=\"xs-icon fa fa-calendar-o\"><\/i>\n    <time class=\"published\" datetime=\"2022-09-08T14:03:35+00:00\">8 de Setembro, 2022<\/time>\n    <span class=\"is-sticky\">Featured Post<\/span>\n<\/div><\/div>\n\t\t\t\t\t\t<\/div>\n\n\t\t\t\t\t\n\t\t\t\t\t\t\n\t\t\t\t\t\t<div class=\"mas-blog-post col-sm-6 col-md-4 post-5102 post type-post status-publish format-standard has-post-thumbnail sticky hentry category-blog-terra tag-terra tag-trilhos\">\n\t\t\t\t\t\t\t    \t\t<a href=\"https:\/\/picosdeaventura.com\/pt\/2022\/08\/25\/4-cascatas-para-visitar\/\">\n\t\t\t<img loading=\"lazy\" decoding=\"async\" width=\"394\" height=\"222\" src=\"https:\/\/picosdeaventura.com\/wp-content\/uploads\/2022\/08\/blog-picos-de-aventura-cascatas-394x222.png\" class=\"img-responsive wp-post-image\" alt=\"Cascatas em S\u00e3o Miguel\" srcset=\"https:\/\/picosdeaventura.com\/wp-content\/uploads\/2022\/08\/blog-picos-de-aventura-cascatas-394x222.png 394w, https:\/\/picosdeaventura.com\/wp-content\/uploads\/2022\/08\/blog-picos-de-aventura-cascatas-300x169.png 300w, https:\/\/picosdeaventura.com\/wp-content\/uploads\/2022\/08\/blog-picos-de-aventura-cascatas-1024x576.png 1024w, https:\/\/picosdeaventura.com\/wp-content\/uploads\/2022\/08\/blog-picos-de-aventura-cascatas-768x432.png 768w, https:\/\/picosdeaventura.com\/wp-content\/uploads\/2022\/08\/blog-picos-de-aventura-cascatas-18x10.png 18w, https:\/\/picosdeaventura.com\/wp-content\/uploads\/2022\/08\/blog-picos-de-aventura-cascatas-71x40.png 71w, https:\/\/picosdeaventura.com\/wp-content\/uploads\/2022\/08\/blog-picos-de-aventura-cascatas-142x80.png 142w, https:\/\/picosdeaventura.com\/wp-content\/uploads\/2022\/08\/blog-picos-de-aventura-cascatas-915x515.png 915w, https:\/\/picosdeaventura.com\/wp-content\/uploads\/2022\/08\/blog-picos-de-aventura-cascatas.png 1200w\" sizes=\"auto, (max-width: 394px) 100vw, 394px\" title=\"\">    \t<\/a>\n    <div class=\"post-inner\">\n\n        <h3 class=\"post-title\"><a href=\"https:\/\/picosdeaventura.com\/pt\/2022\/08\/25\/4-cascatas-para-visitar\/\">4 cascatas para visitar<\/a><\/h3>\n    \t<div class=\"post-meta\">\n\t<span class=\"show-author\">Posted by <a href=\"https:\/\/picosdeaventura.com\/pt\/author\/admin\/\" title=\"Artigos de admin\" rel=\"author\">admin<\/a><\/span> <span class=\"show-comments\"><\/span>\n<\/div>\n\t            \t<div class=\"entry-content post-excerpt\">\n\t\t\t\t\t<p>A Ilha de S\u00e3o Miguel \u00e9 casa de v\u00e1rias belas cascatas rodeadas por uma natureza pura e selvagem. Conhe\u00e7a as quatro que n\u00e3o pode mesmo perder. &hellip; <a href=\"https:\/\/picosdeaventura.com\/pt\/2022\/08\/25\/4-cascatas-para-visitar\/\">Read More<\/a><\/p>\n                <\/div>\n\t\t\t\t<div class=\"date-meta\">\n    <i class=\"xs-icon fa fa-calendar-o\"><\/i>\n    <time class=\"published\" datetime=\"2022-08-25T11:43:37+00:00\">25 de Agosto, 2022<\/time>\n    <span class=\"is-sticky\">Featured Post<\/span>\n<\/div><\/div>\n\t\t\t\t\t\t<\/div>\n\n\t\t\t\t\t\n\t\t\t\t\t\t\n\t\t\t\t\t\t<div class=\"mas-blog-post col-sm-6 col-md-4 post-5081 post type-post status-publish format-standard has-post-thumbnail sticky hentry category-blog-mar tag-mar\">\n\t\t\t\t\t\t\t    \t\t<a href=\"https:\/\/picosdeaventura.com\/pt\/2022\/08\/17\/caravela-portuguesa\/\">\n\t\t\t<img loading=\"lazy\" decoding=\"async\" width=\"394\" height=\"222\" src=\"https:\/\/picosdeaventura.com\/wp-content\/uploads\/2022\/08\/blog-picos-de-aventura-caravela-portuguesa-3-394x222.jpg\" class=\"img-responsive wp-post-image\" alt=\"caravela portuguesa\" srcset=\"https:\/\/picosdeaventura.com\/wp-content\/uploads\/2022\/08\/blog-picos-de-aventura-caravela-portuguesa-3-394x222.jpg 394w, https:\/\/picosdeaventura.com\/wp-content\/uploads\/2022\/08\/blog-picos-de-aventura-caravela-portuguesa-3-300x169.jpg 300w, https:\/\/picosdeaventura.com\/wp-content\/uploads\/2022\/08\/blog-picos-de-aventura-caravela-portuguesa-3-1024x576.jpg 1024w, https:\/\/picosdeaventura.com\/wp-content\/uploads\/2022\/08\/blog-picos-de-aventura-caravela-portuguesa-3-768x432.jpg 768w, https:\/\/picosdeaventura.com\/wp-content\/uploads\/2022\/08\/blog-picos-de-aventura-caravela-portuguesa-3-18x10.jpg 18w, https:\/\/picosdeaventura.com\/wp-content\/uploads\/2022\/08\/blog-picos-de-aventura-caravela-portuguesa-3-71x40.jpg 71w, https:\/\/picosdeaventura.com\/wp-content\/uploads\/2022\/08\/blog-picos-de-aventura-caravela-portuguesa-3-142x80.jpg 142w, https:\/\/picosdeaventura.com\/wp-content\/uploads\/2022\/08\/blog-picos-de-aventura-caravela-portuguesa-3-915x515.jpg 915w, https:\/\/picosdeaventura.com\/wp-content\/uploads\/2022\/08\/blog-picos-de-aventura-caravela-portuguesa-3.jpg 1200w\" sizes=\"auto, (max-width: 394px) 100vw, 394px\" title=\"\">    \t<\/a>\n    <div class=\"post-inner\">\n\n        <h3 class=\"post-title\"><a href=\"https:\/\/picosdeaventura.com\/pt\/2022\/08\/17\/caravela-portuguesa\/\">A Caravela Portuguesa<\/a><\/h3>\n    \t<div class=\"post-meta\">\n\t<span class=\"show-author\">Posted by <a href=\"https:\/\/picosdeaventura.com\/pt\/author\/admin\/\" title=\"Artigos de admin\" rel=\"author\">admin<\/a><\/span> <span class=\"show-comments\"><\/span>\n<\/div>\n\t            \t<div class=\"entry-content post-excerpt\">\n\t\t\t\t\t<p>J\u00e1 todos ouvimos falar e j\u00e1 todos vimos a caravela portuguesa, tanto na \u00e1gua como arrojadas na areia da praia. &hellip; <a href=\"https:\/\/picosdeaventura.com\/pt\/2022\/08\/17\/caravela-portuguesa\/\">Read More<\/a><\/p>\n                <\/div>\n\t\t\t\t<div class=\"date-meta\">\n    <i class=\"xs-icon fa fa-calendar-o\"><\/i>\n    <time class=\"published\" datetime=\"2022-08-17T10:08:49+00:00\">17 de Agosto, 2022<\/time>\n    <span class=\"is-sticky\">Featured Post<\/span>\n<\/div><\/div>\n\t\t\t\t\t\t<\/div>\n\n\t\t\t\t\t\n\t\t\t\t\t\t\n\t\t\t\t\t\t<div class=\"mas-blog-post col-sm-6 col-md-4 post-5045 post type-post status-publish format-standard has-post-thumbnail sticky hentry category-blog-terra tag-mar tag-whale-watching tag-whale-watching-azores\">\n\t\t\t\t\t\t\t    \t\t<a href=\"https:\/\/picosdeaventura.com\/pt\/2022\/07\/28\/o-ilheu-de-vila-franca-do-campo\/\">\n\t\t\t<img loading=\"lazy\" decoding=\"async\" width=\"394\" height=\"222\" src=\"https:\/\/picosdeaventura.com\/wp-content\/uploads\/2022\/07\/blog-picos-de-aventura-ilheu-de-vila-franca-do-campo-394x222.png\" class=\"img-responsive wp-post-image\" alt=\"Ilh\u00e9u de Vila Franca do Campo\" srcset=\"https:\/\/picosdeaventura.com\/wp-content\/uploads\/2022\/07\/blog-picos-de-aventura-ilheu-de-vila-franca-do-campo-394x222.png 394w, https:\/\/picosdeaventura.com\/wp-content\/uploads\/2022\/07\/blog-picos-de-aventura-ilheu-de-vila-franca-do-campo-300x169.png 300w, https:\/\/picosdeaventura.com\/wp-content\/uploads\/2022\/07\/blog-picos-de-aventura-ilheu-de-vila-franca-do-campo-1024x576.png 1024w, https:\/\/picosdeaventura.com\/wp-content\/uploads\/2022\/07\/blog-picos-de-aventura-ilheu-de-vila-franca-do-campo-768x432.png 768w, https:\/\/picosdeaventura.com\/wp-content\/uploads\/2022\/07\/blog-picos-de-aventura-ilheu-de-vila-franca-do-campo-18x10.png 18w, https:\/\/picosdeaventura.com\/wp-content\/uploads\/2022\/07\/blog-picos-de-aventura-ilheu-de-vila-franca-do-campo-71x40.png 71w, https:\/\/picosdeaventura.com\/wp-content\/uploads\/2022\/07\/blog-picos-de-aventura-ilheu-de-vila-franca-do-campo-142x80.png 142w, https:\/\/picosdeaventura.com\/wp-content\/uploads\/2022\/07\/blog-picos-de-aventura-ilheu-de-vila-franca-do-campo-915x515.png 915w, https:\/\/picosdeaventura.com\/wp-content\/uploads\/2022\/07\/blog-picos-de-aventura-ilheu-de-vila-franca-do-campo.png 1200w\" sizes=\"auto, (max-width: 394px) 100vw, 394px\" title=\"\">    \t<\/a>\n    <div class=\"post-inner\">\n\n        <h3 class=\"post-title\"><a href=\"https:\/\/picosdeaventura.com\/pt\/2022\/07\/28\/o-ilheu-de-vila-franca-do-campo\/\">O Ilh\u00e9u de Vila Franca do Campo<\/a><\/h3>\n    \t<div class=\"post-meta\">\n\t<span class=\"show-author\">Posted by <a href=\"https:\/\/picosdeaventura.com\/pt\/author\/admin\/\" title=\"Artigos de admin\" rel=\"author\">admin<\/a><\/span> <span class=\"show-comments\"><\/span>\n<\/div>\n\t            \t<div class=\"entry-content post-excerpt\">\n\t\t\t\t\t<p>Na verdejante Ilha de S\u00e3o Miguel h\u00e1 um tesouro natural no seu mar: o Ilh\u00e9u de Vila Franca do Campo, tamb\u00e9m conhecido por Anel da Princesa. &hellip; <a href=\"https:\/\/picosdeaventura.com\/pt\/2022\/07\/28\/o-ilheu-de-vila-franca-do-campo\/\">Read More<\/a><\/p>\n                <\/div>\n\t\t\t\t<div class=\"date-meta\">\n    <i class=\"xs-icon fa fa-calendar-o\"><\/i>\n    <time class=\"published\" datetime=\"2022-07-28T11:43:58+00:00\">28 de Julho, 2022<\/time>\n    <span class=\"is-sticky\">Featured Post<\/span>\n<\/div><\/div>\n\t\t\t\t\t\t<\/div>\n\n\t\t\t\t\t\n\t\t\t\t\t\t\n\t\t\t\t\t\t<div class=\"mas-blog-post col-sm-6 col-md-4 post-4757 post type-post status-publish format-standard has-post-thumbnail sticky hentry category-blog-mar tag-mar tag-picoslogia\">\n\t\t\t\t\t\t\t    \t\t<a href=\"https:\/\/picosdeaventura.com\/pt\/2022\/07\/14\/picoslogia-picos-de-aventura\/\">\n\t\t\t<img loading=\"lazy\" decoding=\"async\" width=\"394\" height=\"222\" src=\"https:\/\/picosdeaventura.com\/wp-content\/uploads\/2022\/07\/blog-picos-de-aventura-picoslogia-1-394x222.png\" class=\"img-responsive wp-post-image\" alt=\"Picoslogia\" srcset=\"https:\/\/picosdeaventura.com\/wp-content\/uploads\/2022\/07\/blog-picos-de-aventura-picoslogia-1-394x222.png 394w, https:\/\/picosdeaventura.com\/wp-content\/uploads\/2022\/07\/blog-picos-de-aventura-picoslogia-1-300x169.png 300w, https:\/\/picosdeaventura.com\/wp-content\/uploads\/2022\/07\/blog-picos-de-aventura-picoslogia-1-1024x576.png 1024w, https:\/\/picosdeaventura.com\/wp-content\/uploads\/2022\/07\/blog-picos-de-aventura-picoslogia-1-768x432.png 768w, https:\/\/picosdeaventura.com\/wp-content\/uploads\/2022\/07\/blog-picos-de-aventura-picoslogia-1-18x10.png 18w, https:\/\/picosdeaventura.com\/wp-content\/uploads\/2022\/07\/blog-picos-de-aventura-picoslogia-1-71x40.png 71w, https:\/\/picosdeaventura.com\/wp-content\/uploads\/2022\/07\/blog-picos-de-aventura-picoslogia-1-142x80.png 142w, https:\/\/picosdeaventura.com\/wp-content\/uploads\/2022\/07\/blog-picos-de-aventura-picoslogia-1-915x515.png 915w, https:\/\/picosdeaventura.com\/wp-content\/uploads\/2022\/07\/blog-picos-de-aventura-picoslogia-1.png 1200w\" sizes=\"auto, (max-width: 394px) 100vw, 394px\" title=\"\">    \t<\/a>\n    <div class=\"post-inner\">\n\n        <h3 class=\"post-title\"><a href=\"https:\/\/picosdeaventura.com\/pt\/2022\/07\/14\/picoslogia-picos-de-aventura\/\">Picoslogia<\/a><\/h3>\n    \t<div class=\"post-meta\">\n\t<span class=\"show-author\">Posted by <a href=\"https:\/\/picosdeaventura.com\/pt\/author\/biologomar\/\" title=\"Artigos de Bi\u00f3logo\" rel=\"author\">Bi\u00f3logo<\/a><\/span> <span class=\"show-comments\"><\/span>\n<\/div>\n\t            \t<div class=\"entry-content post-excerpt\">\n\t\t\t\t\t<p>Desde o seu in\u00edcio em 2002, a Picos de Aventura t\u00eam-se esfor\u00e7ado para que cada uma das suas actividades seja enriquecida com conhecimento e sensibiliza\u00e7\u00e3o para a conserva\u00e7\u00e3o da Natureza. &hellip; <a href=\"https:\/\/picosdeaventura.com\/pt\/2022\/07\/14\/picoslogia-picos-de-aventura\/\">Read More<\/a><\/p>\n                <\/div>\n\t\t\t\t<div class=\"date-meta\">\n    <i class=\"xs-icon fa fa-calendar-o\"><\/i>\n    <time class=\"published\" datetime=\"2022-07-14T14:09:09+00:00\">14 de Julho, 2022<\/time>\n    <span class=\"is-sticky\">Featured Post<\/span>\n<\/div><\/div>\n\t\t\t\t\t\t<\/div>\n\n\t\t\t\t\t\n\t\t\t\t\t\t\n\t\t\t\t\t\t<div class=\"mas-blog-post col-sm-6 col-md-4 post-4715 post type-post status-publish format-standard has-post-thumbnail sticky hentry category-blog-mar tag-mar tag-whale-watching\">\n\t\t\t\t\t\t\t    \t\t<a href=\"https:\/\/picosdeaventura.com\/pt\/2022\/06\/29\/golfinhos-roazes-nos-acores\/\">\n\t\t\t<img loading=\"lazy\" decoding=\"async\" width=\"394\" height=\"222\" src=\"https:\/\/picosdeaventura.com\/wp-content\/uploads\/2022\/06\/blog-picos-de-aventura-roazes-e1658405754693-394x222.png\" class=\"img-responsive wp-post-image\" alt=\"Golfinhos Roazes nos A\u00e7ores\" srcset=\"https:\/\/picosdeaventura.com\/wp-content\/uploads\/2022\/06\/blog-picos-de-aventura-roazes-e1658405754693-394x222.png 394w, https:\/\/picosdeaventura.com\/wp-content\/uploads\/2022\/06\/blog-picos-de-aventura-roazes-e1658405754693-300x169.png 300w, https:\/\/picosdeaventura.com\/wp-content\/uploads\/2022\/06\/blog-picos-de-aventura-roazes-e1658405754693-18x10.png 18w, https:\/\/picosdeaventura.com\/wp-content\/uploads\/2022\/06\/blog-picos-de-aventura-roazes-e1658405754693-71x40.png 71w, https:\/\/picosdeaventura.com\/wp-content\/uploads\/2022\/06\/blog-picos-de-aventura-roazes-e1658405754693-142x80.png 142w, https:\/\/picosdeaventura.com\/wp-content\/uploads\/2022\/06\/blog-picos-de-aventura-roazes-e1658405754693.png 533w\" sizes=\"auto, (max-width: 394px) 100vw, 394px\" title=\"\">    \t<\/a>\n    <div class=\"post-inner\">\n\n        <h3 class=\"post-title\"><a href=\"https:\/\/picosdeaventura.com\/pt\/2022\/06\/29\/golfinhos-roazes-nos-acores\/\">Teremos 1 ou 2 tipos de golfinhos roazes nos A\u00e7ores?<\/a><\/h3>\n    \t<div class=\"post-meta\">\n\t<span class=\"show-author\">Posted by <a href=\"https:\/\/picosdeaventura.com\/pt\/author\/biologomar\/\" title=\"Artigos de Bi\u00f3logo\" rel=\"author\">Bi\u00f3logo<\/a><\/span> <span class=\"show-comments\"><\/span>\n<\/div>\n\t            \t<div class=\"entry-content post-excerpt\">\n\t\t\t\t\t<p>Os roazes apresentam uma distribui\u00e7\u00e3o mundial ocupando diferentes tipos de habitats adquirindo assim uma varia\u00e7\u00e3o morfol\u00f3gica consider\u00e1vel.  &hellip; <a href=\"https:\/\/picosdeaventura.com\/pt\/2022\/06\/29\/golfinhos-roazes-nos-acores\/\">Read More<\/a><\/p>\n                <\/div>\n\t\t\t\t<div class=\"date-meta\">\n    <i class=\"xs-icon fa fa-calendar-o\"><\/i>\n    <time class=\"published\" datetime=\"2022-06-29T14:07:46+00:00\">29 de Junho, 2022<\/time>\n    <span class=\"is-sticky\">Featured Post<\/span>\n<\/div><\/div>\n\t\t\t\t\t\t<\/div>\n\n\t\t\t\t\t\n\t\t\t\t\t\t\n\t\t\t\t\t\t<div class=\"mas-blog-post col-sm-6 col-md-4 post-4691 post type-post status-publish format-standard has-post-thumbnail sticky hentry category-blog-mar\">\n\t\t\t\t\t\t\t    \t\t<a href=\"https:\/\/picosdeaventura.com\/pt\/2022\/06\/27\/as-maravilhas-da-costa-norte\/\">\n\t\t\t<img loading=\"lazy\" decoding=\"async\" width=\"394\" height=\"222\" src=\"https:\/\/picosdeaventura.com\/wp-content\/uploads\/2022\/06\/blog-picos-de-aventura-as-maravilhas-da-costa-norte-394x222.jpg\" class=\"img-responsive wp-post-image\" alt=\"As maravilhas da costa norte\" srcset=\"https:\/\/picosdeaventura.com\/wp-content\/uploads\/2022\/06\/blog-picos-de-aventura-as-maravilhas-da-costa-norte-394x222.jpg 394w, https:\/\/picosdeaventura.com\/wp-content\/uploads\/2022\/06\/blog-picos-de-aventura-as-maravilhas-da-costa-norte-300x169.jpg 300w, https:\/\/picosdeaventura.com\/wp-content\/uploads\/2022\/06\/blog-picos-de-aventura-as-maravilhas-da-costa-norte-1024x576.jpg 1024w, https:\/\/picosdeaventura.com\/wp-content\/uploads\/2022\/06\/blog-picos-de-aventura-as-maravilhas-da-costa-norte-768x432.jpg 768w, https:\/\/picosdeaventura.com\/wp-content\/uploads\/2022\/06\/blog-picos-de-aventura-as-maravilhas-da-costa-norte-18x10.jpg 18w, https:\/\/picosdeaventura.com\/wp-content\/uploads\/2022\/06\/blog-picos-de-aventura-as-maravilhas-da-costa-norte-71x40.jpg 71w, https:\/\/picosdeaventura.com\/wp-content\/uploads\/2022\/06\/blog-picos-de-aventura-as-maravilhas-da-costa-norte-142x80.jpg 142w, https:\/\/picosdeaventura.com\/wp-content\/uploads\/2022\/06\/blog-picos-de-aventura-as-maravilhas-da-costa-norte-915x515.jpg 915w, https:\/\/picosdeaventura.com\/wp-content\/uploads\/2022\/06\/blog-picos-de-aventura-as-maravilhas-da-costa-norte.jpg 1200w\" sizes=\"auto, (max-width: 394px) 100vw, 394px\" title=\"\">    \t<\/a>\n    <div class=\"post-inner\">\n\n        <h3 class=\"post-title\"><a href=\"https:\/\/picosdeaventura.com\/pt\/2022\/06\/27\/as-maravilhas-da-costa-norte\/\">As maravilhas da costa norte<\/a><\/h3>\n    \t<div class=\"post-meta\">\n\t<span class=\"show-author\">Posted by <a href=\"https:\/\/picosdeaventura.com\/pt\/author\/admin\/\" title=\"Artigos de admin\" rel=\"author\">admin<\/a><\/span> <span class=\"show-comments\"><\/span>\n<\/div>\n\t            \t<div class=\"entry-content post-excerpt\">\n\t\t\t\t\t<p>A costa norte da Ilha de S\u00e3o Miguel possui uma magia especial fruto das suas caracter\u00edsticas \u00fanicas tanto em terra, da sua cultura e das suas gentes, como no mar, o t\u00e3o rico e selvagem mar do norte. &hellip; <a href=\"https:\/\/picosdeaventura.com\/pt\/2022\/06\/27\/as-maravilhas-da-costa-norte\/\">Read More<\/a><\/p>\n                <\/div>\n\t\t\t\t<div class=\"date-meta\">\n    <i class=\"xs-icon fa fa-calendar-o\"><\/i>\n    <time class=\"published\" datetime=\"2022-06-27T15:53:32+00:00\">27 de Junho, 2022<\/time>\n    <span class=\"is-sticky\">Featured Post<\/span>\n<\/div><\/div>\n\t\t\t\t\t\t<\/div>\n\n\t\t\t\t\t\n\t\t\t\t\t\t\n\t\t\t\t\t\t<div class=\"mas-blog-post col-sm-6 col-md-4 post-4605 post type-post status-publish format-standard has-post-thumbnail sticky hentry category-blog-terra category-blog-mar\">\n\t\t\t\t\t\t\t    \t\t<a href=\"https:\/\/picosdeaventura.com\/pt\/2022\/05\/10\/roteiro-por-ponta-delgada\/\">\n\t\t\t<img loading=\"lazy\" decoding=\"async\" width=\"394\" height=\"222\" src=\"https:\/\/picosdeaventura.com\/wp-content\/uploads\/2022\/05\/blog-picos-de-aventura-ponta-delgada-394x222.jpg\" class=\"img-responsive wp-post-image\" alt=\"Ponta Delgada\" srcset=\"https:\/\/picosdeaventura.com\/wp-content\/uploads\/2022\/05\/blog-picos-de-aventura-ponta-delgada-394x222.jpg 394w, https:\/\/picosdeaventura.com\/wp-content\/uploads\/2022\/05\/blog-picos-de-aventura-ponta-delgada-300x169.jpg 300w, https:\/\/picosdeaventura.com\/wp-content\/uploads\/2022\/05\/blog-picos-de-aventura-ponta-delgada-1024x576.jpg 1024w, https:\/\/picosdeaventura.com\/wp-content\/uploads\/2022\/05\/blog-picos-de-aventura-ponta-delgada-768x432.jpg 768w, https:\/\/picosdeaventura.com\/wp-content\/uploads\/2022\/05\/blog-picos-de-aventura-ponta-delgada-18x10.jpg 18w, https:\/\/picosdeaventura.com\/wp-content\/uploads\/2022\/05\/blog-picos-de-aventura-ponta-delgada-71x40.jpg 71w, https:\/\/picosdeaventura.com\/wp-content\/uploads\/2022\/05\/blog-picos-de-aventura-ponta-delgada-142x80.jpg 142w, https:\/\/picosdeaventura.com\/wp-content\/uploads\/2022\/05\/blog-picos-de-aventura-ponta-delgada-915x515.jpg 915w, https:\/\/picosdeaventura.com\/wp-content\/uploads\/2022\/05\/blog-picos-de-aventura-ponta-delgada.jpg 1200w\" sizes=\"auto, (max-width: 394px) 100vw, 394px\" title=\"\">    \t<\/a>\n    <div class=\"post-inner\">\n\n        <h3 class=\"post-title\"><a href=\"https:\/\/picosdeaventura.com\/pt\/2022\/05\/10\/roteiro-por-ponta-delgada\/\">Roteiro por Ponta Delgada: O que n\u00e3o perder<\/a><\/h3>\n    \t<div class=\"post-meta\">\n\t<span class=\"show-author\">Posted by <a href=\"https:\/\/picosdeaventura.com\/pt\/author\/admin\/\" title=\"Artigos de admin\" rel=\"author\">admin<\/a><\/span> <span class=\"show-comments\"><\/span>\n<\/div>\n\t            \t<div class=\"entry-content post-excerpt\">\n\t\t\t\t\t<p>A cidade de Ponta Delgada \u00e9 o ponto de partida de viagem pela maior ilha do Arquip\u00e9lago. Descubra o que n\u00e3o pode perder na capital da Ilha de S\u00e3o Miguel. 1 \u2013 A hist\u00f3ria Antigamente, uma simples e pequena vila &hellip; <a href=\"https:\/\/picosdeaventura.com\/pt\/2022\/05\/10\/roteiro-por-ponta-delgada\/\">Read More<\/a><\/p>\n                <\/div>\n\t\t\t\t<div class=\"date-meta\">\n    <i class=\"xs-icon fa fa-calendar-o\"><\/i>\n    <time class=\"published\" datetime=\"2022-05-10T16:39:37+00:00\">10 de Maio, 2022<\/time>\n    <span class=\"is-sticky\">Featured Post<\/span>\n<\/div><\/div>\n\t\t\t\t\t\t<\/div>\n\n\t\t\t\t\t\n\t\t\t\t\t\t\n\t\t\t\t\t\t<div class=\"mas-blog-post col-sm-6 col-md-4 post-4593 post type-post status-publish format-standard has-post-thumbnail sticky hentry category-blog-mar\">\n\t\t\t\t\t\t\t    \t\t<a href=\"https:\/\/picosdeaventura.com\/pt\/2022\/05\/05\/abril-um-mes-surpreendente\/\">\n\t\t\t<img loading=\"lazy\" decoding=\"async\" width=\"394\" height=\"222\" src=\"https:\/\/picosdeaventura.com\/wp-content\/uploads\/2022\/05\/blog-picos-de-aventura-abril-394x222.jpg\" class=\"img-responsive wp-post-image\" alt=\"Whale Watching Azores\" srcset=\"https:\/\/picosdeaventura.com\/wp-content\/uploads\/2022\/05\/blog-picos-de-aventura-abril-394x222.jpg 394w, https:\/\/picosdeaventura.com\/wp-content\/uploads\/2022\/05\/blog-picos-de-aventura-abril-300x169.jpg 300w, https:\/\/picosdeaventura.com\/wp-content\/uploads\/2022\/05\/blog-picos-de-aventura-abril-1024x576.jpg 1024w, https:\/\/picosdeaventura.com\/wp-content\/uploads\/2022\/05\/blog-picos-de-aventura-abril-768x432.jpg 768w, https:\/\/picosdeaventura.com\/wp-content\/uploads\/2022\/05\/blog-picos-de-aventura-abril-18x10.jpg 18w, https:\/\/picosdeaventura.com\/wp-content\/uploads\/2022\/05\/blog-picos-de-aventura-abril-71x40.jpg 71w, https:\/\/picosdeaventura.com\/wp-content\/uploads\/2022\/05\/blog-picos-de-aventura-abril-142x80.jpg 142w, https:\/\/picosdeaventura.com\/wp-content\/uploads\/2022\/05\/blog-picos-de-aventura-abril-915x515.jpg 915w, https:\/\/picosdeaventura.com\/wp-content\/uploads\/2022\/05\/blog-picos-de-aventura-abril.jpg 1200w\" sizes=\"auto, (max-width: 394px) 100vw, 394px\" title=\"\">    \t<\/a>\n    <div class=\"post-inner\">\n\n        <h3 class=\"post-title\"><a href=\"https:\/\/picosdeaventura.com\/pt\/2022\/05\/05\/abril-um-mes-surpreendente\/\">Abril, um m\u00eas surpreendente!<\/a><\/h3>\n    \t<div class=\"post-meta\">\n\t<span class=\"show-author\">Posted by <a href=\"https:\/\/picosdeaventura.com\/pt\/author\/biologomar\/\" title=\"Artigos de Bi\u00f3logo\" rel=\"author\">Bi\u00f3logo<\/a><\/span> <span class=\"show-comments\"><\/span>\n<\/div>\n\t            \t<div class=\"entry-content post-excerpt\">\n\t\t\t\t\t<p>O m\u00eas de Abril foi tamb\u00e9m um m\u00eas que os nossos golfinhos residentes, o golfinho roaz e o golfinho comum, nos acompanharam em todas as nossas sa\u00eddas ao mar. &hellip; <a href=\"https:\/\/picosdeaventura.com\/pt\/2022\/05\/05\/abril-um-mes-surpreendente\/\">Read More<\/a><\/p>\n                <\/div>\n\t\t\t\t<div class=\"date-meta\">\n    <i class=\"xs-icon fa fa-calendar-o\"><\/i>\n    <time class=\"published\" datetime=\"2022-05-05T15:03:39+00:00\">5 de Maio, 2022<\/time>\n    <span class=\"is-sticky\">Featured Post<\/span>\n<\/div><\/div>\n\t\t\t\t\t\t<\/div>\n\n\t\t\t\t\t\n\t\t\t\t\t\t\n\t\t\t\t\t\t<div class=\"mas-blog-post col-sm-6 col-md-4 post-4539 post type-post status-publish format-standard has-post-thumbnail sticky hentry category-blog-terra\">\n\t\t\t\t\t\t\t    \t\t<a href=\"https:\/\/picosdeaventura.com\/pt\/2022\/04\/13\/ilha-verde-o-melhor-das-termas\/\">\n\t\t\t<img loading=\"lazy\" decoding=\"async\" width=\"394\" height=\"222\" src=\"https:\/\/picosdeaventura.com\/wp-content\/uploads\/2022\/04\/blog-picos-de-aventura-ilha-verde-394x222.jpg\" class=\"img-responsive wp-post-image\" alt=\"Azores\" srcset=\"https:\/\/picosdeaventura.com\/wp-content\/uploads\/2022\/04\/blog-picos-de-aventura-ilha-verde-394x222.jpg 394w, https:\/\/picosdeaventura.com\/wp-content\/uploads\/2022\/04\/blog-picos-de-aventura-ilha-verde-300x169.jpg 300w, https:\/\/picosdeaventura.com\/wp-content\/uploads\/2022\/04\/blog-picos-de-aventura-ilha-verde-1024x576.jpg 1024w, https:\/\/picosdeaventura.com\/wp-content\/uploads\/2022\/04\/blog-picos-de-aventura-ilha-verde-768x432.jpg 768w, https:\/\/picosdeaventura.com\/wp-content\/uploads\/2022\/04\/blog-picos-de-aventura-ilha-verde-18x10.jpg 18w, https:\/\/picosdeaventura.com\/wp-content\/uploads\/2022\/04\/blog-picos-de-aventura-ilha-verde-71x40.jpg 71w, https:\/\/picosdeaventura.com\/wp-content\/uploads\/2022\/04\/blog-picos-de-aventura-ilha-verde-142x80.jpg 142w, https:\/\/picosdeaventura.com\/wp-content\/uploads\/2022\/04\/blog-picos-de-aventura-ilha-verde-915x515.jpg 915w, https:\/\/picosdeaventura.com\/wp-content\/uploads\/2022\/04\/blog-picos-de-aventura-ilha-verde.jpg 1200w\" sizes=\"auto, (max-width: 394px) 100vw, 394px\" title=\"\">    \t<\/a>\n    <div class=\"post-inner\">\n\n        <h3 class=\"post-title\"><a href=\"https:\/\/picosdeaventura.com\/pt\/2022\/04\/13\/ilha-verde-o-melhor-das-termas\/\">O melhor das termas da Ilha Verde<\/a><\/h3>\n    \t<div class=\"post-meta\">\n\t<span class=\"show-author\">Posted by <a href=\"https:\/\/picosdeaventura.com\/pt\/author\/admin\/\" title=\"Artigos de admin\" rel=\"author\">admin<\/a><\/span> <span class=\"show-comments\"><\/span>\n<\/div>\n\t            \t<div class=\"entry-content post-excerpt\">\n\t\t\t\t\t<p>Ilha Verde, o aut\u00eantico para\u00edso termal A Ilha de S\u00e3o Miguel, tamb\u00e9m conhecida por Ilha Verde, \u00e9 um ref\u00fagio termal para aqueles que procuram relaxar o corpo e a mente. Saiba o que n\u00e3o pode perder. Pode dizer-se que os &hellip; <a href=\"https:\/\/picosdeaventura.com\/pt\/2022\/04\/13\/ilha-verde-o-melhor-das-termas\/\">Read More<\/a><\/p>\n                <\/div>\n\t\t\t\t<div class=\"date-meta\">\n    <i class=\"xs-icon fa fa-calendar-o\"><\/i>\n    <time class=\"published\" datetime=\"2022-04-13T14:14:22+00:00\">13 de Abril, 2022<\/time>\n    <span class=\"is-sticky\">Featured Post<\/span>\n<\/div><\/div>\n\t\t\t\t\t\t<\/div>\n\n\t\t\t\t\t\n\t\t\t\t\t\t\n\t\t\t\t\t\t<div class=\"mas-blog-post col-sm-6 col-md-4 post-4521 post type-post status-publish format-standard has-post-thumbnail sticky hentry category-blog-mar\">\n\t\t\t\t\t\t\t    \t\t<a href=\"https:\/\/picosdeaventura.com\/pt\/2022\/04\/04\/avistamentos-de-marco\/\">\n\t\t\t<img loading=\"lazy\" decoding=\"async\" width=\"394\" height=\"222\" src=\"https:\/\/picosdeaventura.com\/wp-content\/uploads\/2022\/04\/blog-picos-de-aventura-avistamentos-marco-394x222.jpg\" class=\"img-responsive wp-post-image\" alt=\"Whale Watching Azores\" srcset=\"https:\/\/picosdeaventura.com\/wp-content\/uploads\/2022\/04\/blog-picos-de-aventura-avistamentos-marco-394x222.jpg 394w, https:\/\/picosdeaventura.com\/wp-content\/uploads\/2022\/04\/blog-picos-de-aventura-avistamentos-marco-300x169.jpg 300w, https:\/\/picosdeaventura.com\/wp-content\/uploads\/2022\/04\/blog-picos-de-aventura-avistamentos-marco-1024x576.jpg 1024w, https:\/\/picosdeaventura.com\/wp-content\/uploads\/2022\/04\/blog-picos-de-aventura-avistamentos-marco-768x432.jpg 768w, https:\/\/picosdeaventura.com\/wp-content\/uploads\/2022\/04\/blog-picos-de-aventura-avistamentos-marco-18x10.jpg 18w, https:\/\/picosdeaventura.com\/wp-content\/uploads\/2022\/04\/blog-picos-de-aventura-avistamentos-marco-71x40.jpg 71w, https:\/\/picosdeaventura.com\/wp-content\/uploads\/2022\/04\/blog-picos-de-aventura-avistamentos-marco-142x80.jpg 142w, https:\/\/picosdeaventura.com\/wp-content\/uploads\/2022\/04\/blog-picos-de-aventura-avistamentos-marco-915x515.jpg 915w, https:\/\/picosdeaventura.com\/wp-content\/uploads\/2022\/04\/blog-picos-de-aventura-avistamentos-marco.jpg 1200w\" sizes=\"auto, (max-width: 394px) 100vw, 394px\" title=\"\">    \t<\/a>\n    <div class=\"post-inner\">\n\n        <h3 class=\"post-title\"><a href=\"https:\/\/picosdeaventura.com\/pt\/2022\/04\/04\/avistamentos-de-marco\/\">Avistamentos de Mar\u00e7o<\/a><\/h3>\n    \t<div class=\"post-meta\">\n\t<span class=\"show-author\">Posted by <a href=\"https:\/\/picosdeaventura.com\/pt\/author\/biologomar\/\" title=\"Artigos de Bi\u00f3logo\" rel=\"author\">Bi\u00f3logo<\/a><\/span> <span class=\"show-comments\"><\/span>\n<\/div>\n\t            \t<div class=\"entry-content post-excerpt\">\n\t\t\t\t\t<p>No m\u00eas de Mar\u00e7o houve dias marcados pelo mau tempo e outros dias marcados por excelentes avistamentos! A esp\u00e9cie que ganhou nos avistamentos foi o golfinho comum que em todas as nossas sa\u00eddas esteve presente.  &hellip; <a href=\"https:\/\/picosdeaventura.com\/pt\/2022\/04\/04\/avistamentos-de-marco\/\">Read More<\/a><\/p>\n                <\/div>\n\t\t\t\t<div class=\"date-meta\">\n    <i class=\"xs-icon fa fa-calendar-o\"><\/i>\n    <time class=\"published\" datetime=\"2022-04-04T15:40:09+00:00\">4 de Abril, 2022<\/time>\n    <span class=\"is-sticky\">Featured Post<\/span>\n<\/div><\/div>\n\t\t\t\t\t\t<\/div>\n\n\t\t\t\t\t\n\t\t\t\t\t\t\n\t\t\t\t\t\t<div class=\"mas-blog-post col-sm-6 col-md-4 post-4489 post type-post status-publish format-standard has-post-thumbnail sticky hentry category-blog-mar\">\n\t\t\t\t\t\t\t    \t\t<a href=\"https:\/\/picosdeaventura.com\/pt\/2022\/03\/28\/guia-para-a-natacao-com-golfinhos\/\">\n\t\t\t<img loading=\"lazy\" decoding=\"async\" width=\"394\" height=\"222\" src=\"https:\/\/picosdeaventura.com\/wp-content\/uploads\/2022\/03\/blog-picos-de-aventura-natacao-394x222.jpg\" class=\"img-responsive wp-post-image\" alt=\"Golfinhos\" srcset=\"https:\/\/picosdeaventura.com\/wp-content\/uploads\/2022\/03\/blog-picos-de-aventura-natacao-394x222.jpg 394w, https:\/\/picosdeaventura.com\/wp-content\/uploads\/2022\/03\/blog-picos-de-aventura-natacao-300x169.jpg 300w, https:\/\/picosdeaventura.com\/wp-content\/uploads\/2022\/03\/blog-picos-de-aventura-natacao-1024x576.jpg 1024w, https:\/\/picosdeaventura.com\/wp-content\/uploads\/2022\/03\/blog-picos-de-aventura-natacao-768x432.jpg 768w, https:\/\/picosdeaventura.com\/wp-content\/uploads\/2022\/03\/blog-picos-de-aventura-natacao-18x10.jpg 18w, https:\/\/picosdeaventura.com\/wp-content\/uploads\/2022\/03\/blog-picos-de-aventura-natacao-71x40.jpg 71w, https:\/\/picosdeaventura.com\/wp-content\/uploads\/2022\/03\/blog-picos-de-aventura-natacao-142x80.jpg 142w, https:\/\/picosdeaventura.com\/wp-content\/uploads\/2022\/03\/blog-picos-de-aventura-natacao-915x515.jpg 915w, https:\/\/picosdeaventura.com\/wp-content\/uploads\/2022\/03\/blog-picos-de-aventura-natacao.jpg 1200w\" sizes=\"auto, (max-width: 394px) 100vw, 394px\" title=\"\">    \t<\/a>\n    <div class=\"post-inner\">\n\n        <h3 class=\"post-title\"><a href=\"https:\/\/picosdeaventura.com\/pt\/2022\/03\/28\/guia-para-a-natacao-com-golfinhos\/\">Guia para a Nata\u00e7\u00e3o com Golfinhos<\/a><\/h3>\n    \t<div class=\"post-meta\">\n\t<span class=\"show-author\">Posted by <a href=\"https:\/\/picosdeaventura.com\/pt\/author\/biologomar\/\" title=\"Artigos de Bi\u00f3logo\" rel=\"author\">Bi\u00f3logo<\/a><\/span> <span class=\"show-comments\"><\/span>\n<\/div>\n\t            \t<div class=\"entry-content post-excerpt\">\n\t\t\t\t\t<p>Experi\u00eancia \u00fanica e inesquec\u00edvel, \u00e9 assim que podemos descrever esta atividade. Sendo a nata\u00e7\u00e3o realizada em alto mar, a intera\u00e7\u00e3o \u00e9 realizada com animais selvagens, em harmonia no seu habitat. A Picos de Aventura procura proporcionar uma atividade incr\u00edvel, mas sempre em conformidade com as regras e com o m\u00e1ximo de respeito pelos animais. &hellip; <a href=\"https:\/\/picosdeaventura.com\/pt\/2022\/03\/28\/guia-para-a-natacao-com-golfinhos\/\">Read More<\/a><\/p>\n                <\/div>\n\t\t\t\t<div class=\"date-meta\">\n    <i class=\"xs-icon fa fa-calendar-o\"><\/i>\n    <time class=\"published\" datetime=\"2022-03-28T10:00:00+00:00\">28 de Mar\u00e7o, 2022<\/time>\n    <span class=\"is-sticky\">Featured Post<\/span>\n<\/div><\/div>\n\t\t\t\t\t\t<\/div>\n\n\t\t\t\t\t\n\t\t\t\t\t\t\n\t\t\t\t\t\t<div class=\"mas-blog-post col-sm-6 col-md-4 post-4478 post type-post status-publish format-standard has-post-thumbnail sticky hentry category-blog-mar\">\n\t\t\t\t\t\t\t    \t\t<a href=\"https:\/\/picosdeaventura.com\/pt\/2022\/03\/21\/dia-mundial-da-agua\/\">\n\t\t\t<img loading=\"lazy\" decoding=\"async\" width=\"394\" height=\"222\" src=\"https:\/\/picosdeaventura.com\/wp-content\/uploads\/2022\/03\/blog-picos-de-aventura-agua-394x222.jpg\" class=\"img-responsive wp-post-image\" alt=\"\u00c1gua\" srcset=\"https:\/\/picosdeaventura.com\/wp-content\/uploads\/2022\/03\/blog-picos-de-aventura-agua-394x222.jpg 394w, https:\/\/picosdeaventura.com\/wp-content\/uploads\/2022\/03\/blog-picos-de-aventura-agua-300x169.jpg 300w, https:\/\/picosdeaventura.com\/wp-content\/uploads\/2022\/03\/blog-picos-de-aventura-agua-1024x576.jpg 1024w, https:\/\/picosdeaventura.com\/wp-content\/uploads\/2022\/03\/blog-picos-de-aventura-agua-768x432.jpg 768w, https:\/\/picosdeaventura.com\/wp-content\/uploads\/2022\/03\/blog-picos-de-aventura-agua-18x10.jpg 18w, https:\/\/picosdeaventura.com\/wp-content\/uploads\/2022\/03\/blog-picos-de-aventura-agua-71x40.jpg 71w, https:\/\/picosdeaventura.com\/wp-content\/uploads\/2022\/03\/blog-picos-de-aventura-agua-142x80.jpg 142w, https:\/\/picosdeaventura.com\/wp-content\/uploads\/2022\/03\/blog-picos-de-aventura-agua-915x515.jpg 915w, https:\/\/picosdeaventura.com\/wp-content\/uploads\/2022\/03\/blog-picos-de-aventura-agua.jpg 1200w\" sizes=\"auto, (max-width: 394px) 100vw, 394px\" title=\"\">    \t<\/a>\n    <div class=\"post-inner\">\n\n        <h3 class=\"post-title\"><a href=\"https:\/\/picosdeaventura.com\/pt\/2022\/03\/21\/dia-mundial-da-agua\/\">Dia Mundial da \u00c1gua<\/a><\/h3>\n    \t<div class=\"post-meta\">\n\t<span class=\"show-author\">Posted by <a href=\"https:\/\/picosdeaventura.com\/pt\/author\/biologomar\/\" title=\"Artigos de Bi\u00f3logo\" rel=\"author\">Bi\u00f3logo<\/a><\/span> <span class=\"show-comments\"><\/span>\n<\/div>\n\t            \t<div class=\"entry-content post-excerpt\">\n\t\t\t\t\t<p>A 22 de Mar\u00e7o celebramos o dia Mundial da \u00c1gua, proclamado atrav\u00e9s de resolu\u00e7\u00e3o da Assembleia Geral das Na\u00e7\u00f5es Unidas, a 22 de Dezembro de 1992. O prop\u00f3sito deste dia \u00e9 sensibilizar os l\u00edderes pol\u00edticos e a sociedade para a conserva\u00e7\u00e3o deste bem. &hellip; <a href=\"https:\/\/picosdeaventura.com\/pt\/2022\/03\/21\/dia-mundial-da-agua\/\">Read More<\/a><\/p>\n                <\/div>\n\t\t\t\t<div class=\"date-meta\">\n    <i class=\"xs-icon fa fa-calendar-o\"><\/i>\n    <time class=\"published\" datetime=\"2022-03-21T14:55:37+00:00\">21 de Mar\u00e7o, 2022<\/time>\n    <span class=\"is-sticky\">Featured Post<\/span>\n<\/div><\/div>\n\t\t\t\t\t\t<\/div>\n\n\t\t\t\t\t\n\t\t\t\t\t\t\n\t\t\t\t\t\t<div class=\"mas-blog-post col-sm-6 col-md-4 post-4454 post type-post status-publish format-standard has-post-thumbnail sticky hentry category-sem-categoria\">\n\t\t\t\t\t\t\t    \t\t<a href=\"https:\/\/picosdeaventura.com\/pt\/2022\/03\/14\/cetaceos-guia-de-observacao\/\">\n\t\t\t<img loading=\"lazy\" decoding=\"async\" width=\"394\" height=\"295\" src=\"https:\/\/picosdeaventura.com\/wp-content\/uploads\/2022\/03\/blog-picos-de-aventura-cetaceos-semi-rigido-1-394x295.jpg\" class=\"img-responsive wp-post-image\" alt=\"Whale Watching Azores\" srcset=\"https:\/\/picosdeaventura.com\/wp-content\/uploads\/2022\/03\/blog-picos-de-aventura-cetaceos-semi-rigido-1-394x295.jpg 394w, https:\/\/picosdeaventura.com\/wp-content\/uploads\/2022\/03\/blog-picos-de-aventura-cetaceos-semi-rigido-1-300x225.jpg 300w, https:\/\/picosdeaventura.com\/wp-content\/uploads\/2022\/03\/blog-picos-de-aventura-cetaceos-semi-rigido-1-1024x768.jpg 1024w, https:\/\/picosdeaventura.com\/wp-content\/uploads\/2022\/03\/blog-picos-de-aventura-cetaceos-semi-rigido-1-768x576.jpg 768w, https:\/\/picosdeaventura.com\/wp-content\/uploads\/2022\/03\/blog-picos-de-aventura-cetaceos-semi-rigido-1-1536x1152.jpg 1536w, https:\/\/picosdeaventura.com\/wp-content\/uploads\/2022\/03\/blog-picos-de-aventura-cetaceos-semi-rigido-1-2048x1536.jpg 2048w, https:\/\/picosdeaventura.com\/wp-content\/uploads\/2022\/03\/blog-picos-de-aventura-cetaceos-semi-rigido-1-16x12.jpg 16w, https:\/\/picosdeaventura.com\/wp-content\/uploads\/2022\/03\/blog-picos-de-aventura-cetaceos-semi-rigido-1-53x40.jpg 53w, https:\/\/picosdeaventura.com\/wp-content\/uploads\/2022\/03\/blog-picos-de-aventura-cetaceos-semi-rigido-1-107x80.jpg 107w, https:\/\/picosdeaventura.com\/wp-content\/uploads\/2022\/03\/blog-picos-de-aventura-cetaceos-semi-rigido-1-915x686.jpg 915w, https:\/\/picosdeaventura.com\/wp-content\/uploads\/2022\/03\/blog-picos-de-aventura-cetaceos-semi-rigido-1-1240x930.jpg 1240w, https:\/\/picosdeaventura.com\/wp-content\/uploads\/2022\/03\/blog-picos-de-aventura-cetaceos-semi-rigido-1-1440x1080.jpg 1440w\" sizes=\"auto, (max-width: 394px) 100vw, 394px\" title=\"\">    \t<\/a>\n    <div class=\"post-inner\">\n\n        <h3 class=\"post-title\"><a href=\"https:\/\/picosdeaventura.com\/pt\/2022\/03\/14\/cetaceos-guia-de-observacao\/\">Guia para Observa\u00e7\u00e3o de Cet\u00e1ceos<\/a><\/h3>\n    \t<div class=\"post-meta\">\n\t<span class=\"show-author\">Posted by <a href=\"https:\/\/picosdeaventura.com\/pt\/author\/biologomar\/\" title=\"Artigos de Bi\u00f3logo\" rel=\"author\">Bi\u00f3logo<\/a><\/span> <span class=\"show-comments\"><\/span>\n<\/div>\n\t            \t<div class=\"entry-content post-excerpt\">\n\t\t\t\t\t<p>A atividade Observa\u00e7\u00e3o de Cet\u00e1ceos est\u00e1 a crescer e a expandir-se globalmente, tornando-se importante n\u00e3o s\u00f3 para o mercado tur\u00edstico, mas tamb\u00e9m para a economia da regi\u00e3o e a comunidade cient\u00edfica. A observa\u00e7\u00e3o de cet\u00e1ceos pode ser definida como a &hellip; <a href=\"https:\/\/picosdeaventura.com\/pt\/2022\/03\/14\/cetaceos-guia-de-observacao\/\">Read More<\/a><\/p>\n                <\/div>\n\t\t\t\t<div class=\"date-meta\">\n    <i class=\"xs-icon fa fa-calendar-o\"><\/i>\n    <time class=\"published\" datetime=\"2022-03-14T16:50:16+00:00\">14 de Mar\u00e7o, 2022<\/time>\n    <span class=\"is-sticky\">Featured Post<\/span>\n<\/div><\/div>\n\t\t\t\t\t\t<\/div>\n\n\t\t\t\t\t\n\t\t\t\t\t\t\n\t\t\t\t\t\t<div class=\"mas-blog-post col-sm-6 col-md-4 post-4386 post type-post status-publish format-standard has-post-thumbnail sticky hentry category-sem-categoria tag-avistamentos tag-fevereiro tag-whale-watching tag-whale-watching-azores\">\n\t\t\t\t\t\t\t    \t\t<a href=\"https:\/\/picosdeaventura.com\/pt\/2022\/03\/04\/fevereiro-avistamentos\/\">\n\t\t\t<img loading=\"lazy\" decoding=\"async\" width=\"394\" height=\"263\" src=\"https:\/\/picosdeaventura.com\/wp-content\/uploads\/2022\/03\/blog-picos-de-aventura-fevereiro-394x263.jpg\" class=\"img-responsive wp-post-image\" alt=\"Whale Watching Azores\" srcset=\"https:\/\/picosdeaventura.com\/wp-content\/uploads\/2022\/03\/blog-picos-de-aventura-fevereiro-394x263.jpg 394w, https:\/\/picosdeaventura.com\/wp-content\/uploads\/2022\/03\/blog-picos-de-aventura-fevereiro-300x200.jpg 300w, https:\/\/picosdeaventura.com\/wp-content\/uploads\/2022\/03\/blog-picos-de-aventura-fevereiro-1024x683.jpg 1024w, https:\/\/picosdeaventura.com\/wp-content\/uploads\/2022\/03\/blog-picos-de-aventura-fevereiro-768x512.jpg 768w, https:\/\/picosdeaventura.com\/wp-content\/uploads\/2022\/03\/blog-picos-de-aventura-fevereiro-18x12.jpg 18w, https:\/\/picosdeaventura.com\/wp-content\/uploads\/2022\/03\/blog-picos-de-aventura-fevereiro-60x40.jpg 60w, https:\/\/picosdeaventura.com\/wp-content\/uploads\/2022\/03\/blog-picos-de-aventura-fevereiro-120x80.jpg 120w, https:\/\/picosdeaventura.com\/wp-content\/uploads\/2022\/03\/blog-picos-de-aventura-fevereiro-915x610.jpg 915w, https:\/\/picosdeaventura.com\/wp-content\/uploads\/2022\/03\/blog-picos-de-aventura-fevereiro-1240x827.jpg 1240w, https:\/\/picosdeaventura.com\/wp-content\/uploads\/2022\/03\/blog-picos-de-aventura-fevereiro.jpg 1299w\" sizes=\"auto, (max-width: 394px) 100vw, 394px\" title=\"\">    \t<\/a>\n    <div class=\"post-inner\">\n\n        <h3 class=\"post-title\"><a href=\"https:\/\/picosdeaventura.com\/pt\/2022\/03\/04\/fevereiro-avistamentos\/\">Avistamentos do m\u00eas de Fevereiro<\/a><\/h3>\n    \t<div class=\"post-meta\">\n\t<span class=\"show-author\">Posted by <a href=\"https:\/\/picosdeaventura.com\/pt\/author\/biologomar\/\" title=\"Artigos de Bi\u00f3logo\" rel=\"author\">Bi\u00f3logo<\/a><\/span> <span class=\"show-comments\"><\/span>\n<\/div>\n\t            \t<div class=\"entry-content post-excerpt\">\n\t\t\t\t\t<p>Quando pensamos no m\u00eas de fevereiro, certamente que imaginamos alguns dias de mar agitado e apenas alguma diversidade de esp\u00e9cies. No entanto, fevereiro trouxe-nos muitas surpresas. &hellip; <a href=\"https:\/\/picosdeaventura.com\/pt\/2022\/03\/04\/fevereiro-avistamentos\/\">Read More<\/a><\/p>\n                <\/div>\n\t\t\t\t<div class=\"date-meta\">\n    <i class=\"xs-icon fa fa-calendar-o\"><\/i>\n    <time class=\"published\" datetime=\"2022-03-04T16:30:42+00:00\">4 de Mar\u00e7o, 2022<\/time>\n    <span class=\"is-sticky\">Featured Post<\/span>\n<\/div><\/div>\n\t\t\t\t\t\t<\/div>\n\n\t\t\t\t\t\n\t\t\t\t\t\t\n\t\t\t\t\t\t<div class=\"mas-blog-post col-sm-6 col-md-4 post-4327 post type-post status-publish format-standard has-post-thumbnail sticky hentry category-sem-categoria tag-avistamentos tag-whale-watching tag-whale-watching-azores\">\n\t\t\t\t\t\t\t    \t\t<a href=\"https:\/\/picosdeaventura.com\/pt\/2022\/02\/22\/avistamentos-janeiro\/\">\n\t\t\t<img loading=\"lazy\" decoding=\"async\" width=\"394\" height=\"262\" src=\"https:\/\/picosdeaventura.com\/wp-content\/uploads\/2022\/02\/blog-picos-de-aventura-avistamentos-394x262.png\" class=\"img-responsive wp-post-image\" alt=\"Avistamentos\" srcset=\"https:\/\/picosdeaventura.com\/wp-content\/uploads\/2022\/02\/blog-picos-de-aventura-avistamentos-394x262.png 394w, https:\/\/picosdeaventura.com\/wp-content\/uploads\/2022\/02\/blog-picos-de-aventura-avistamentos-300x200.png 300w, https:\/\/picosdeaventura.com\/wp-content\/uploads\/2022\/02\/blog-picos-de-aventura-avistamentos-768x512.png 768w, https:\/\/picosdeaventura.com\/wp-content\/uploads\/2022\/02\/blog-picos-de-aventura-avistamentos-18x12.png 18w, https:\/\/picosdeaventura.com\/wp-content\/uploads\/2022\/02\/blog-picos-de-aventura-avistamentos-60x40.png 60w, https:\/\/picosdeaventura.com\/wp-content\/uploads\/2022\/02\/blog-picos-de-aventura-avistamentos-120x80.png 120w, https:\/\/picosdeaventura.com\/wp-content\/uploads\/2022\/02\/blog-picos-de-aventura-avistamentos.png 770w\" sizes=\"auto, (max-width: 394px) 100vw, 394px\" title=\"\">    \t<\/a>\n    <div class=\"post-inner\">\n\n        <h3 class=\"post-title\"><a href=\"https:\/\/picosdeaventura.com\/pt\/2022\/02\/22\/avistamentos-janeiro\/\">Avistamentos do m\u00eas de Janeiro<\/a><\/h3>\n    \t<div class=\"post-meta\">\n\t<span class=\"show-author\">Posted by <a href=\"https:\/\/picosdeaventura.com\/pt\/author\/biologomar\/\" title=\"Artigos de Bi\u00f3logo\" rel=\"author\">Bi\u00f3logo<\/a><\/span> <span class=\"show-comments\"><\/span>\n<\/div>\n\t            \t<div class=\"entry-content post-excerpt\">\n\t\t\t\t\t<p>das condi\u00e7\u00f5es meteorol\u00f3gicas pouco favor\u00e1veis, durante o m\u00eas de Janeiro, tivemos avistamentos que nos deixaram boquiabertos! &hellip; <a href=\"https:\/\/picosdeaventura.com\/pt\/2022\/02\/22\/avistamentos-janeiro\/\">Read More<\/a><\/p>\n                <\/div>\n\t\t\t\t<div class=\"date-meta\">\n    <i class=\"xs-icon fa fa-calendar-o\"><\/i>\n    <time class=\"published\" datetime=\"2022-02-22T11:00:00+00:00\">22 de Fevereiro, 2022<\/time>\n    <span class=\"is-sticky\">Featured Post<\/span>\n<\/div><\/div>\n\t\t\t\t\t\t<\/div>\n\n\t\t\t\t\t\n\t\t\t\t\t\t\n\t\t\t\t\t\t<div class=\"mas-blog-post col-sm-6 col-md-4 post-4343 post type-post status-publish format-standard has-post-thumbnail sticky hentry category-sem-categoria\">\n\t\t\t\t\t\t\t    \t\t<a href=\"https:\/\/picosdeaventura.com\/pt\/2022\/02\/11\/ciencia-contribuicao-feminina\/\">\n\t\t\t<img loading=\"lazy\" decoding=\"async\" width=\"394\" height=\"262\" src=\"https:\/\/picosdeaventura.com\/wp-content\/uploads\/2022\/02\/blog-picos-de-aventura-ciencia-394x262.png\" class=\"img-responsive wp-post-image\" alt=\"Ci\u00eancia\" srcset=\"https:\/\/picosdeaventura.com\/wp-content\/uploads\/2022\/02\/blog-picos-de-aventura-ciencia-394x262.png 394w, https:\/\/picosdeaventura.com\/wp-content\/uploads\/2022\/02\/blog-picos-de-aventura-ciencia-300x200.png 300w, https:\/\/picosdeaventura.com\/wp-content\/uploads\/2022\/02\/blog-picos-de-aventura-ciencia-768x512.png 768w, https:\/\/picosdeaventura.com\/wp-content\/uploads\/2022\/02\/blog-picos-de-aventura-ciencia-18x12.png 18w, https:\/\/picosdeaventura.com\/wp-content\/uploads\/2022\/02\/blog-picos-de-aventura-ciencia-60x40.png 60w, https:\/\/picosdeaventura.com\/wp-content\/uploads\/2022\/02\/blog-picos-de-aventura-ciencia-120x80.png 120w, https:\/\/picosdeaventura.com\/wp-content\/uploads\/2022\/02\/blog-picos-de-aventura-ciencia.png 770w\" sizes=\"auto, (max-width: 394px) 100vw, 394px\" title=\"\">    \t<\/a>\n    <div class=\"post-inner\">\n\n        <h3 class=\"post-title\"><a href=\"https:\/\/picosdeaventura.com\/pt\/2022\/02\/11\/ciencia-contribuicao-feminina\/\">Dia Internacional das Mulheres na ci\u00eancia<\/a><\/h3>\n    \t<div class=\"post-meta\">\n\t<span class=\"show-author\">Posted by <a href=\"https:\/\/picosdeaventura.com\/pt\/author\/biologomar\/\" title=\"Artigos de Bi\u00f3logo\" rel=\"author\">Bi\u00f3logo<\/a><\/span> <span class=\"show-comments\"><\/span>\n<\/div>\n\t            \t<div class=\"entry-content post-excerpt\">\n\t\t\t\t\t<p>A contribui\u00e7\u00e3o feminina para a ci\u00eancia come\u00e7a muito antes de existir o Dia da Mulher e dos movimentos de revolu\u00e7\u00e3o feminista. Contudo, a Assembleia Geral das Na\u00e7\u00f5es Unidas assinalou o dia 11 de fevereiro como sendo o Dia Internacional das Mulheres na ci\u00eancia, criado em 2015 como forma de combater a desigualdade de g\u00e9neros nas CTEM (Ci\u00eancia, Tecnologia, Engenharia e Matem\u00e1tica) nas institui\u00e7\u00f5es de ensino e de investiga\u00e7\u00e3o. &hellip; <a href=\"https:\/\/picosdeaventura.com\/pt\/2022\/02\/11\/ciencia-contribuicao-feminina\/\">Read More<\/a><\/p>\n                <\/div>\n\t\t\t\t<div class=\"date-meta\">\n    <i class=\"xs-icon fa fa-calendar-o\"><\/i>\n    <time class=\"published\" datetime=\"2022-02-11T12:37:48+00:00\">11 de Fevereiro, 2022<\/time>\n    <span class=\"is-sticky\">Featured Post<\/span>\n<\/div><\/div>\n\t\t\t\t\t\t<\/div>\n\n\t\t\t\t\t\n\t\t\t\t\t\t\n\t\t\t\t\t\t<div class=\"mas-blog-post col-sm-6 col-md-4 post-4269 post type-post status-publish format-standard has-post-thumbnail sticky hentry category-sem-categoria\">\n\t\t\t\t\t\t\t    \t\t<a href=\"https:\/\/picosdeaventura.com\/pt\/2022\/02\/10\/sao-miguel\/\">\n\t\t\t<img loading=\"lazy\" decoding=\"async\" width=\"394\" height=\"262\" src=\"https:\/\/picosdeaventura.com\/wp-content\/uploads\/2022\/02\/blog-picos-de-aventura-sao-miguel-394x262.jpg\" class=\"img-responsive wp-post-image\" alt=\"S\u00e3o Miguel\" srcset=\"https:\/\/picosdeaventura.com\/wp-content\/uploads\/2022\/02\/blog-picos-de-aventura-sao-miguel-394x262.jpg 394w, https:\/\/picosdeaventura.com\/wp-content\/uploads\/2022\/02\/blog-picos-de-aventura-sao-miguel-300x200.jpg 300w, https:\/\/picosdeaventura.com\/wp-content\/uploads\/2022\/02\/blog-picos-de-aventura-sao-miguel-768x512.jpg 768w, https:\/\/picosdeaventura.com\/wp-content\/uploads\/2022\/02\/blog-picos-de-aventura-sao-miguel-18x12.jpg 18w, https:\/\/picosdeaventura.com\/wp-content\/uploads\/2022\/02\/blog-picos-de-aventura-sao-miguel-60x40.jpg 60w, https:\/\/picosdeaventura.com\/wp-content\/uploads\/2022\/02\/blog-picos-de-aventura-sao-miguel-120x80.jpg 120w, https:\/\/picosdeaventura.com\/wp-content\/uploads\/2022\/02\/blog-picos-de-aventura-sao-miguel.jpg 770w\" sizes=\"auto, (max-width: 394px) 100vw, 394px\" title=\"\">    \t<\/a>\n    <div class=\"post-inner\">\n\n        <h3 class=\"post-title\"><a href=\"https:\/\/picosdeaventura.com\/pt\/2022\/02\/10\/sao-miguel\/\">No Inverno, escape para S\u00e3o Miguel<\/a><\/h3>\n    \t<div class=\"post-meta\">\n\t<span class=\"show-author\">Posted by <a href=\"https:\/\/picosdeaventura.com\/pt\/author\/admin\/\" title=\"Artigos de admin\" rel=\"author\">admin<\/a><\/span> <span class=\"show-comments\"><\/span>\n<\/div>\n\t            \t<div class=\"entry-content post-excerpt\">\n\t\t\t\t\t<p>A Ilha de S\u00e3o Miguel, durante a esta\u00e7\u00e3o do Inverno apresenta um clima relativamente ameno, o que permite desfrutar em pleno de v\u00e1rias aventuras. Saiba algumas das experi\u00eancias que n\u00e3o pode deixar de fora do seu roteiro ao visitar a Ilha Verde. &hellip; <a href=\"https:\/\/picosdeaventura.com\/pt\/2022\/02\/10\/sao-miguel\/\">Read More<\/a><\/p>\n                <\/div>\n\t\t\t\t<div class=\"date-meta\">\n    <i class=\"xs-icon fa fa-calendar-o\"><\/i>\n    <time class=\"published\" datetime=\"2022-02-10T11:00:00+00:00\">10 de Fevereiro, 2022<\/time>\n    <span class=\"is-sticky\">Featured Post<\/span>\n<\/div><\/div>\n\t\t\t\t\t\t<\/div>\n\n\t\t\t\t\t\n\t\t\t\t\t\t\n\t\t\t\t\t\t<div class=\"mas-blog-post col-sm-6 col-md-4 post-4259 post type-post status-publish format-standard has-post-thumbnail sticky hentry category-sem-categoria tag-avistamentos\">\n\t\t\t\t\t\t\t    \t\t<a href=\"https:\/\/picosdeaventura.com\/pt\/2022\/02\/06\/avistamentos-2021\/\">\n\t\t\t<img loading=\"lazy\" decoding=\"async\" width=\"394\" height=\"222\" src=\"https:\/\/picosdeaventura.com\/wp-content\/uploads\/2022\/02\/blog-picos-de-aventura-avistamentos-2021-394x222.jpg\" class=\"img-responsive wp-post-image\" alt=\"Whale Watching Azores\" srcset=\"https:\/\/picosdeaventura.com\/wp-content\/uploads\/2022\/02\/blog-picos-de-aventura-avistamentos-2021-394x222.jpg 394w, https:\/\/picosdeaventura.com\/wp-content\/uploads\/2022\/02\/blog-picos-de-aventura-avistamentos-2021-300x169.jpg 300w, https:\/\/picosdeaventura.com\/wp-content\/uploads\/2022\/02\/blog-picos-de-aventura-avistamentos-2021-1024x576.jpg 1024w, https:\/\/picosdeaventura.com\/wp-content\/uploads\/2022\/02\/blog-picos-de-aventura-avistamentos-2021-768x432.jpg 768w, https:\/\/picosdeaventura.com\/wp-content\/uploads\/2022\/02\/blog-picos-de-aventura-avistamentos-2021-18x10.jpg 18w, https:\/\/picosdeaventura.com\/wp-content\/uploads\/2022\/02\/blog-picos-de-aventura-avistamentos-2021-71x40.jpg 71w, https:\/\/picosdeaventura.com\/wp-content\/uploads\/2022\/02\/blog-picos-de-aventura-avistamentos-2021-142x80.jpg 142w, https:\/\/picosdeaventura.com\/wp-content\/uploads\/2022\/02\/blog-picos-de-aventura-avistamentos-2021-915x515.jpg 915w, https:\/\/picosdeaventura.com\/wp-content\/uploads\/2022\/02\/blog-picos-de-aventura-avistamentos-2021.jpg 1200w\" sizes=\"auto, (max-width: 394px) 100vw, 394px\" title=\"\">    \t<\/a>\n    <div class=\"post-inner\">\n\n        <h3 class=\"post-title\"><a href=\"https:\/\/picosdeaventura.com\/pt\/2022\/02\/06\/avistamentos-2021\/\">Avistamentos: O nosso ano 2021<\/a><\/h3>\n    \t<div class=\"post-meta\">\n\t<span class=\"show-author\">Posted by <a href=\"https:\/\/picosdeaventura.com\/pt\/author\/biologomar\/\" title=\"Artigos de Bi\u00f3logo\" rel=\"author\">Bi\u00f3logo<\/a><\/span> <span class=\"show-comments\"><\/span>\n<\/div>\n\t            \t<div class=\"entry-content post-excerpt\">\n\t\t\t\t\t<p>Avistamentos surpreendentes no mar dos A\u00e7ores 2021 j\u00e1 l\u00e1 vai, mas ficaram as mem\u00f3rias de fant\u00e1sticos avistamentos. Apesar de ter sido um ano, mais uma vez marcado pela pandemia e apesar de s\u00f3 conseguirmos iniciar as atividades mar\u00edtimo tur\u00edsticas em &hellip; <a href=\"https:\/\/picosdeaventura.com\/pt\/2022\/02\/06\/avistamentos-2021\/\">Read More<\/a><\/p>\n                <\/div>\n\t\t\t\t<div class=\"date-meta\">\n    <i class=\"xs-icon fa fa-calendar-o\"><\/i>\n    <time class=\"published\" datetime=\"2022-02-06T13:50:17+00:00\">6 de Fevereiro, 2022<\/time>\n    <span class=\"is-sticky\">Featured Post<\/span>\n<\/div><\/div>\n\t\t\t\t\t\t<\/div>\n\n\t\t\t\t\t\n\t\t\t\t\t\t\n\t\t\t\t\t\t<div class=\"mas-blog-post col-sm-6 col-md-4 post-2668 post type-post status-publish format-standard has-post-thumbnail sticky hentry category-sem-categoria tag-trilhos\">\n\t\t\t\t\t\t\t    \t\t<a href=\"https:\/\/picosdeaventura.com\/pt\/2021\/12\/30\/3-trilhos-natureza-dos-acores\/\">\n\t\t\t<img loading=\"lazy\" decoding=\"async\" width=\"394\" height=\"222\" src=\"https:\/\/picosdeaventura.com\/wp-content\/uploads\/2021\/12\/blog-picos-de-aventura-3-trilhos-para-apreciar-a-natureza-dos-acores-394x222.png\" class=\"img-responsive wp-post-image\" alt=\"3 trilhos para apreciar a natureza dos A\u00e7ores\" srcset=\"https:\/\/picosdeaventura.com\/wp-content\/uploads\/2021\/12\/blog-picos-de-aventura-3-trilhos-para-apreciar-a-natureza-dos-acores-394x222.png 394w, https:\/\/picosdeaventura.com\/wp-content\/uploads\/2021\/12\/blog-picos-de-aventura-3-trilhos-para-apreciar-a-natureza-dos-acores-300x169.png 300w, https:\/\/picosdeaventura.com\/wp-content\/uploads\/2021\/12\/blog-picos-de-aventura-3-trilhos-para-apreciar-a-natureza-dos-acores-1024x576.png 1024w, https:\/\/picosdeaventura.com\/wp-content\/uploads\/2021\/12\/blog-picos-de-aventura-3-trilhos-para-apreciar-a-natureza-dos-acores-768x432.png 768w, https:\/\/picosdeaventura.com\/wp-content\/uploads\/2021\/12\/blog-picos-de-aventura-3-trilhos-para-apreciar-a-natureza-dos-acores-18x10.png 18w, https:\/\/picosdeaventura.com\/wp-content\/uploads\/2021\/12\/blog-picos-de-aventura-3-trilhos-para-apreciar-a-natureza-dos-acores-71x40.png 71w, https:\/\/picosdeaventura.com\/wp-content\/uploads\/2021\/12\/blog-picos-de-aventura-3-trilhos-para-apreciar-a-natureza-dos-acores-142x80.png 142w, https:\/\/picosdeaventura.com\/wp-content\/uploads\/2021\/12\/blog-picos-de-aventura-3-trilhos-para-apreciar-a-natureza-dos-acores-915x515.png 915w, https:\/\/picosdeaventura.com\/wp-content\/uploads\/2021\/12\/blog-picos-de-aventura-3-trilhos-para-apreciar-a-natureza-dos-acores.png 1200w\" sizes=\"auto, (max-width: 394px) 100vw, 394px\" title=\"\">    \t<\/a>\n    <div class=\"post-inner\">\n\n        <h3 class=\"post-title\"><a href=\"https:\/\/picosdeaventura.com\/pt\/2021\/12\/30\/3-trilhos-natureza-dos-acores\/\">3 trilhos para apreciar a natureza dos A\u00e7ores<\/a><\/h3>\n    \t<div class=\"post-meta\">\n\t<span class=\"show-author\">Posted by <a href=\"https:\/\/picosdeaventura.com\/pt\/author\/admin\/\" title=\"Artigos de admin\" rel=\"author\">admin<\/a><\/span> <span class=\"show-comments\"><\/span>\n<\/div>\n\t            \t<div class=\"entry-content post-excerpt\">\n\t\t\t\t\t<p>rdejantes e moldadas por vulc\u00f5es dos A\u00e7ores? Conhe\u00e7a os tr\u00eas trilhos que n\u00e3o pode perder na sua visita \u00e0 Ilha de S\u00e3o Miguel. &hellip; <a href=\"https:\/\/picosdeaventura.com\/pt\/2021\/12\/30\/3-trilhos-natureza-dos-acores\/\">Read More<\/a><\/p>\n                <\/div>\n\t\t\t\t<div class=\"date-meta\">\n    <i class=\"xs-icon fa fa-calendar-o\"><\/i>\n    <time class=\"published\" datetime=\"2021-12-30T12:47:45+00:00\">30 de Dezembro, 2021<\/time>\n    <span class=\"is-sticky\">Featured Post<\/span>\n<\/div><\/div>\n\t\t\t\t\t\t<\/div>\n\n\t\t\t\t\t\n\t\t\t\t\t\t\n\t\t\t\t\t\t<div class=\"mas-blog-post col-sm-6 col-md-4 post-2642 post type-post status-publish format-standard has-post-thumbnail sticky hentry category-sem-categoria\">\n\t\t\t\t\t\t\t    \t\t<a href=\"https:\/\/picosdeaventura.com\/pt\/2021\/11\/12\/5-experiencias-em-sao-miguel\/\">\n\t\t\t<img loading=\"lazy\" decoding=\"async\" width=\"394\" height=\"222\" src=\"https:\/\/picosdeaventura.com\/wp-content\/uploads\/2021\/11\/blog-picos-de-aventura-5-experiencias-a-nao-perder-em-sao-miguel-394x222.png\" class=\"img-responsive wp-post-image\" alt=\"5 Experi\u00eancias a N\u00e3o perder em S\u00e3o Miguel\" srcset=\"https:\/\/picosdeaventura.com\/wp-content\/uploads\/2021\/11\/blog-picos-de-aventura-5-experiencias-a-nao-perder-em-sao-miguel-394x222.png 394w, https:\/\/picosdeaventura.com\/wp-content\/uploads\/2021\/11\/blog-picos-de-aventura-5-experiencias-a-nao-perder-em-sao-miguel-300x169.png 300w, https:\/\/picosdeaventura.com\/wp-content\/uploads\/2021\/11\/blog-picos-de-aventura-5-experiencias-a-nao-perder-em-sao-miguel-1024x576.png 1024w, https:\/\/picosdeaventura.com\/wp-content\/uploads\/2021\/11\/blog-picos-de-aventura-5-experiencias-a-nao-perder-em-sao-miguel-768x432.png 768w, https:\/\/picosdeaventura.com\/wp-content\/uploads\/2021\/11\/blog-picos-de-aventura-5-experiencias-a-nao-perder-em-sao-miguel-18x10.png 18w, https:\/\/picosdeaventura.com\/wp-content\/uploads\/2021\/11\/blog-picos-de-aventura-5-experiencias-a-nao-perder-em-sao-miguel-71x40.png 71w, https:\/\/picosdeaventura.com\/wp-content\/uploads\/2021\/11\/blog-picos-de-aventura-5-experiencias-a-nao-perder-em-sao-miguel-142x80.png 142w, https:\/\/picosdeaventura.com\/wp-content\/uploads\/2021\/11\/blog-picos-de-aventura-5-experiencias-a-nao-perder-em-sao-miguel-915x515.png 915w, https:\/\/picosdeaventura.com\/wp-content\/uploads\/2021\/11\/blog-picos-de-aventura-5-experiencias-a-nao-perder-em-sao-miguel.png 1200w\" sizes=\"auto, (max-width: 394px) 100vw, 394px\" title=\"\">    \t<\/a>\n    <div class=\"post-inner\">\n\n        <h3 class=\"post-title\"><a href=\"https:\/\/picosdeaventura.com\/pt\/2021\/11\/12\/5-experiencias-em-sao-miguel\/\">S\u00e3o Miguel: 5 experi\u00eancias a n\u00e3o perder<\/a><\/h3>\n    \t<div class=\"post-meta\">\n\t<span class=\"show-author\">Posted by <a href=\"https:\/\/picosdeaventura.com\/pt\/author\/admin\/\" title=\"Artigos de admin\" rel=\"author\">admin<\/a><\/span> <span class=\"show-comments\"><\/span>\n<\/div>\n\t            \t<div class=\"entry-content post-excerpt\">\n\t\t\t\t\t<p>A Ilha de S\u00e3o Miguel \u00e9 um para\u00edso verde com tanto para ver, sentir e explorar. A maior ilha do arquip\u00e9lago dos A\u00e7ores distingue-se pela sua variedade de paisagens de cortar a respira\u00e7\u00e3o e pela diversidade de aventuras que nela pode viver. Conhe\u00e7a 5 experi\u00eancias que n\u00e3o pode perder nas suas f\u00e9rias na Ilha Verde. &hellip; <a href=\"https:\/\/picosdeaventura.com\/pt\/2021\/11\/12\/5-experiencias-em-sao-miguel\/\">Read More<\/a><\/p>\n                <\/div>\n\t\t\t\t<div class=\"date-meta\">\n    <i class=\"xs-icon fa fa-calendar-o\"><\/i>\n    <time class=\"published\" datetime=\"2021-11-12T17:00:18+00:00\">12 de Novembro, 2021<\/time>\n    <span class=\"is-sticky\">Featured Post<\/span>\n<\/div><\/div>\n\t\t\t\t\t\t<\/div>\n\n\t\t\t\t\t\n\t\t\t\t\t\t\n\t\t\t\t\t\t<div class=\"mas-blog-post col-sm-6 col-md-4 post-2526 post type-post status-publish format-standard has-post-thumbnail sticky hentry category-sem-categoria\">\n\t\t\t\t\t\t\t    \t\t<a href=\"https:\/\/picosdeaventura.com\/pt\/2021\/10\/15\/a-ilha-terceira-e-os-seus-encantos\/\">\n\t\t\t<img loading=\"lazy\" decoding=\"async\" width=\"394\" height=\"262\" src=\"https:\/\/picosdeaventura.com\/wp-content\/uploads\/2021\/10\/blog-picos-de-aventura-os-encantos-da-ilha-terceira-394x262.png\" class=\"img-responsive wp-post-image\" alt=\"Artigo Os encantos da Ilha Terceira\" srcset=\"https:\/\/picosdeaventura.com\/wp-content\/uploads\/2021\/10\/blog-picos-de-aventura-os-encantos-da-ilha-terceira-394x262.png 394w, https:\/\/picosdeaventura.com\/wp-content\/uploads\/2021\/10\/blog-picos-de-aventura-os-encantos-da-ilha-terceira-300x200.png 300w, https:\/\/picosdeaventura.com\/wp-content\/uploads\/2021\/10\/blog-picos-de-aventura-os-encantos-da-ilha-terceira-768x512.png 768w, https:\/\/picosdeaventura.com\/wp-content\/uploads\/2021\/10\/blog-picos-de-aventura-os-encantos-da-ilha-terceira-18x12.png 18w, https:\/\/picosdeaventura.com\/wp-content\/uploads\/2021\/10\/blog-picos-de-aventura-os-encantos-da-ilha-terceira-60x40.png 60w, https:\/\/picosdeaventura.com\/wp-content\/uploads\/2021\/10\/blog-picos-de-aventura-os-encantos-da-ilha-terceira-120x80.png 120w, https:\/\/picosdeaventura.com\/wp-content\/uploads\/2021\/10\/blog-picos-de-aventura-os-encantos-da-ilha-terceira.png 770w\" sizes=\"auto, (max-width: 394px) 100vw, 394px\" title=\"\">    \t<\/a>\n    <div class=\"post-inner\">\n\n        <h3 class=\"post-title\"><a href=\"https:\/\/picosdeaventura.com\/pt\/2021\/10\/15\/a-ilha-terceira-e-os-seus-encantos\/\">A Ilha Terceira e os seus encantos<\/a><\/h3>\n    \t<div class=\"post-meta\">\n\t<span class=\"show-author\">Posted by <a href=\"https:\/\/picosdeaventura.com\/pt\/author\/admin\/\" title=\"Artigos de admin\" rel=\"author\">admin<\/a><\/span> <span class=\"show-comments\"><\/span>\n<\/div>\n\t            \t<div class=\"entry-content post-excerpt\">\n\t\t\t\t\t<p>A Ilha Terceira, situada no Grupo Central, \u00e9 a terceira maior ilha do Arquip\u00e9lago dos A\u00e7ores. \u00c9 uma das mais bonitas do conjunto das nove ilhas a\u00e7orianas. \u00c9 l\u00e1 que est\u00e1 localizada o primeiro s\u00edtio dos A\u00e7ores a ser elevado a categoria de cidade, a capital da ilha, Angra do Hero\u00edsmo. &hellip; <a href=\"https:\/\/picosdeaventura.com\/pt\/2021\/10\/15\/a-ilha-terceira-e-os-seus-encantos\/\">Read More<\/a><\/p>\n                <\/div>\n\t\t\t\t<div class=\"date-meta\">\n    <i class=\"xs-icon fa fa-calendar-o\"><\/i>\n    <time class=\"published\" datetime=\"2021-10-15T09:33:33+00:00\">15 de Outubro, 2021<\/time>\n    <span class=\"is-sticky\">Featured Post<\/span>\n<\/div><\/div>\n\t\t\t\t\t\t<\/div>\n\n\t\t\t\t\t\n\t\t\t\t\t\t\n\t\t\t\t\t\t<div class=\"mas-blog-post col-sm-6 col-md-4 post-2335 post type-post status-publish format-standard has-post-thumbnail sticky hentry category-sem-categoria\">\n\t\t\t\t\t\t\t    \t\t<a href=\"https:\/\/picosdeaventura.com\/pt\/2021\/09\/30\/os-miradouros-da-ilha-verde\/\">\n\t\t\t<img loading=\"lazy\" decoding=\"async\" width=\"394\" height=\"222\" src=\"https:\/\/picosdeaventura.com\/wp-content\/uploads\/2021\/09\/blog-picos-de-aventura-miradouros-ilha-verde-394x222.jpg\" class=\"img-responsive wp-post-image\" alt=\"Artigos Os Miradouros Ilha Verde\" srcset=\"https:\/\/picosdeaventura.com\/wp-content\/uploads\/2021\/09\/blog-picos-de-aventura-miradouros-ilha-verde-394x222.jpg 394w, https:\/\/picosdeaventura.com\/wp-content\/uploads\/2021\/09\/blog-picos-de-aventura-miradouros-ilha-verde-300x169.jpg 300w, https:\/\/picosdeaventura.com\/wp-content\/uploads\/2021\/09\/blog-picos-de-aventura-miradouros-ilha-verde-1024x576.jpg 1024w, https:\/\/picosdeaventura.com\/wp-content\/uploads\/2021\/09\/blog-picos-de-aventura-miradouros-ilha-verde-768x432.jpg 768w, https:\/\/picosdeaventura.com\/wp-content\/uploads\/2021\/09\/blog-picos-de-aventura-miradouros-ilha-verde-18x10.jpg 18w, https:\/\/picosdeaventura.com\/wp-content\/uploads\/2021\/09\/blog-picos-de-aventura-miradouros-ilha-verde-71x40.jpg 71w, https:\/\/picosdeaventura.com\/wp-content\/uploads\/2021\/09\/blog-picos-de-aventura-miradouros-ilha-verde-142x80.jpg 142w, https:\/\/picosdeaventura.com\/wp-content\/uploads\/2021\/09\/blog-picos-de-aventura-miradouros-ilha-verde-915x515.jpg 915w, https:\/\/picosdeaventura.com\/wp-content\/uploads\/2021\/09\/blog-picos-de-aventura-miradouros-ilha-verde.jpg 1200w\" sizes=\"auto, (max-width: 394px) 100vw, 394px\" title=\"\">    \t<\/a>\n    <div class=\"post-inner\">\n\n        <h3 class=\"post-title\"><a href=\"https:\/\/picosdeaventura.com\/pt\/2021\/09\/30\/os-miradouros-da-ilha-verde\/\">Os miradouros mais belos da Ilha Verde<\/a><\/h3>\n    \t<div class=\"post-meta\">\n\t<span class=\"show-author\">Posted by <a href=\"https:\/\/picosdeaventura.com\/pt\/author\/admin\/\" title=\"Artigos de admin\" rel=\"author\">admin<\/a><\/span> <span class=\"show-comments\"><\/span>\n<\/div>\n\t            \t<div class=\"entry-content post-excerpt\">\n\t\t\t\t\t<p>A ilha de S\u00e3o Miguel, a maior do Arquip\u00e9lago dos A\u00e7ores, \u00e9 um verdadeiro para\u00edso de belas paisagens de cortar a respira\u00e7\u00e3o que se unem, harmoniosamente, com o azul do mar. As suas paisagens, de origens vulc\u00e2nicas, distinguem-se pelos tons de verde impressionantes e pela sua beleza natural \u00fanica. Uma forma simples e sublime de apreciar as maravilhas da M\u00e3e Natureza \u00e9 contempl\u00e1-las pelos v\u00e1rios miradouros espalhados um pouco por toda a Ilha. Partilhamos cinco que o v\u00e3o deixar surpreendido. &hellip; <a href=\"https:\/\/picosdeaventura.com\/pt\/2021\/09\/30\/os-miradouros-da-ilha-verde\/\">Read More<\/a><\/p>\n                <\/div>\n\t\t\t\t<div class=\"date-meta\">\n    <i class=\"xs-icon fa fa-calendar-o\"><\/i>\n    <time class=\"published\" datetime=\"2021-09-30T15:15:41+00:00\">30 de Setembro, 2021<\/time>\n    <span class=\"is-sticky\">Featured Post<\/span>\n<\/div><\/div>\n\t\t\t\t\t\t<\/div>\n\n\t\t\t\t\t\n                    \n\t\t\t\t<\/div>\n                                \t<div class=\"row\">\n                        <nav class=\"post-nav\">\n                            <ul class=\"pager\">\n                                                                <li class=\"previous\"><a href=\"https:\/\/picosdeaventura.com\/pt\/wp-json\/wp\/v2\/pages\/52\/page\/2\/\">&larr; Older posts<\/a><\/li>\n                                <li class=\"next\"><\/li>\n                                                           <\/ul>\n                        <\/nav>\n                    <\/div>\n                \n\t\t\t<\/section>\n\t\t\t\t\t<\/div>\n\t\t\t\t<\/div>\n\t\t\t\t<div class=\"elementor-element elementor-element-48r7spq elementor-widget elementor-widget-spacer\" data-id=\"48r7spq\" data-element_type=\"widget\" data-widget_type=\"spacer.default\">\n\t\t\t\t<div class=\"elementor-widget-container\">\n\t\t\t\t\t<div class=\"elementor-spacer\">\n\t\t\t<div class=\"elementor-spacer-inner\"><\/div>\n\t\t<\/div>\n\t\t\t\t<\/div>\n\t\t\t\t<\/div>\n\t\t\t\t\t\t<\/div>\n\t\t\t\t\t<\/div>\n\t\t<\/div>\n\t\t\t\t\t\t\t\t<\/div>\n\t\t\t\t\t<\/div>\n\t\t<\/section>\n\t\t\t\t\t\t\t\t\t<\/div>\n\t\t\t<\/div>\n\t\t\t\t\t<\/div>\n\t\t","protected":false},"excerpt":{"rendered":"<p>Azores Wild Adventures 3 trilhos para apreciar a natureza dos A\u00e7ores Posted by admin | No Comments rdejantes e moldadas por vulc\u00f5es dos A\u00e7ores? Conhe\u00e7a os tr\u00eas trilhos que n\u00e3o pode perder na sua visita \u00e0 Ilha de S\u00e3o Miguel. &hellip; <a href=\"https:\/\/picosdeaventura.com\/pt\/2026\/04\/29\/festa-do-senhor-santo-cristo-dos-milagres\/\">Read More<\/a> &hellip; <a href=\"https:\/\/picosdeaventura.com\/pt\/2026\/04\/29\/festa-do-senhor-santo-cristo-dos-milagres\/\">Read More<\/a><\/p>\n","protected":false},"author":1,"featured_media":0,"parent":0,"menu_order":11,"comment_status":"closed","ping_status":"closed","template":"","meta":{"_monsterinsights_skip_tracking":false,"_monsterinsights_sitenote_active":false,"_monsterinsights_sitenote_note":"","_monsterinsights_sitenote_category":0,"footnotes":""},"class_list":["post-52","page","type-page","status-publish","hentry"],"_links":{"self":[{"href":"https:\/\/picosdeaventura.com\/pt\/wp-json\/wp\/v2\/pages\/52","targetHints":{"allow":["GET"]}}],"collection":[{"href":"https:\/\/picosdeaventura.com\/pt\/wp-json\/wp\/v2\/pages"}],"about":[{"href":"https:\/\/picosdeaventura.com\/pt\/wp-json\/wp\/v2\/types\/page"}],"author":[{"embeddable":true,"href":"https:\/\/picosdeaventura.com\/pt\/wp-json\/wp\/v2\/users\/1"}],"replies":[{"embeddable":true,"href":"https:\/\/picosdeaventura.com\/pt\/wp-json\/wp\/v2\/comments?post=52"}],"version-history":[{"count":20,"href":"https:\/\/picosdeaventura.com\/pt\/wp-json\/wp\/v2\/pages\/52\/revisions"}],"predecessor-version":[{"id":2753,"href":"https:\/\/picosdeaventura.com\/pt\/wp-json\/wp\/v2\/pages\/52\/revisions\/2753"}],"wp:attachment":[{"href":"https:\/\/picosdeaventura.com\/pt\/wp-json\/wp\/v2\/media?parent=52"}],"curies":[{"name":"wp","href":"https:\/\/api.w.org\/{rel}","templated":true}]}}